{"id":7177,"date":"2024-04-02T09:39:01","date_gmt":"2024-04-02T07:39:01","guid":{"rendered":"https:\/\/www.skeppsholmsgruppen.se\/servicios-personalizados\/conferencias-y-reuniones\/"},"modified":"2025-11-24T16:02:40","modified_gmt":"2025-11-24T15:02:40","slug":"conferencias-y-reuniones","status":"publish","type":"page","link":"https:\/\/www.skeppsholmsgruppen.se\/es\/servicios-personalizados\/conferencias-y-reuniones\/","title":{"rendered":"Conferencias y Reuniones"},"content":{"rendered":"\t\t<div data-elementor-type=\"wp-page\" data-elementor-id=\"7177\" class=\"elementor elementor-7177 elementor-1107\" data-elementor-post-type=\"page\">\n\t\t\t\t<div class=\"elementor-element elementor-element-2619da30 e-flex e-con-boxed e-con e-parent\" data-id=\"2619da30\" data-element_type=\"container\" data-e-type=\"container\" data-settings=\"{&quot;background_background&quot;:&quot;classic&quot;}\">\n\t\t\t\t\t<div class=\"e-con-inner\">\n\t\t\t\t<div class=\"elementor-element elementor-element-1321be10 elementor-widget__width-initial elementor-widget elementor-widget-heading\" data-id=\"1321be10\" data-element_type=\"widget\" data-e-type=\"widget\" data-widget_type=\"heading.default\">\n\t\t\t\t<div class=\"elementor-widget-container\">\n\t\t\t\t\t<h2 class=\"elementor-heading-title elementor-size-default\">Conferencias y reuniones en la isla, \u00a1en el coraz\u00f3n de Estocolmo!<\/h2>\t\t\t\t<\/div>\n\t\t\t\t<\/div>\n\t\t\t\t\t<\/div>\n\t\t\t\t<\/div>\n\t\t<div class=\"elementor-element elementor-element-41ffb4c8 e-flex e-con-boxed e-con e-parent\" data-id=\"41ffb4c8\" data-element_type=\"container\" data-e-type=\"container\" data-settings=\"{&quot;background_background&quot;:&quot;classic&quot;}\">\n\t\t\t\t\t<div class=\"e-con-inner\">\n\t\t<div class=\"elementor-element elementor-element-457dbfce e-flex e-con-boxed e-con e-child\" data-id=\"457dbfce\" data-element_type=\"container\" data-e-type=\"container\">\n\t\t\t\t\t<div class=\"e-con-inner\">\n\t\t\t\t<div class=\"elementor-element elementor-element-2fb52b79 elementor-widget elementor-widget-heading\" data-id=\"2fb52b79\" data-element_type=\"widget\" data-e-type=\"widget\" data-widget_type=\"heading.default\">\n\t\t\t\t<div class=\"elementor-widget-container\">\n\t\t\t\t\t<h2 class=\"elementor-heading-title elementor-size-default\">Planifica tu reuni\u00f3n con nosotros<\/h2>\t\t\t\t<\/div>\n\t\t\t\t<\/div>\n\t\t\t\t<div class=\"elementor-element elementor-element-1ff067c1 elementor-widget elementor-widget-heading\" data-id=\"1ff067c1\" data-element_type=\"widget\" data-e-type=\"widget\" data-widget_type=\"heading.default\">\n\t\t\t\t<div class=\"elementor-widget-container\">\n\t\t\t\t\t<h1 class=\"elementor-heading-title elementor-size-default\">Conferencias y reuniones\nen el centro de Estocolmo<\/h1>\t\t\t\t<\/div>\n\t\t\t\t<\/div>\n\t\t\t\t<div class=\"elementor-element elementor-element-321860ae elementor-widget__width-initial elementor-widget elementor-widget-text-editor\" data-id=\"321860ae\" data-element_type=\"widget\" data-e-type=\"widget\" data-widget_type=\"text-editor.default\">\n\t\t\t\t<div class=\"elementor-widget-container\">\n\t\t\t\t\t\t\t\t\t<div id=\"bgLayers_comp-lu2cger56\" class=\"MW5IWV\" data-hook=\"bgLayers\" data-motion-part=\"BG_LAYER\"><div id=\"bgMedia_comp-lu2cger56\" class=\"VgO9Yg\" data-motion-part=\"BG_MEDIA\">Re\u00fanete en la isla archipi\u00e9lago m\u00e1s cercana a Estocolmo, con el mar y una fant\u00e1stica vista de Estocolmo al otro lado de la ventana. Ofrecemos salas de reuniones inspiradoras para todo, desde la peque\u00f1a reuni\u00f3n creativa hasta la gran conferencia o asamblea general anual. Con un servicio personalizado, comida artesanal y actividades \u00fanicas como opciones, creamos algo nuevo en el \u00e1mbito de las reuniones de Estocolmo.  <\/div><\/div>\t\t\t\t\t\t\t\t<\/div>\n\t\t\t\t<\/div>\n\t\t\t\t<div class=\"elementor-element elementor-element-6fdd8355 elementor-align-center elementor-invisible elementor-widget elementor-widget-button\" data-id=\"6fdd8355\" data-element_type=\"widget\" data-e-type=\"widget\" data-settings=\"{&quot;_animation&quot;:&quot;fadeIn&quot;,&quot;_animation_delay&quot;:400}\" data-widget_type=\"button.default\">\n\t\t\t\t<div class=\"elementor-widget-container\">\n\t\t\t\t\t\t\t\t\t<div class=\"elementor-button-wrapper\">\n\t\t\t\t\t<a class=\"elementor-button elementor-button-link elementor-size-sm\" href=\"https:\/\/www.skeppsholmsgruppen.se\/es\/sobre-nosotros\/solicitud-de-presupuesto\/\">\n\t\t\t\t\t\t<span class=\"elementor-button-content-wrapper\">\n\t\t\t\t\t\t\t\t\t<span class=\"elementor-button-text\">Solicitar una reserva<\/span>\n\t\t\t\t\t<\/span>\n\t\t\t\t\t<\/a>\n\t\t\t\t<\/div>\n\t\t\t\t\t\t\t\t<\/div>\n\t\t\t\t<\/div>\n\t\t\t\t\t<\/div>\n\t\t\t\t<\/div>\n\t\t\t\t\t<\/div>\n\t\t\t\t<\/div>\n\t\t<div class=\"elementor-element elementor-element-69d488c7 e-flex e-con-boxed e-con e-parent\" data-id=\"69d488c7\" data-element_type=\"container\" data-e-type=\"container\" id=\"paket\" data-settings=\"{&quot;background_background&quot;:&quot;classic&quot;}\">\n\t\t\t\t\t<div class=\"e-con-inner\">\n\t\t<div class=\"elementor-element elementor-element-2ac39090 e-flex e-con-boxed e-con e-child\" data-id=\"2ac39090\" data-element_type=\"container\" data-e-type=\"container\">\n\t\t\t\t\t<div class=\"e-con-inner\">\n\t\t\t\t<div class=\"elementor-element elementor-element-7b4c922c animated-slow elementor-invisible elementor-widget elementor-widget-heading\" data-id=\"7b4c922c\" data-element_type=\"widget\" data-e-type=\"widget\" data-settings=\"{&quot;_animation&quot;:&quot;slideInUp&quot;}\" data-widget_type=\"heading.default\">\n\t\t\t\t<div class=\"elementor-widget-container\">\n\t\t\t\t\t<h2 class=\"elementor-heading-title elementor-size-default\">Salas de conferencias en entornos \u00fanicos - en el centro de Estocolmo<\/h2>\t\t\t\t<\/div>\n\t\t\t\t<\/div>\n\t\t\t\t<div class=\"elementor-element elementor-element-9967ff6 elementor-widget__width-initial elementor-widget elementor-widget-text-editor\" data-id=\"9967ff6\" data-element_type=\"widget\" data-e-type=\"widget\" data-widget_type=\"text-editor.default\">\n\t\t\t\t<div class=\"elementor-widget-container\">\n\t\t\t\t\t\t\t\t\t<div id=\"bgLayers_comp-lu2cger56\" class=\"MW5IWV\" data-hook=\"bgLayers\" data-motion-part=\"BG_LAYER\"><div id=\"bgMedia_comp-lu2cger56\" class=\"VgO9Yg\" data-motion-part=\"BG_MEDIA\"><p>Todas nuestras sedes incluyen una azafata de conferencias y la tecnolog\u00eda existente, con posibilidad de soluciones personalizadas, comidas y apoyo tecnol\u00f3gico.<\/p><\/div><\/div>\t\t\t\t\t\t\t\t<\/div>\n\t\t\t\t<\/div>\n\t\t\t\t<div class=\"elementor-element elementor-element-7aad76e elementor-widget__width-initial elementor-widget elementor-widget-text-editor\" data-id=\"7aad76e\" data-element_type=\"widget\" data-e-type=\"widget\" data-widget_type=\"text-editor.default\">\n\t\t\t\t<div class=\"elementor-widget-container\">\n\t\t\t\t\t\t\t\t\t<div id=\"bgLayers_comp-lu2cger56\" class=\"MW5IWV\" data-hook=\"bgLayers\" data-motion-part=\"BG_LAYER\"><div id=\"bgMedia_comp-lu2cger56\" class=\"VgO9Yg\" data-motion-part=\"BG_MEDIA\"><p>Media jornada 8h-12h o 12h-17h | Jornada completa 8h-12h   8-17<\/p><\/div><\/div>\t\t\t\t\t\t\t\t<\/div>\n\t\t\t\t<\/div>\n\t\t\t\t\t<\/div>\n\t\t\t\t<\/div>\n\t\t<div class=\"elementor-element elementor-element-1ca77627 e-con-full e-flex e-con e-child\" data-id=\"1ca77627\" data-element_type=\"container\" data-e-type=\"container\">\n\t\t<div class=\"elementor-element elementor-element-a089635 e-con-full e-flex e-con e-child\" data-id=\"a089635\" data-element_type=\"container\" data-e-type=\"container\">\n\t\t\t\t<div class=\"elementor-element elementor-element-131aac5 elementor-widget elementor-widget-heading\" data-id=\"131aac5\" data-element_type=\"widget\" data-e-type=\"widget\" data-widget_type=\"heading.default\">\n\t\t\t\t<div class=\"elementor-widget-container\">\n\t\t\t\t\t<h3 class=\"elementor-heading-title elementor-size-default\">Ministerio de Minas<br><br><\/h3>\t\t\t\t<\/div>\n\t\t\t\t<\/div>\n\t\t\t\t<div class=\"elementor-element elementor-element-87e6d86 elementor-position-top elementor-widget elementor-widget-image-box\" data-id=\"87e6d86\" data-element_type=\"widget\" data-e-type=\"widget\" data-widget_type=\"image-box.default\">\n\t\t\t\t<div class=\"elementor-widget-container\">\n\t\t\t\t\t<div class=\"elementor-image-box-wrapper\"><figure class=\"elementor-image-box-img\"><img decoding=\"async\" data-src=\"https:\/\/www.skeppsholmsgruppen.se\/wp-content\/uploads\/2024\/05\/Konferens-Mindepartementet.png\" title=\"Konferens Mindepartementet\" alt=\"Konferens Mindepartementet\" src=\"data:image\/svg+xml;base64,PHN2ZyB3aWR0aD0iMSIgaGVpZ2h0PSIxIiB4bWxucz0iaHR0cDovL3d3dy53My5vcmcvMjAwMC9zdmciPjwvc3ZnPg==\" class=\"lazyload\" style=\"--smush-placeholder-width: 800px; --smush-placeholder-aspect-ratio: 800\/500;\" \/><\/figure><div class=\"elementor-image-box-content\"><h3 class=\"elementor-image-box-title\">Medio d\u00eda: 12 000 SEK<br>D\u00eda completo: 18 000 SEK<\/h3><\/div><\/div>\t\t\t\t<\/div>\n\t\t\t\t<\/div>\n\t\t\t\t<div class=\"elementor-element elementor-element-ff0d52d elementor-widget elementor-widget-text-editor\" data-id=\"ff0d52d\" data-element_type=\"widget\" data-e-type=\"widget\" data-widget_type=\"text-editor.default\">\n\t\t\t\t<div class=\"elementor-widget-container\">\n\t\t\t\t\t\t\t\t\t<p>Un local industrial de la d\u00e9cada de 1880, bellamente renovado, con car\u00e1cter y luminoso. Con amplias zonas para mezclarse y agradables pausas para el caf\u00e9, una terraza privada junto al muelle y vistas a Strandv\u00e4gen, este lugar de reuni\u00f3n ser\u00e1 un oasis creativo e inspirador para tu reuni\u00f3n. <\/p>\t\t\t\t\t\t\t\t<\/div>\n\t\t\t\t<\/div>\n\t\t\t\t<div class=\"elementor-element elementor-element-4a3aa23 elementor-widget elementor-widget-text-editor\" data-id=\"4a3aa23\" data-element_type=\"widget\" data-e-type=\"widget\" data-widget_type=\"text-editor.default\">\n\t\t\t\t<div class=\"elementor-widget-container\">\n\t\t\t\t\t\t\t\t\t<ul><li>Proyector<\/li><li>Sistema de sonido m\u00e1s sencillo<\/li><\/ul>\t\t\t\t\t\t\t\t<\/div>\n\t\t\t\t<\/div>\n\t\t\t\t<div class=\"elementor-element elementor-element-efd7c52 elementor-widget elementor-widget-text-editor\" data-id=\"efd7c52\" data-element_type=\"widget\" data-e-type=\"widget\" data-widget_type=\"text-editor.default\">\n\t\t\t\t<div class=\"elementor-widget-container\">\n\t\t\t\t\t\t\t\t\t<p><strong>Opciones de asientos:<\/strong><br>Asientos en U: 30 p Asientos escolares: 40 p Asientos de cine: 90 p<\/p>\t\t\t\t\t\t\t\t<\/div>\n\t\t\t\t<\/div>\n\t\t\t\t<\/div>\n\t\t<div class=\"elementor-element elementor-element-de2c154 e-con-full e-flex e-con e-child\" data-id=\"de2c154\" data-element_type=\"container\" data-e-type=\"container\">\n\t\t\t\t<div class=\"elementor-element elementor-element-78ea9cf elementor-widget elementor-widget-heading\" data-id=\"78ea9cf\" data-element_type=\"widget\" data-e-type=\"widget\" data-widget_type=\"heading.default\">\n\t\t\t\t<div class=\"elementor-widget-container\">\n\t\t\t\t\t<h3 class=\"elementor-heading-title elementor-size-default\">Planta superior del Ministerio de Minas<\/h3>\t\t\t\t<\/div>\n\t\t\t\t<\/div>\n\t\t\t\t<div class=\"elementor-element elementor-element-9ae2647 elementor-position-top elementor-widget elementor-widget-image-box\" data-id=\"9ae2647\" data-element_type=\"widget\" data-e-type=\"widget\" data-widget_type=\"image-box.default\">\n\t\t\t\t<div class=\"elementor-widget-container\">\n\t\t\t\t\t<div class=\"elementor-image-box-wrapper\"><figure class=\"elementor-image-box-img\"><img decoding=\"async\" data-src=\"https:\/\/www.skeppsholmsgruppen.se\/wp-content\/uploads\/elementor\/thumbs\/Mindepartementet-rbay63ux2evdc4939rzaby8vywqh0oc19yidyij8g8.png\" title=\"Mindepartementet.png\" alt=\"Mindepartementet.png\" src=\"data:image\/svg+xml;base64,PHN2ZyB3aWR0aD0iMSIgaGVpZ2h0PSIxIiB4bWxucz0iaHR0cDovL3d3dy53My5vcmcvMjAwMC9zdmciPjwvc3ZnPg==\" class=\"lazyload\" style=\"--smush-placeholder-width: 800px; --smush-placeholder-aspect-ratio: 800\/500;\" \/><\/figure><div class=\"elementor-image-box-content\"><h3 class=\"elementor-image-box-title\">Medio d\u00eda: 8 500 kr<br>D\u00eda completo: 13 500 kr<\/h3><\/div><\/div>\t\t\t\t<\/div>\n\t\t\t\t<\/div>\n\t\t\t\t<div class=\"elementor-element elementor-element-f6db8d5 elementor-widget elementor-widget-text-editor\" data-id=\"f6db8d5\" data-element_type=\"widget\" data-e-type=\"widget\" data-widget_type=\"text-editor.default\">\n\t\t\t\t<div class=\"elementor-widget-container\">\n\t\t\t\t\t\t\t\t\t<p>Un lugar encantador con el mismo aire hist\u00f3rico.<br>Una sala amplia con espacios abiertos y vistas al agua.<\/p>\t\t\t\t\t\t\t\t<\/div>\n\t\t\t\t<\/div>\n\t\t\t\t<div class=\"elementor-element elementor-element-59717b6 elementor-widget elementor-widget-text-editor\" data-id=\"59717b6\" data-element_type=\"widget\" data-e-type=\"widget\" data-widget_type=\"text-editor.default\">\n\t\t\t\t<div class=\"elementor-widget-container\">\n\t\t\t\t\t\t\t\t\t<ul><li>Pizarra y pantalla<\/li><li>Mejora disponible previa solicitud<\/li><\/ul>\t\t\t\t\t\t\t\t<\/div>\n\t\t\t\t<\/div>\n\t\t\t\t<div class=\"elementor-element elementor-element-44c87fa elementor-widget elementor-widget-text-editor\" data-id=\"44c87fa\" data-element_type=\"widget\" data-e-type=\"widget\" data-widget_type=\"text-editor.default\">\n\t\t\t\t<div class=\"elementor-widget-container\">\n\t\t\t\t\t\t\t\t\t<p><strong>Opciones de asientos:<\/strong><br>Asientos en U: 12 p Asientos escolares: 24 p Asientos de cine: 25 p<\/p>\t\t\t\t\t\t\t\t<\/div>\n\t\t\t\t<\/div>\n\t\t\t\t<\/div>\n\t\t<div class=\"elementor-element elementor-element-7caa5bb e-con-full e-flex e-con e-child\" data-id=\"7caa5bb\" data-element_type=\"container\" data-e-type=\"container\">\n\t\t\t\t<div class=\"elementor-element elementor-element-638aca0 elementor-widget elementor-widget-heading\" data-id=\"638aca0\" data-element_type=\"widget\" data-e-type=\"widget\" data-widget_type=\"heading.default\">\n\t\t\t\t<div class=\"elementor-widget-container\">\n\t\t\t\t\t<h3 class=\"elementor-heading-title elementor-size-default\">La vicar\u00eda<br><br><\/h3>\t\t\t\t<\/div>\n\t\t\t\t<\/div>\n\t\t\t\t<div class=\"elementor-element elementor-element-60b586f elementor-position-top elementor-widget elementor-widget-image-box\" data-id=\"60b586f\" data-element_type=\"widget\" data-e-type=\"widget\" data-widget_type=\"image-box.default\">\n\t\t\t\t<div class=\"elementor-widget-container\">\n\t\t\t\t\t<div class=\"elementor-image-box-wrapper\"><figure class=\"elementor-image-box-img\"><img decoding=\"async\" data-src=\"https:\/\/www.skeppsholmsgruppen.se\/wp-content\/uploads\/elementor\/thumbs\/prastgarden-r5siz8fg7l8ijw1x462h735rswdf1rbafie6x0mlqg.webp\" title=\"pr\u00e4stg\u00e5rden\" alt=\"m\u00f6teslokal Skeppsholmen\" src=\"data:image\/svg+xml;base64,PHN2ZyB3aWR0aD0iMSIgaGVpZ2h0PSIxIiB4bWxucz0iaHR0cDovL3d3dy53My5vcmcvMjAwMC9zdmciPjwvc3ZnPg==\" class=\"lazyload\" style=\"--smush-placeholder-width: 800px; --smush-placeholder-aspect-ratio: 800\/500;\" \/><\/figure><div class=\"elementor-image-box-content\"><h3 class=\"elementor-image-box-title\">Medio d\u00eda: 12.000 SEK<br>D\u00eda completo: 18.700 SEK<\/h3><\/div><\/div>\t\t\t\t<\/div>\n\t\t\t\t<\/div>\n\t\t\t\t<div class=\"elementor-element elementor-element-71e098e elementor-widget elementor-widget-text-editor\" data-id=\"71e098e\" data-element_type=\"widget\" data-e-type=\"widget\" data-widget_type=\"text-editor.default\">\n\t\t\t\t<div class=\"elementor-widget-container\">\n\t\t\t\t\t\t\t\t\t<p>Una exclusiva sala de reuniones dise\u00f1ada por \u00c5ke Axelsson y Jonas Bohlin. El suelo de madera, los techos altos y las vistas a trav\u00e9s de los numerosos arcos de las ventanas la convierten en un lugar de reuni\u00f3n \u00fanico. En verano se sirve caf\u00e9 en el frondoso jard\u00edn.  <\/p>\t\t\t\t\t\t\t\t<\/div>\n\t\t\t\t<\/div>\n\t\t\t\t<div class=\"elementor-element elementor-element-ea86a3f elementor-widget elementor-widget-text-editor\" data-id=\"ea86a3f\" data-element_type=\"widget\" data-e-type=\"widget\" data-widget_type=\"text-editor.default\">\n\t\t\t\t<div class=\"elementor-widget-container\">\n\t\t\t\t\t\t\t\t\t<ul><li><p>Yealink MeetingBoard 65 &#8211; moderna soluci\u00f3n todo en uno<\/p><\/li><\/ul>\t\t\t\t\t\t\t\t<\/div>\n\t\t\t\t<\/div>\n\t\t\t\t<div class=\"elementor-element elementor-element-f9dca4c elementor-widget elementor-widget-text-editor\" data-id=\"f9dca4c\" data-element_type=\"widget\" data-e-type=\"widget\" data-widget_type=\"text-editor.default\">\n\t\t\t\t<div class=\"elementor-widget-container\">\n\t\t\t\t\t\t\t\t\t<p><strong>Opciones de asientos:<\/strong><br>Asientos en U: 16 p Asientos escolares 40 p<\/p>\t\t\t\t\t\t\t\t<\/div>\n\t\t\t\t<\/div>\n\t\t\t\t<\/div>\n\t\t<div class=\"elementor-element elementor-element-3614071 e-con-full e-flex e-con e-child\" data-id=\"3614071\" data-element_type=\"container\" data-e-type=\"container\">\n\t\t\t\t<div class=\"elementor-element elementor-element-4d4c63c elementor-widget elementor-widget-heading\" data-id=\"4d4c63c\" data-element_type=\"widget\" data-e-type=\"widget\" data-widget_type=\"heading.default\">\n\t\t\t\t<div class=\"elementor-widget-container\">\n\t\t\t\t\t<h3 class=\"elementor-heading-title elementor-size-default\">Beijing<br><br><\/h3>\t\t\t\t<\/div>\n\t\t\t\t<\/div>\n\t\t\t\t<div class=\"elementor-element elementor-element-8f1dc5e elementor-position-top elementor-widget elementor-widget-image-box\" data-id=\"8f1dc5e\" data-element_type=\"widget\" data-e-type=\"widget\" data-widget_type=\"image-box.default\">\n\t\t\t\t<div class=\"elementor-widget-container\">\n\t\t\t\t\t<div class=\"elementor-image-box-wrapper\"><figure class=\"elementor-image-box-img\"><img decoding=\"async\" data-src=\"https:\/\/www.skeppsholmsgruppen.se\/wp-content\/uploads\/2024\/05\/Konferens-Beijing.png\" title=\"Konferens Beijing\" alt=\"Konferens Beijing\" src=\"data:image\/svg+xml;base64,PHN2ZyB3aWR0aD0iMSIgaGVpZ2h0PSIxIiB4bWxucz0iaHR0cDovL3d3dy53My5vcmcvMjAwMC9zdmciPjwvc3ZnPg==\" class=\"lazyload\" style=\"--smush-placeholder-width: 800px; --smush-placeholder-aspect-ratio: 800\/500;\" \/><\/figure><div class=\"elementor-image-box-content\"><h3 class=\"elementor-image-box-title\">Medio d\u00eda: 18 000 SEK<br>D\u00eda completo: 31 000 SEK<\/h3><\/div><\/div>\t\t\t\t<\/div>\n\t\t\t\t<\/div>\n\t\t\t\t<div class=\"elementor-element elementor-element-a6550df elementor-widget elementor-widget-text-editor\" data-id=\"a6550df\" data-element_type=\"widget\" data-e-type=\"widget\" data-widget_type=\"text-editor.default\">\n\t\t\t\t<div class=\"elementor-widget-container\">\n\t\t\t\t\t\t\t\t\t<p>Un local luminoso, elegante y flexible de estilo asi\u00e1tico dentro del antiguo e hist\u00f3rico Tyghuset, en Skeppsholmen. Perfecto para grandes conferencias, reuniones de amigos o reuniones anuales. <\/p>\t\t\t\t\t\t\t\t<\/div>\n\t\t\t\t<\/div>\n\t\t\t\t<div class=\"elementor-element elementor-element-d0efe22 elementor-widget elementor-widget-text-editor\" data-id=\"d0efe22\" data-element_type=\"widget\" data-e-type=\"widget\" data-widget_type=\"text-editor.default\">\n\t\t\t\t<div class=\"elementor-widget-container\">\n\t\t\t\t\t\t\t\t\t<ul><li>Moderna tecnolog\u00eda de conferencias<\/li><li>T\u00e9cnico adicional: 950 SEK\/hora<\/li><\/ul>\t\t\t\t\t\t\t\t<\/div>\n\t\t\t\t<\/div>\n\t\t\t\t<div class=\"elementor-element elementor-element-037549c elementor-widget elementor-widget-text-editor\" data-id=\"037549c\" data-element_type=\"widget\" data-e-type=\"widget\" data-widget_type=\"text-editor.default\">\n\t\t\t\t<div class=\"elementor-widget-container\">\n\t\t\t\t\t\t\t\t\t<p><strong>Opciones de asientos:<\/strong><br>Asientos en U: 30p Asientos escolares: 40p Asientos de cine: 85p Islas: 72p Dos mesas largas: 76p<\/p>\t\t\t\t\t\t\t\t<\/div>\n\t\t\t\t<\/div>\n\t\t\t\t<\/div>\n\t\t<div class=\"elementor-element elementor-element-2566a63d e-con-full e-flex e-con e-child\" data-id=\"2566a63d\" data-element_type=\"container\" data-e-type=\"container\">\n\t\t\t\t<div class=\"elementor-element elementor-element-39fd97ab elementor-widget elementor-widget-heading\" data-id=\"39fd97ab\" data-element_type=\"widget\" data-e-type=\"widget\" data-widget_type=\"heading.default\">\n\t\t\t\t<div class=\"elementor-widget-container\">\n\t\t\t\t\t<h3 class=\"elementor-heading-title elementor-size-default\">Sala Eric Ericson<br><br><\/h3>\t\t\t\t<\/div>\n\t\t\t\t<\/div>\n\t\t\t\t<div class=\"elementor-element elementor-element-67eccba0 elementor-position-top elementor-widget elementor-widget-image-box\" data-id=\"67eccba0\" data-element_type=\"widget\" data-e-type=\"widget\" data-widget_type=\"image-box.default\">\n\t\t\t\t<div class=\"elementor-widget-container\">\n\t\t\t\t\t<div class=\"elementor-image-box-wrapper\"><figure class=\"elementor-image-box-img\"><img decoding=\"async\" data-src=\"https:\/\/www.skeppsholmsgruppen.se\/wp-content\/uploads\/2024\/05\/Konferens-Eric-Ericsonhallen.png\" title=\"Konferens Eric Ericsonhallen\" alt=\"Konferens Eric Ericsonhallen\" src=\"data:image\/svg+xml;base64,PHN2ZyB3aWR0aD0iMSIgaGVpZ2h0PSIxIiB4bWxucz0iaHR0cDovL3d3dy53My5vcmcvMjAwMC9zdmciPjwvc3ZnPg==\" class=\"lazyload\" style=\"--smush-placeholder-width: 800px; --smush-placeholder-aspect-ratio: 800\/500;\" \/><\/figure><div class=\"elementor-image-box-content\"><h3 class=\"elementor-image-box-title\">Medio d\u00eda: 55 000 SEK<br>D\u00eda completo: 90 000 SEK<\/h3><\/div><\/div>\t\t\t\t<\/div>\n\t\t\t\t<\/div>\n\t\t\t\t<div class=\"elementor-element elementor-element-d1f78b2 elementor-widget elementor-widget-text-editor\" data-id=\"d1f78b2\" data-element_type=\"widget\" data-e-type=\"widget\" data-widget_type=\"text-editor.default\">\n\t\t\t\t<div class=\"elementor-widget-container\">\n\t\t\t\t\t\t\t\t\t<p>Eric Ericsonhallen es el lugar ideal para grandes reuniones, lanzamientos impactantes y jornadas inspiradoras. Aqu\u00ed, el mobiliario y el escenario pueden variar de muchas maneras, y la tecnolog\u00eda puede personalizarse y adaptarse como se desee. <\/p>\t\t\t\t\t\t\t\t<\/div>\n\t\t\t\t<\/div>\n\t\t\t\t<div class=\"elementor-element elementor-element-627bbe71 elementor-widget elementor-widget-text-editor\" data-id=\"627bbe71\" data-element_type=\"widget\" data-e-type=\"widget\" data-widget_type=\"text-editor.default\">\n\t\t\t\t<div class=\"elementor-widget-container\">\n\t\t\t\t\t\t\t\t\t<ul><li><p>Tecnolog\u00eda a la carta<\/p><\/li><li><p>Paquete b\u00e1sico de conferencias sobre tecnolog\u00eda: A partir de 22.000 SEK<\/p><\/li><li><p>T\u00e9cnico adicional: 950 SEK\/hora<\/p><\/li><\/ul>\t\t\t\t\t\t\t\t<\/div>\n\t\t\t\t<\/div>\n\t\t\t\t<div class=\"elementor-element elementor-element-ecf3d0c elementor-widget elementor-widget-text-editor\" data-id=\"ecf3d0c\" data-element_type=\"widget\" data-e-type=\"widget\" data-widget_type=\"text-editor.default\">\n\t\t\t\t<div class=\"elementor-widget-container\">\n\t\t\t\t\t\t\t\t\t<p><strong>Aforo:<\/strong><br>Aforo Cabaret: 300 p Aforo Escuela: 300 p Aforo Cine: 430 p<\/p>\t\t\t\t\t\t\t\t<\/div>\n\t\t\t\t<\/div>\n\t\t\t\t<\/div>\n\t\t<div class=\"elementor-element elementor-element-c3de881 e-con-full e-flex e-con e-child\" data-id=\"c3de881\" data-element_type=\"container\" data-e-type=\"container\">\n\t\t\t\t<div class=\"elementor-element elementor-element-21f9503 elementor-widget elementor-widget-heading\" data-id=\"21f9503\" data-element_type=\"widget\" data-e-type=\"widget\" data-widget_type=\"heading.default\">\n\t\t\t\t<div class=\"elementor-widget-container\">\n\t\t\t\t\t<h3 class=\"elementor-heading-title elementor-size-default\">Moderna Museet - Auditorio  <\/h3>\t\t\t\t<\/div>\n\t\t\t\t<\/div>\n\t\t\t\t<div class=\"elementor-element elementor-element-505a936 elementor-position-top elementor-widget elementor-widget-image-box\" data-id=\"505a936\" data-element_type=\"widget\" data-e-type=\"widget\" data-widget_type=\"image-box.default\">\n\t\t\t\t<div class=\"elementor-widget-container\">\n\t\t\t\t\t<div class=\"elementor-image-box-wrapper\"><figure class=\"elementor-image-box-img\"><img decoding=\"async\" data-src=\"https:\/\/www.skeppsholmsgruppen.se\/wp-content\/uploads\/elementor\/thumbs\/auditoriet_2020_f_asa-lunden-980x679-1-rbayfvek2g8lya2g8zxr8hja50lqzh3naahzg01zt4.jpg\" title=\"auditoriet_2020_f_asa-lunden-980&#215;679\" alt=\"Auditoriet p\u00e5 Moderna museet foto \u00c5sa Lunden\" src=\"data:image\/svg+xml;base64,PHN2ZyB3aWR0aD0iMSIgaGVpZ2h0PSIxIiB4bWxucz0iaHR0cDovL3d3dy53My5vcmcvMjAwMC9zdmciPjwvc3ZnPg==\" class=\"lazyload\" style=\"--smush-placeholder-width: 800px; --smush-placeholder-aspect-ratio: 800\/500;\" \/><\/figure><div class=\"elementor-image-box-content\"><h3 class=\"elementor-image-box-title\">Media jornada: Ma\u00f1ana 35 000 SEK<br>Media jornada: Tarde 40 000 SEK<br>Jornada completa: 50 000 SEK<\/h3><\/div><\/div>\t\t\t\t<\/div>\n\t\t\t\t<\/div>\n\t\t\t\t<div class=\"elementor-element elementor-element-f2cb590 elementor-widget elementor-widget-text-editor\" data-id=\"f2cb590\" data-element_type=\"widget\" data-e-type=\"widget\" data-widget_type=\"text-editor.default\">\n\t\t\t\t<div class=\"elementor-widget-container\">\n\t\t\t\t\t\t\t\t\t<p>El Auditorio es la sala m\u00e1s grande del Moderna Museet. Aqu\u00ed puedes organizar conferencias, reuniones generales, proyecciones de pel\u00edculas y otros actos, con posibilidad de retransmisi\u00f3n en directo y grabaci\u00f3n de v\u00eddeo. El escenario de 180 m\u00b2 es flexible y f\u00e1cil de personalizar, y la carga y descarga se realiza sin problemas. El vest\u00edbulo es ideal para la inscripci\u00f3n, las pausas para el caf\u00e9 o para mezclarse, y hay un camerino justo al lado del escenario.   <\/p>\t\t\t\t\t\t\t\t<\/div>\n\t\t\t\t<\/div>\n\t\t\t\t<div class=\"elementor-element elementor-element-13f2ed6 elementor-widget elementor-widget-text-editor\" data-id=\"13f2ed6\" data-element_type=\"widget\" data-e-type=\"widget\" data-widget_type=\"text-editor.default\">\n\t\t\t\t<div class=\"elementor-widget-container\">\n\t\t\t\t\t\t\t\t\t<ul><li><p>Moderna tecnolog\u00eda de conferencias<\/p><\/li><li><p>T\u00e9cnico adicional: 950 SEK\/hora<\/p><\/li><\/ul>\t\t\t\t\t\t\t\t<\/div>\n\t\t\t\t<\/div>\n\t\t\t\t<div class=\"elementor-element elementor-element-bc3e72b elementor-widget elementor-widget-text-editor\" data-id=\"bc3e72b\" data-element_type=\"widget\" data-e-type=\"widget\" data-widget_type=\"text-editor.default\">\n\t\t\t\t<div class=\"elementor-widget-container\">\n\t\t\t\t\t\t\t\t\t<p><strong>Opciones de aforo:<\/strong><br>Hasta 300 personas en butacas de cine.<\/p>\t\t\t\t\t\t\t\t<\/div>\n\t\t\t\t<\/div>\n\t\t\t\t<\/div>\n\t\t<div class=\"elementor-element elementor-element-8087cb5 e-con-full e-flex e-con e-child\" data-id=\"8087cb5\" data-element_type=\"container\" data-e-type=\"container\">\n\t\t\t\t<div class=\"elementor-element elementor-element-d40489a elementor-widget elementor-widget-heading\" data-id=\"d40489a\" data-element_type=\"widget\" data-e-type=\"widget\" data-widget_type=\"heading.default\">\n\t\t\t\t<div class=\"elementor-widget-container\">\n\t\t\t\t\t<h3 class=\"elementor-heading-title elementor-size-default\">Moderna Museet - El cine  <\/h3>\t\t\t\t<\/div>\n\t\t\t\t<\/div>\n\t\t\t\t<div class=\"elementor-element elementor-element-c0ea612 elementor-position-top elementor-widget elementor-widget-image-box\" data-id=\"c0ea612\" data-element_type=\"widget\" data-e-type=\"widget\" data-widget_type=\"image-box.default\">\n\t\t\t\t<div class=\"elementor-widget-container\">\n\t\t\t\t\t<div class=\"elementor-image-box-wrapper\"><figure class=\"elementor-image-box-img\"><img decoding=\"async\" data-src=\"https:\/\/www.skeppsholmsgruppen.se\/wp-content\/uploads\/elementor\/thumbs\/bion_f_asa-lunden-980x674-1-rbayg1zfeahm7jsw6ks57xviappbhctrn72dsxs8lk.jpg\" title=\"bion_f_asa-lunden-980&#215;674\" alt=\"M\u00f6teslokal p\u00e5 moderna museet\" src=\"data:image\/svg+xml;base64,PHN2ZyB3aWR0aD0iMSIgaGVpZ2h0PSIxIiB4bWxucz0iaHR0cDovL3d3dy53My5vcmcvMjAwMC9zdmciPjwvc3ZnPg==\" class=\"lazyload\" style=\"--smush-placeholder-width: 800px; --smush-placeholder-aspect-ratio: 800\/500;\" \/><\/figure><div class=\"elementor-image-box-content\"><h3 class=\"elementor-image-box-title\">Media jornada: Ma\u00f1ana 10 000 SEK<br>Media jornada: Tarde 12 000 SEK <br>Jornada completa: 18 000 SEK<\/h3><\/div><\/div>\t\t\t\t<\/div>\n\t\t\t\t<\/div>\n\t\t\t\t<div class=\"elementor-element elementor-element-b461ad4 elementor-widget elementor-widget-text-editor\" data-id=\"b461ad4\" data-element_type=\"widget\" data-e-type=\"widget\" data-widget_type=\"text-editor.default\">\n\t\t\t\t<div class=\"elementor-widget-container\">\n\t\t\t\t\t\t\t\t\t<p>Una \u00edntima y c\u00f3moda sala de cine totalmente equipada, ideal para conferencias, proyecciones de pel\u00edculas o reuniones generales.<\/p>\t\t\t\t\t\t\t\t<\/div>\n\t\t\t\t<\/div>\n\t\t\t\t<div class=\"elementor-element elementor-element-913e05c elementor-widget elementor-widget-text-editor\" data-id=\"913e05c\" data-element_type=\"widget\" data-e-type=\"widget\" data-widget_type=\"text-editor.default\">\n\t\t\t\t<div class=\"elementor-widget-container\">\n\t\t\t\t\t\t\t\t\t<ul><li><p>Moderna tecnolog\u00eda de conferencias<\/p><\/li><li><p>T\u00e9cnico adicional: 950 SEK\/hora<\/p><\/li><\/ul>\t\t\t\t\t\t\t\t<\/div>\n\t\t\t\t<\/div>\n\t\t\t\t<div class=\"elementor-element elementor-element-63ac868 elementor-widget elementor-widget-text-editor\" data-id=\"63ac868\" data-element_type=\"widget\" data-e-type=\"widget\" data-widget_type=\"text-editor.default\">\n\t\t\t\t<div class=\"elementor-widget-container\">\n\t\t\t\t\t\t\t\t\t<p><strong>Opciones de aforo:<\/strong><br>Hasta 90 personas en butacas de cine.<\/p>\t\t\t\t\t\t\t\t<\/div>\n\t\t\t\t<\/div>\n\t\t\t\t<\/div>\n\t\t<div class=\"elementor-element elementor-element-8209ec5 e-con-full e-flex e-con e-child\" data-id=\"8209ec5\" data-element_type=\"container\" data-e-type=\"container\">\n\t\t\t\t<div class=\"elementor-element elementor-element-7be4fcf elementor-widget elementor-widget-heading\" data-id=\"7be4fcf\" data-element_type=\"widget\" data-e-type=\"widget\" data-widget_type=\"heading.default\">\n\t\t\t\t<div class=\"elementor-widget-container\">\n\t\t\t\t\t<h3 class=\"elementor-heading-title elementor-size-default\">Moderna Museet - Taller 2<\/h3>\t\t\t\t<\/div>\n\t\t\t\t<\/div>\n\t\t\t\t<div class=\"elementor-element elementor-element-de273e4 elementor-position-top elementor-widget elementor-widget-image-box\" data-id=\"de273e4\" data-element_type=\"widget\" data-e-type=\"widget\" data-widget_type=\"image-box.default\">\n\t\t\t\t<div class=\"elementor-widget-container\">\n\t\t\t\t\t<div class=\"elementor-image-box-wrapper\"><figure class=\"elementor-image-box-img\"><img decoding=\"async\" data-src=\"https:\/\/www.skeppsholmsgruppen.se\/wp-content\/uploads\/elementor\/thumbs\/Verkstan-2-Foto-Asa-Lunden-rbayg8kaq4qmgtjc45mj7e7qgesvz8jw03ms5vihe0.jpg\" title=\"Verkstan 2 Foto \u00c5sa Lunden\" alt=\"M\u00f6teslokal p\u00e5 Moderna museet\" src=\"data:image\/svg+xml;base64,PHN2ZyB3aWR0aD0iMSIgaGVpZ2h0PSIxIiB4bWxucz0iaHR0cDovL3d3dy53My5vcmcvMjAwMC9zdmciPjwvc3ZnPg==\" class=\"lazyload\" style=\"--smush-placeholder-width: 800px; --smush-placeholder-aspect-ratio: 800\/500;\" \/><\/figure><div class=\"elementor-image-box-content\"><h3 class=\"elementor-image-box-title\">Medio d\u00eda: Ma\u00f1ana 9 500 SEK<br>Medio d\u00eda: Tarde 10 000 SEK<br>D\u00eda completo: 14 000 SEK<\/h3><\/div><\/div>\t\t\t\t<\/div>\n\t\t\t\t<\/div>\n\t\t\t\t<div class=\"elementor-element elementor-element-3977273 elementor-widget elementor-widget-text-editor\" data-id=\"3977273\" data-element_type=\"widget\" data-e-type=\"widget\" data-widget_type=\"text-editor.default\">\n\t\t\t\t<div class=\"elementor-widget-container\">\n\t\t\t\t\t\t\t\t\t<p>Entorno luminoso y creativo con techos altos, perfecto para talleres y peque\u00f1as presentaciones.<\/p>\t\t\t\t\t\t\t\t<\/div>\n\t\t\t\t<\/div>\n\t\t\t\t<div class=\"elementor-element elementor-element-43eb1f4 elementor-widget elementor-widget-text-editor\" data-id=\"43eb1f4\" data-element_type=\"widget\" data-e-type=\"widget\" data-widget_type=\"text-editor.default\">\n\t\t\t\t<div class=\"elementor-widget-container\">\n\t\t\t\t\t\t\t\t\t<ul><li><p>  La sala dispone de proyector (HDMI), pantalla y red inal\u00e1mbrica. La sala se alquila sin soporte t\u00e9cnico. <\/p><\/li><\/ul>\t\t\t\t\t\t\t\t<\/div>\n\t\t\t\t<\/div>\n\t\t\t\t<div class=\"elementor-element elementor-element-a463afb elementor-widget elementor-widget-text-editor\" data-id=\"a463afb\" data-element_type=\"widget\" data-e-type=\"widget\" data-widget_type=\"text-editor.default\">\n\t\t\t\t<div class=\"elementor-widget-container\">\n\t\t\t\t\t\t\t\t\t<p><strong>Opciones de plazas:<\/strong><br>Hasta 25 personas.<\/p>\t\t\t\t\t\t\t\t<\/div>\n\t\t\t\t<\/div>\n\t\t\t\t<\/div>\n\t\t<div class=\"elementor-element elementor-element-58212b9 e-con-full e-flex e-con e-child\" data-id=\"58212b9\" data-element_type=\"container\" data-e-type=\"container\">\n\t\t\t\t<div class=\"elementor-element elementor-element-f6cf757 elementor-widget elementor-widget-heading\" data-id=\"f6cf757\" data-element_type=\"widget\" data-e-type=\"widget\" data-widget_type=\"heading.default\">\n\t\t\t\t<div class=\"elementor-widget-container\">\n\t\t\t\t\t<h3 class=\"elementor-heading-title elementor-size-default\">Moderna Museet - Aula ArkDes<\/h3>\t\t\t\t<\/div>\n\t\t\t\t<\/div>\n\t\t\t\t<div class=\"elementor-element elementor-element-13fecf7 elementor-position-top elementor-widget elementor-widget-image-box\" data-id=\"13fecf7\" data-element_type=\"widget\" data-e-type=\"widget\" data-widget_type=\"image-box.default\">\n\t\t\t\t<div class=\"elementor-widget-container\">\n\t\t\t\t\t<div class=\"elementor-image-box-wrapper\"><figure class=\"elementor-image-box-img\"><img decoding=\"async\" data-src=\"https:\/\/www.skeppsholmsgruppen.se\/wp-content\/uploads\/elementor\/thumbs\/Aula-Arkdes-Moderna-Museet-Foto-My-Matson-rbaygks76z7cnr1l4swolt4q6f4nraweds43eh0d54.jpg\" title=\"Aula Arkdes Moderna Museet Foto My Matson\" alt=\"Aula Arkdes Moderna Museet Foto My Matson\" src=\"data:image\/svg+xml;base64,PHN2ZyB3aWR0aD0iMSIgaGVpZ2h0PSIxIiB4bWxucz0iaHR0cDovL3d3dy53My5vcmcvMjAwMC9zdmciPjwvc3ZnPg==\" class=\"lazyload\" style=\"--smush-placeholder-width: 800px; --smush-placeholder-aspect-ratio: 800\/500;\" \/><\/figure><div class=\"elementor-image-box-content\"><h3 class=\"elementor-image-box-title\">Medio d\u00eda: Ma\u00f1ana 10 000 SEK <br>Medio d\u00eda: Tarde 12 000 SEK <br>D\u00eda completo: 18 000 SEK<\/h3><\/div><\/div>\t\t\t\t<\/div>\n\t\t\t\t<\/div>\n\t\t\t\t<div class=\"elementor-element elementor-element-ebb8d41 elementor-widget elementor-widget-text-editor\" data-id=\"ebb8d41\" data-element_type=\"widget\" data-e-type=\"widget\" data-widget_type=\"text-editor.default\">\n\t\t\t\t<div class=\"elementor-widget-container\">\n\t\t\t\t\t\t\t\t\t<p>Sala luminosa con asientos de cine inclinados, perfecta para conferencias y seminarios.<br>Comb\u00ednalo con una visita al reci\u00e9n renovado Museo de Arquitectura.  <\/p>\t\t\t\t\t\t\t\t<\/div>\n\t\t\t\t<\/div>\n\t\t\t\t<div class=\"elementor-element elementor-element-f07c381 elementor-widget elementor-widget-text-editor\" data-id=\"f07c381\" data-element_type=\"widget\" data-e-type=\"widget\" data-widget_type=\"text-editor.default\">\n\t\t\t\t<div class=\"elementor-widget-container\">\n\t\t\t\t\t\t\t\t\t<ul><li><p>Moderna tecnolog\u00eda de conferencias<\/p><\/li><li><p>T\u00e9cnico adicional: 950 SEK\/hora<\/p><\/li><\/ul>\t\t\t\t\t\t\t\t<\/div>\n\t\t\t\t<\/div>\n\t\t\t\t<div class=\"elementor-element elementor-element-e7d311f elementor-widget elementor-widget-text-editor\" data-id=\"e7d311f\" data-element_type=\"widget\" data-e-type=\"widget\" data-widget_type=\"text-editor.default\">\n\t\t\t\t<div class=\"elementor-widget-container\">\n\t\t\t\t\t\t\t\t\t<p><strong>Opciones de aforo:<\/strong><br>Hasta 108 personas en butacas de cine.<\/p>\t\t\t\t\t\t\t\t<\/div>\n\t\t\t\t<\/div>\n\t\t\t\t<\/div>\n\t\t\t\t<\/div>\n\t\t<div class=\"elementor-element elementor-element-77d56c24 e-flex e-con-boxed e-con e-child\" data-id=\"77d56c24\" data-element_type=\"container\" data-e-type=\"container\">\n\t\t\t\t\t<div class=\"e-con-inner\">\n\t\t\t\t<div class=\"elementor-element elementor-element-65521eaf elementor-align-center elementor-invisible elementor-widget elementor-widget-button\" data-id=\"65521eaf\" data-element_type=\"widget\" data-e-type=\"widget\" data-settings=\"{&quot;_animation&quot;:&quot;fadeIn&quot;,&quot;_animation_delay&quot;:400}\" data-widget_type=\"button.default\">\n\t\t\t\t<div class=\"elementor-widget-container\">\n\t\t\t\t\t\t\t\t\t<div class=\"elementor-button-wrapper\">\n\t\t\t\t\t<a class=\"elementor-button elementor-button-link elementor-size-sm\" href=\"https:\/\/www.skeppsholmsgruppen.se\/es\/sobre-nosotros\/solicitud-de-presupuesto\/\">\n\t\t\t\t\t\t<span class=\"elementor-button-content-wrapper\">\n\t\t\t\t\t\t\t\t\t<span class=\"elementor-button-text\">Solicitar una reserva<\/span>\n\t\t\t\t\t<\/span>\n\t\t\t\t\t<\/a>\n\t\t\t\t<\/div>\n\t\t\t\t\t\t\t\t<\/div>\n\t\t\t\t<\/div>\n\t\t\t\t\t<\/div>\n\t\t\t\t<\/div>\n\t\t\t\t\t<\/div>\n\t\t\t\t<\/div>\n\t\t<div class=\"elementor-element elementor-element-6a728f0a e-flex e-con-boxed e-con e-parent\" data-id=\"6a728f0a\" data-element_type=\"container\" data-e-type=\"container\" data-settings=\"{&quot;background_background&quot;:&quot;classic&quot;}\">\n\t\t\t\t\t<div class=\"e-con-inner\">\n\t\t<div class=\"elementor-element elementor-element-8263420 e-con-full e-flex e-con e-child\" data-id=\"8263420\" data-element_type=\"container\" data-e-type=\"container\">\n\t\t\t\t<div class=\"elementor-element elementor-element-3384574 elementor-widget elementor-widget-heading\" data-id=\"3384574\" data-element_type=\"widget\" data-e-type=\"widget\" data-widget_type=\"heading.default\">\n\t\t\t\t<div class=\"elementor-widget-container\">\n\t\t\t\t\t<h2 class=\"elementor-heading-title elementor-size-default\">Ilumina tu conferencia<\/h2>\t\t\t\t<\/div>\n\t\t\t\t<\/div>\n\t\t\t\t<div class=\"elementor-element elementor-element-7aabf54 elementor-widget elementor-widget-heading\" data-id=\"7aabf54\" data-element_type=\"widget\" data-e-type=\"widget\" data-widget_type=\"heading.default\">\n\t\t\t\t<div class=\"elementor-widget-container\">\n\t\t\t\t\t<h2 class=\"elementor-heading-title elementor-size-default\">Paquetes de comida y bebida<\/h2>\t\t\t\t<\/div>\n\t\t\t\t<\/div>\n\t\t\t\t<div class=\"elementor-element elementor-element-616bf40 elementor-widget__width-initial elementor-widget elementor-widget-text-editor\" data-id=\"616bf40\" data-element_type=\"widget\" data-e-type=\"widget\" data-widget_type=\"text-editor.default\">\n\t\t\t\t<div class=\"elementor-widget-container\">\n\t\t\t\t\t\t\t\t\t<div id=\"bgLayers_comp-lu2cger56\" class=\"MW5IWV\" data-hook=\"bgLayers\" data-motion-part=\"BG_LAYER\"><div id=\"bgMedia_comp-lu2cger56\" class=\"VgO9Yg\" data-motion-part=\"BG_MEDIA\"><p>Aqu\u00ed encontrar\u00e1s nuestras sugerencias de paquetes de comidas para conferencias, cuidadosamente elaborados para adaptarse a las distintas disposiciones y necesidades. Los precios son por persona y no incluyen el IVA. <\/p><\/div><\/div>\t\t\t\t\t\t\t\t<\/div>\n\t\t\t\t<\/div>\n\t\t\t\t<div class=\"elementor-element elementor-element-812af46 elementor-align-center elementor-invisible elementor-widget elementor-widget-button\" data-id=\"812af46\" data-element_type=\"widget\" data-e-type=\"widget\" data-settings=\"{&quot;_animation&quot;:&quot;fadeIn&quot;,&quot;_animation_delay&quot;:400}\" data-widget_type=\"button.default\">\n\t\t\t\t<div class=\"elementor-widget-container\">\n\t\t\t\t\t\t\t\t\t<div class=\"elementor-button-wrapper\">\n\t\t\t\t\t<a class=\"elementor-button elementor-button-link elementor-size-sm\" href=\"https:\/\/www.skeppsholmsgruppen.se\/es\/sobre-nosotros\/solicitud-de-presupuesto\/\">\n\t\t\t\t\t\t<span class=\"elementor-button-content-wrapper\">\n\t\t\t\t\t\t\t\t\t<span class=\"elementor-button-text\">Solicitar una reserva<\/span>\n\t\t\t\t\t<\/span>\n\t\t\t\t\t<\/a>\n\t\t\t\t<\/div>\n\t\t\t\t\t\t\t\t<\/div>\n\t\t\t\t<\/div>\n\t\t\t\t<\/div>\n\t\t\t\t<div class=\"elementor-element elementor-element-273a842c elementor-cta--skin-cover elementor-cta--valign-top elementor-widget__width-initial elementor-widget elementor-widget-call-to-action\" data-id=\"273a842c\" data-element_type=\"widget\" data-e-type=\"widget\" data-widget_type=\"call-to-action.default\">\n\t\t\t\t<div class=\"elementor-widget-container\">\n\t\t\t\t\t\t\t<div class=\"elementor-cta\">\n\t\t\t\t\t<div class=\"elementor-cta__bg-wrapper\">\n\t\t\t\t<div class=\"elementor-cta__bg elementor-bg lazyload\" style=\"background-image:inherit;\" role=\"img\" aria-label=\"Frukost\" data-bg-image=\"url(https:\/\/www.skeppsholmsgruppen.se\/wp-content\/uploads\/2025\/05\/Frukost.png)\"><\/div>\n\t\t\t\t<div class=\"elementor-cta__bg-overlay\"><\/div>\n\t\t\t<\/div>\n\t\t\t\t\t\t\t<div class=\"elementor-cta__content\">\n\t\t\t\t\n\t\t\t\t\t\t\t\t\t<span class=\"elementor-cta__title elementor-cta__content-item elementor-content-item\">\n\t\t\t\t\t\tDesayuno y caf\u00e9\t\t\t\t\t<\/span>\n\t\t\t\t\n\t\t\t\t\t\t\t\t\t<div class=\"elementor-cta__description elementor-cta__content-item elementor-content-item\">\n\t\t\t\t\t\tDesayuno: 92 SEK <br>(panecillo, zumo, caf\u00e9)<br><br>Caf\u00e9 de la ma\u00f1ana: 74 SEK<br>(caf\u00e9\/t\u00e9, ensalada de frutas)<br><br>Caf\u00e9 de la tarde: 64 SEK<br>(caf\u00e9\/t\u00e9, tarta de zanahoria)\t\t\t\t\t<\/div>\n\t\t\t\t\n\t\t\t\t\t\t\t<\/div>\n\t\t\t\t\t\t<\/div>\n\t\t\t\t\t\t<\/div>\n\t\t\t\t<\/div>\n\t\t\t\t<div class=\"elementor-element elementor-element-877de43 elementor-cta--skin-cover elementor-cta--valign-top elementor-widget__width-initial elementor-widget elementor-widget-call-to-action\" data-id=\"877de43\" data-element_type=\"widget\" data-e-type=\"widget\" data-widget_type=\"call-to-action.default\">\n\t\t\t\t<div class=\"elementor-widget-container\">\n\t\t\t\t\t\t\t<div class=\"elementor-cta\">\n\t\t\t\t\t<div class=\"elementor-cta__bg-wrapper\">\n\t\t\t\t<div class=\"elementor-cta__bg elementor-bg lazyload\" style=\"background-image:inherit;\" role=\"img\" aria-label=\"lunch\" data-bg-image=\"url(https:\/\/www.skeppsholmsgruppen.se\/wp-content\/uploads\/2025\/05\/lunch.png)\"><\/div>\n\t\t\t\t<div class=\"elementor-cta__bg-overlay\"><\/div>\n\t\t\t<\/div>\n\t\t\t\t\t\t\t<div class=\"elementor-cta__content\">\n\t\t\t\t\n\t\t\t\t\t\t\t\t\t<span class=\"elementor-cta__title elementor-cta__content-item elementor-content-item\">\n\t\t\t\t\t\tHora de comer\t\t\t\t\t<\/span>\n\t\t\t\t\n\t\t\t\t\t\t\t\t\t<div class=\"elementor-cta__description elementor-cta__content-item elementor-content-item\">\n\t\t\t\t\t\tEnsalada: 170 SEK<br><br>Envoltorios: 120 SEK<br><br>Plato principal: 385 SEK<br>incl. ensalada y pan <br><br><br>Si quieres cambiar de aires, estaremos encantados de reservarte mesa en restaurantes cercanos.\n\t\t\t\t\t<\/div>\n\t\t\t\t\n\t\t\t\t\t\t\t<\/div>\n\t\t\t\t\t\t<\/div>\n\t\t\t\t\t\t<\/div>\n\t\t\t\t<\/div>\n\t\t\t\t<div class=\"elementor-element elementor-element-2cc413b elementor-cta--skin-cover elementor-cta--valign-top elementor-widget__width-initial elementor-widget elementor-widget-call-to-action\" data-id=\"2cc413b\" data-element_type=\"widget\" data-e-type=\"widget\" data-widget_type=\"call-to-action.default\">\n\t\t\t\t<div class=\"elementor-widget-container\">\n\t\t\t\t\t\t\t<div class=\"elementor-cta\">\n\t\t\t\t\t<div class=\"elementor-cta__bg-wrapper\">\n\t\t\t\t<div class=\"elementor-cta__bg elementor-bg lazyload\" style=\"background-image:inherit;\" role=\"img\" aria-label=\"middag\" data-bg-image=\"url(https:\/\/www.skeppsholmsgruppen.se\/wp-content\/uploads\/2025\/05\/middag.png)\"><\/div>\n\t\t\t\t<div class=\"elementor-cta__bg-overlay\"><\/div>\n\t\t\t<\/div>\n\t\t\t\t\t\t\t<div class=\"elementor-cta__content\">\n\t\t\t\t\n\t\t\t\t\t\t\t\t\t<span class=\"elementor-cta__title elementor-cta__content-item elementor-content-item\">\n\t\t\t\t\t\tCena\t\t\t\t\t<\/span>\n\t\t\t\t\n\t\t\t\t\t\t\t\t\t<div class=\"elementor-cta__description elementor-cta__content-item elementor-content-item\">\n\t\t\t\t\t\tPlato fr\u00edo con bebidas<br>a partir de 500 SEK por persona<br> (vino\/cerveza\/sin alcohol)  \n\t\t\t\t\t<\/div>\n\t\t\t\t\n\t\t\t\t\t\t\t<\/div>\n\t\t\t\t\t\t<\/div>\n\t\t\t\t\t\t<\/div>\n\t\t\t\t<\/div>\n\t\t\t\t<div class=\"elementor-element elementor-element-5a88ba4 elementor-cta--skin-cover elementor-cta--valign-top elementor-widget__width-initial elementor-widget elementor-widget-call-to-action\" data-id=\"5a88ba4\" data-element_type=\"widget\" data-e-type=\"widget\" data-widget_type=\"call-to-action.default\">\n\t\t\t\t<div class=\"elementor-widget-container\">\n\t\t\t\t\t\t\t<div class=\"elementor-cta\">\n\t\t\t\t\t<div class=\"elementor-cta__bg-wrapper\">\n\t\t\t\t<div class=\"elementor-cta__bg elementor-bg lazyload\" style=\"background-image:inherit;\" role=\"img\" aria-label=\"After konferens\" data-bg-image=\"url(https:\/\/www.skeppsholmsgruppen.se\/wp-content\/uploads\/2025\/05\/After-konferens.png)\"><\/div>\n\t\t\t\t<div class=\"elementor-cta__bg-overlay\"><\/div>\n\t\t\t<\/div>\n\t\t\t\t\t\t\t<div class=\"elementor-cta__content\">\n\t\t\t\t\n\t\t\t\t\t\t\t\t\t<span class=\"elementor-cta__title elementor-cta__content-item elementor-content-item\">\n\t\t\t\t\t\tDespu\u00e9s de la conferencia\t\t\t\t\t<\/span>\n\t\t\t\t\n\t\t\t\t\t\t\t\t\t<div class=\"elementor-cta__description elementor-cta__content-item elementor-content-item\">\n\t\t\t\t\t\tEnvoltorio y cerveza: 175 SEK<br><br>Rodajas y burbujas: 245 SEK<br><br>(opciones sin alcohol disponibles)\t\t\t\t\t<\/div>\n\t\t\t\t\n\t\t\t\t\t\t\t<\/div>\n\t\t\t\t\t\t<\/div>\n\t\t\t\t\t\t<\/div>\n\t\t\t\t<\/div>\n\t\t\t\t<div class=\"elementor-element elementor-element-2484fec elementor-cta--skin-cover elementor-cta--valign-top elementor-widget__width-initial elementor-widget elementor-widget-call-to-action\" data-id=\"2484fec\" data-element_type=\"widget\" data-e-type=\"widget\" data-widget_type=\"call-to-action.default\">\n\t\t\t\t<div class=\"elementor-widget-container\">\n\t\t\t\t\t\t\t<div class=\"elementor-cta\">\n\t\t\t\t\t<div class=\"elementor-cta__bg-wrapper\">\n\t\t\t\t<div class=\"elementor-cta__bg elementor-bg lazyload\" style=\"background-image:inherit;\" role=\"img\" aria-label=\"tillbeh\u00f6r\" data-bg-image=\"url(https:\/\/www.skeppsholmsgruppen.se\/wp-content\/uploads\/2025\/05\/tillbehor.png)\"><\/div>\n\t\t\t\t<div class=\"elementor-cta__bg-overlay\"><\/div>\n\t\t\t<\/div>\n\t\t\t\t\t\t\t<div class=\"elementor-cta__content\">\n\t\t\t\t\n\t\t\t\t\t\t\t\t\t<span class=\"elementor-cta__title elementor-cta__content-item elementor-content-item\">\n\t\t\t\t\t\tBebidas y accesorios\t\t\t\t\t<\/span>\n\t\t\t\t\n\t\t\t\t\t\t\t\t\t<div class=\"elementor-cta__description elementor-cta__content-item elementor-content-item\">\n\t\t\t\t\t\tEstaci\u00f3n de agua: <br>Medio d\u00eda SEK 10, d\u00eda completo SEK 20<br><br>Cesta de fruta: SEK 45<br><br>Plato de fruta con <br>frutas cortadas y bayas: SEK 65<br><br>Bol de caramelos: SEK 25<br><br>Caf\u00e9\/agua mineral: SEK 40\n\t\t\t\t\t<\/div>\n\t\t\t\t\n\t\t\t\t\t\t\t<\/div>\n\t\t\t\t\t\t<\/div>\n\t\t\t\t\t\t<\/div>\n\t\t\t\t<\/div>\n\t\t\t\t\t<\/div>\n\t\t\t\t<\/div>\n\t\t<div class=\"elementor-element elementor-element-a3de99b e-flex e-con-boxed e-con e-parent\" data-id=\"a3de99b\" data-element_type=\"container\" data-e-type=\"container\">\n\t\t\t\t\t<div class=\"e-con-inner\">\n\t\t\t\t<div class=\"elementor-element elementor-element-111f8a8 elementor-widget elementor-widget-spacer\" data-id=\"111f8a8\" data-element_type=\"widget\" data-e-type=\"widget\" data-widget_type=\"spacer.default\">\n\t\t\t\t<div class=\"elementor-widget-container\">\n\t\t\t\t\t\t\t<div class=\"elementor-spacer\">\n\t\t\t<div class=\"elementor-spacer-inner\"><\/div>\n\t\t<\/div>\n\t\t\t\t\t\t<\/div>\n\t\t\t\t<\/div>\n\t\t\t\t\t<\/div>\n\t\t\t\t<\/div>\n\t\t<div class=\"elementor-element elementor-element-44c7cc54 e-flex e-con-boxed e-con e-parent\" data-id=\"44c7cc54\" data-element_type=\"container\" data-e-type=\"container\">\n\t\t\t\t\t<div class=\"e-con-inner\">\n\t\t\t\t<div class=\"elementor-element elementor-element-7fe6f45a elementor-widget elementor-widget-html\" data-id=\"7fe6f45a\" data-element_type=\"widget\" data-e-type=\"widget\" data-widget_type=\"html.default\">\n\t\t\t\t<div class=\"elementor-widget-container\">\n\t\t\t\t\t<script src=\"https:\/\/img.upsales.com\/CWw2RUS+6eV2rOMWqHH4bQ==\/visit\/v.js\"><\/script>\t\t\t\t<\/div>\n\t\t\t\t<\/div>\n\t\t\t\t\t<\/div>\n\t\t\t\t<\/div>\n\t\t\t\t<\/div>\n\t\t","protected":false},"excerpt":{"rendered":"<p>Conferencias y reuniones en la isla, \u00a1en el coraz\u00f3n de Estocolmo! Planifica tu reuni\u00f3n con nosotros Conferencias y reuniones en el centro de Estocolmo Re\u00fanete en la isla archipi\u00e9lago m\u00e1s cercana a Estocolmo, con el mar y una fant\u00e1stica vista de Estocolmo al otro lado de la ventana. Ofrecemos salas de reuniones inspiradoras para todo, [&hellip;]<\/p>\n","protected":false},"author":247968712,"featured_media":8452,"parent":7058,"menu_order":0,"comment_status":"closed","ping_status":"closed","template":"","meta":{"_acf_changed":false,"footnotes":""},"class_list":["post-7177","page","type-page","status-publish","has-post-thumbnail","hentry"],"acf":[],"yoast_head":"<!-- This site is optimized with the Yoast SEO plugin v27.5 - https:\/\/yoast.com\/product\/yoast-seo-wordpress\/ -->\n<title>Planifica tu reuni\u00f3n en el centro de Estocolmo | Skeppsholmsgruppen Konferens<\/title>\n<meta name=\"description\" content=\"Planifica tu reuni\u00f3n con Skeppsholmsgruppen en el centro de Estocolmo. Explora nuestras instalaciones para conferencias, incluido el espacioso Mindepartementet con varias salas de grupo para reuniones eficaces.\" \/>\n<meta name=\"robots\" content=\"index, follow, max-snippet:-1, max-image-preview:large, max-video-preview:-1\" \/>\n<link rel=\"canonical\" href=\"https:\/\/www.skeppsholmsgruppen.se\/es\/servicios-personalizados\/conferencias-y-reuniones\/\" \/>\n<meta property=\"og:locale\" content=\"es_ES\" \/>\n<meta property=\"og:type\" content=\"article\" \/>\n<meta property=\"og:title\" content=\"Planifica tu reuni\u00f3n en el centro de Estocolmo | Skeppsholmsgruppen Konferens\" \/>\n<meta property=\"og:description\" content=\"Planifica tu reuni\u00f3n con Skeppsholmsgruppen en el centro de Estocolmo. Explora nuestras instalaciones para conferencias, incluido el espacioso Mindepartementet con varias salas de grupo para reuniones eficaces.\" \/>\n<meta property=\"og:url\" content=\"https:\/\/www.skeppsholmsgruppen.se\/es\/servicios-personalizados\/conferencias-y-reuniones\/\" \/>\n<meta property=\"og:site_name\" content=\"Skeppsholmsgruppen\" \/>\n<meta property=\"article:modified_time\" content=\"2025-11-24T15:02:40+00:00\" \/>\n<meta property=\"og:image\" content=\"https:\/\/www.skeppsholmsgruppen.se\/wp-content\/uploads\/2024\/07\/Kronan-1-1.png\" \/>\n\t<meta property=\"og:image:width\" content=\"1920\" \/>\n\t<meta property=\"og:image:height\" content=\"1080\" \/>\n\t<meta property=\"og:image:type\" content=\"image\/png\" \/>\n<meta name=\"twitter:card\" content=\"summary_large_image\" \/>\n<meta name=\"twitter:label1\" content=\"Tiempo de lectura\" \/>\n\t<meta name=\"twitter:data1\" content=\"5 minutos\" \/>\n<script type=\"application\/ld+json\" class=\"yoast-schema-graph\">{\"@context\":\"https:\\\/\\\/schema.org\",\"@graph\":[{\"@type\":\"WebPage\",\"@id\":\"https:\\\/\\\/www.skeppsholmsgruppen.se\\\/es\\\/servicios-personalizados\\\/conferencias-y-reuniones\\\/\",\"url\":\"https:\\\/\\\/www.skeppsholmsgruppen.se\\\/es\\\/servicios-personalizados\\\/conferencias-y-reuniones\\\/\",\"name\":\"Planifica tu reuni\u00f3n en el centro de Estocolmo | Skeppsholmsgruppen Konferens\",\"isPartOf\":{\"@id\":\"https:\\\/\\\/skeppsholmsgruppen.se\\\/#website\"},\"primaryImageOfPage\":{\"@id\":\"https:\\\/\\\/www.skeppsholmsgruppen.se\\\/es\\\/servicios-personalizados\\\/conferencias-y-reuniones\\\/#primaryimage\"},\"image\":{\"@id\":\"https:\\\/\\\/www.skeppsholmsgruppen.se\\\/es\\\/servicios-personalizados\\\/conferencias-y-reuniones\\\/#primaryimage\"},\"thumbnailUrl\":\"https:\\\/\\\/www.skeppsholmsgruppen.se\\\/wp-content\\\/uploads\\\/2024\\\/07\\\/Kronan-1-1.png\",\"datePublished\":\"2024-04-02T07:39:01+00:00\",\"dateModified\":\"2025-11-24T15:02:40+00:00\",\"description\":\"Planifica tu reuni\u00f3n con Skeppsholmsgruppen en el centro de Estocolmo. Explora nuestras instalaciones para conferencias, incluido el espacioso Mindepartementet con varias salas de grupo para reuniones eficaces.\",\"breadcrumb\":{\"@id\":\"https:\\\/\\\/www.skeppsholmsgruppen.se\\\/es\\\/servicios-personalizados\\\/conferencias-y-reuniones\\\/#breadcrumb\"},\"inLanguage\":\"es\",\"potentialAction\":[{\"@type\":\"ReadAction\",\"target\":[\"https:\\\/\\\/www.skeppsholmsgruppen.se\\\/es\\\/servicios-personalizados\\\/conferencias-y-reuniones\\\/\"]}]},{\"@type\":\"ImageObject\",\"inLanguage\":\"es\",\"@id\":\"https:\\\/\\\/www.skeppsholmsgruppen.se\\\/es\\\/servicios-personalizados\\\/conferencias-y-reuniones\\\/#primaryimage\",\"url\":\"https:\\\/\\\/www.skeppsholmsgruppen.se\\\/wp-content\\\/uploads\\\/2024\\\/07\\\/Kronan-1-1.png\",\"contentUrl\":\"https:\\\/\\\/www.skeppsholmsgruppen.se\\\/wp-content\\\/uploads\\\/2024\\\/07\\\/Kronan-1-1.png\",\"width\":1920,\"height\":1080},{\"@type\":\"BreadcrumbList\",\"@id\":\"https:\\\/\\\/www.skeppsholmsgruppen.se\\\/es\\\/servicios-personalizados\\\/conferencias-y-reuniones\\\/#breadcrumb\",\"itemListElement\":[{\"@type\":\"ListItem\",\"position\":1,\"name\":\"Hem\",\"item\":\"https:\\\/\\\/www.skeppsholmsgruppen.se\\\/es\\\/\"},{\"@type\":\"ListItem\",\"position\":2,\"name\":\"Servicios prestados\",\"item\":\"https:\\\/\\\/www.skeppsholmsgruppen.se\\\/es\\\/servicios-personalizados\\\/\"},{\"@type\":\"ListItem\",\"position\":3,\"name\":\"Conferencias y Reuniones\"}]},{\"@type\":\"WebSite\",\"@id\":\"https:\\\/\\\/skeppsholmsgruppen.se\\\/#website\",\"url\":\"https:\\\/\\\/skeppsholmsgruppen.se\\\/\",\"name\":\"Skeppsholmsgruppen\",\"description\":\"En historisk p\u00e4rla f\u00f6r konferens, event och fest bel\u00e4gen mitt i hj\u00e4rtat av Stockhom.\",\"publisher\":{\"@id\":\"https:\\\/\\\/skeppsholmsgruppen.se\\\/#organization\"},\"potentialAction\":[{\"@type\":\"SearchAction\",\"target\":{\"@type\":\"EntryPoint\",\"urlTemplate\":\"https:\\\/\\\/skeppsholmsgruppen.se\\\/?s={search_term_string}\"},\"query-input\":{\"@type\":\"PropertyValueSpecification\",\"valueRequired\":true,\"valueName\":\"search_term_string\"}}],\"inLanguage\":\"es\"},{\"@type\":\"Organization\",\"@id\":\"https:\\\/\\\/skeppsholmsgruppen.se\\\/#organization\",\"name\":\"Skeppsholmsgruppen\",\"url\":\"https:\\\/\\\/skeppsholmsgruppen.se\\\/\",\"logo\":{\"@type\":\"ImageObject\",\"inLanguage\":\"es\",\"@id\":\"https:\\\/\\\/skeppsholmsgruppen.se\\\/#\\\/schema\\\/logo\\\/image\\\/\",\"url\":\"https:\\\/\\\/www.skeppsholmsgruppen.se\\\/wp-content\\\/uploads\\\/2024\\\/03\\\/SHG-icon-white-130.png\",\"contentUrl\":\"https:\\\/\\\/www.skeppsholmsgruppen.se\\\/wp-content\\\/uploads\\\/2024\\\/03\\\/SHG-icon-white-130.png\",\"width\":130,\"height\":130,\"caption\":\"Skeppsholmsgruppen\"},\"image\":{\"@id\":\"https:\\\/\\\/skeppsholmsgruppen.se\\\/#\\\/schema\\\/logo\\\/image\\\/\"}}]}<\/script>\n<!-- \/ Yoast SEO plugin. -->","yoast_head_json":{"title":"Planifica tu reuni\u00f3n en el centro de Estocolmo | Skeppsholmsgruppen Konferens","description":"Planifica tu reuni\u00f3n con Skeppsholmsgruppen en el centro de Estocolmo. Explora nuestras instalaciones para conferencias, incluido el espacioso Mindepartementet con varias salas de grupo para reuniones eficaces.","robots":{"index":"index","follow":"follow","max-snippet":"max-snippet:-1","max-image-preview":"max-image-preview:large","max-video-preview":"max-video-preview:-1"},"canonical":"https:\/\/www.skeppsholmsgruppen.se\/es\/servicios-personalizados\/conferencias-y-reuniones\/","og_locale":"es_ES","og_type":"article","og_title":"Planifica tu reuni\u00f3n en el centro de Estocolmo | Skeppsholmsgruppen Konferens","og_description":"Planifica tu reuni\u00f3n con Skeppsholmsgruppen en el centro de Estocolmo. Explora nuestras instalaciones para conferencias, incluido el espacioso Mindepartementet con varias salas de grupo para reuniones eficaces.","og_url":"https:\/\/www.skeppsholmsgruppen.se\/es\/servicios-personalizados\/conferencias-y-reuniones\/","og_site_name":"Skeppsholmsgruppen","article_modified_time":"2025-11-24T15:02:40+00:00","og_image":[{"width":1920,"height":1080,"url":"https:\/\/www.skeppsholmsgruppen.se\/wp-content\/uploads\/2024\/07\/Kronan-1-1.png","type":"image\/png"}],"twitter_card":"summary_large_image","twitter_misc":{"Tiempo de lectura":"5 minutos"},"schema":{"@context":"https:\/\/schema.org","@graph":[{"@type":"WebPage","@id":"https:\/\/www.skeppsholmsgruppen.se\/es\/servicios-personalizados\/conferencias-y-reuniones\/","url":"https:\/\/www.skeppsholmsgruppen.se\/es\/servicios-personalizados\/conferencias-y-reuniones\/","name":"Planifica tu reuni\u00f3n en el centro de Estocolmo | Skeppsholmsgruppen Konferens","isPartOf":{"@id":"https:\/\/skeppsholmsgruppen.se\/#website"},"primaryImageOfPage":{"@id":"https:\/\/www.skeppsholmsgruppen.se\/es\/servicios-personalizados\/conferencias-y-reuniones\/#primaryimage"},"image":{"@id":"https:\/\/www.skeppsholmsgruppen.se\/es\/servicios-personalizados\/conferencias-y-reuniones\/#primaryimage"},"thumbnailUrl":"https:\/\/www.skeppsholmsgruppen.se\/wp-content\/uploads\/2024\/07\/Kronan-1-1.png","datePublished":"2024-04-02T07:39:01+00:00","dateModified":"2025-11-24T15:02:40+00:00","description":"Planifica tu reuni\u00f3n con Skeppsholmsgruppen en el centro de Estocolmo. Explora nuestras instalaciones para conferencias, incluido el espacioso Mindepartementet con varias salas de grupo para reuniones eficaces.","breadcrumb":{"@id":"https:\/\/www.skeppsholmsgruppen.se\/es\/servicios-personalizados\/conferencias-y-reuniones\/#breadcrumb"},"inLanguage":"es","potentialAction":[{"@type":"ReadAction","target":["https:\/\/www.skeppsholmsgruppen.se\/es\/servicios-personalizados\/conferencias-y-reuniones\/"]}]},{"@type":"ImageObject","inLanguage":"es","@id":"https:\/\/www.skeppsholmsgruppen.se\/es\/servicios-personalizados\/conferencias-y-reuniones\/#primaryimage","url":"https:\/\/www.skeppsholmsgruppen.se\/wp-content\/uploads\/2024\/07\/Kronan-1-1.png","contentUrl":"https:\/\/www.skeppsholmsgruppen.se\/wp-content\/uploads\/2024\/07\/Kronan-1-1.png","width":1920,"height":1080},{"@type":"BreadcrumbList","@id":"https:\/\/www.skeppsholmsgruppen.se\/es\/servicios-personalizados\/conferencias-y-reuniones\/#breadcrumb","itemListElement":[{"@type":"ListItem","position":1,"name":"Hem","item":"https:\/\/www.skeppsholmsgruppen.se\/es\/"},{"@type":"ListItem","position":2,"name":"Servicios prestados","item":"https:\/\/www.skeppsholmsgruppen.se\/es\/servicios-personalizados\/"},{"@type":"ListItem","position":3,"name":"Conferencias y Reuniones"}]},{"@type":"WebSite","@id":"https:\/\/skeppsholmsgruppen.se\/#website","url":"https:\/\/skeppsholmsgruppen.se\/","name":"Skeppsholmsgruppen","description":"En historisk p\u00e4rla f\u00f6r konferens, event och fest bel\u00e4gen mitt i hj\u00e4rtat av Stockhom.","publisher":{"@id":"https:\/\/skeppsholmsgruppen.se\/#organization"},"potentialAction":[{"@type":"SearchAction","target":{"@type":"EntryPoint","urlTemplate":"https:\/\/skeppsholmsgruppen.se\/?s={search_term_string}"},"query-input":{"@type":"PropertyValueSpecification","valueRequired":true,"valueName":"search_term_string"}}],"inLanguage":"es"},{"@type":"Organization","@id":"https:\/\/skeppsholmsgruppen.se\/#organization","name":"Skeppsholmsgruppen","url":"https:\/\/skeppsholmsgruppen.se\/","logo":{"@type":"ImageObject","inLanguage":"es","@id":"https:\/\/skeppsholmsgruppen.se\/#\/schema\/logo\/image\/","url":"https:\/\/www.skeppsholmsgruppen.se\/wp-content\/uploads\/2024\/03\/SHG-icon-white-130.png","contentUrl":"https:\/\/www.skeppsholmsgruppen.se\/wp-content\/uploads\/2024\/03\/SHG-icon-white-130.png","width":130,"height":130,"caption":"Skeppsholmsgruppen"},"image":{"@id":"https:\/\/skeppsholmsgruppen.se\/#\/schema\/logo\/image\/"}}]}},"_links":{"self":[{"href":"https:\/\/www.skeppsholmsgruppen.se\/es\/wp-json\/wp\/v2\/pages\/7177","targetHints":{"allow":["GET"]}}],"collection":[{"href":"https:\/\/www.skeppsholmsgruppen.se\/es\/wp-json\/wp\/v2\/pages"}],"about":[{"href":"https:\/\/www.skeppsholmsgruppen.se\/es\/wp-json\/wp\/v2\/types\/page"}],"author":[{"embeddable":true,"href":"https:\/\/www.skeppsholmsgruppen.se\/es\/wp-json\/wp\/v2\/users\/247968712"}],"replies":[{"embeddable":true,"href":"https:\/\/www.skeppsholmsgruppen.se\/es\/wp-json\/wp\/v2\/comments?post=7177"}],"version-history":[{"count":9,"href":"https:\/\/www.skeppsholmsgruppen.se\/es\/wp-json\/wp\/v2\/pages\/7177\/revisions"}],"predecessor-version":[{"id":24238,"href":"https:\/\/www.skeppsholmsgruppen.se\/es\/wp-json\/wp\/v2\/pages\/7177\/revisions\/24238"}],"up":[{"embeddable":true,"href":"https:\/\/www.skeppsholmsgruppen.se\/es\/wp-json\/wp\/v2\/pages\/7058"}],"wp:featuredmedia":[{"embeddable":true,"href":"https:\/\/www.skeppsholmsgruppen.se\/es\/wp-json\/wp\/v2\/media\/8452"}],"wp:attachment":[{"href":"https:\/\/www.skeppsholmsgruppen.se\/es\/wp-json\/wp\/v2\/media?parent=7177"}],"curies":[{"name":"wp","href":"https:\/\/api.w.org\/{rel}","templated":true}]}}