{"id":16586,"date":"2024-04-02T09:42:49","date_gmt":"2024-04-02T07:42:49","guid":{"rendered":"https:\/\/www.skeppsholmsgruppen.se\/raataloidyt-palvelut\/tilojen-vuokraus\/"},"modified":"2025-03-13T13:36:14","modified_gmt":"2025-03-13T12:36:14","slug":"tilojen-vuokraus","status":"publish","type":"page","link":"https:\/\/www.skeppsholmsgruppen.se\/fi\/raataloidyt-palvelut\/tilojen-vuokraus\/","title":{"rendered":"Tilojen vuokraus"},"content":{"rendered":"\t\t<div data-elementor-type=\"wp-page\" data-elementor-id=\"16586\" class=\"elementor elementor-16586 elementor-1115\" data-elementor-post-type=\"page\">\n\t\t\t\t<div class=\"elementor-element elementor-element-1824656d e-flex e-con-boxed e-con e-parent\" data-id=\"1824656d\" data-element_type=\"container\" data-e-type=\"container\" data-settings=\"{&quot;background_background&quot;:&quot;classic&quot;}\">\n\t\t\t\t\t<div class=\"e-con-inner\">\n\t\t\t\t<div class=\"elementor-element elementor-element-7703a86c elementor-widget elementor-widget-heading\" data-id=\"7703a86c\" data-element_type=\"widget\" data-e-type=\"widget\" data-widget_type=\"heading.default\">\n\t\t\t\t<div class=\"elementor-widget-container\">\n\t\t\t\t\t<h2 class=\"elementor-heading-title elementor-size-default\">Toimitilat Tukholman syd\u00e4mess\u00e4!<\/h2>\t\t\t\t<\/div>\n\t\t\t\t<\/div>\n\t\t\t\t\t<\/div>\n\t\t\t\t<\/div>\n\t\t<div class=\"elementor-element elementor-element-1430c8eb e-flex e-con-boxed e-con e-parent\" data-id=\"1430c8eb\" data-element_type=\"container\" data-e-type=\"container\" data-settings=\"{&quot;background_background&quot;:&quot;classic&quot;}\">\n\t\t\t\t\t<div class=\"e-con-inner\">\n\t\t<div class=\"elementor-element elementor-element-20e2b5c0 e-flex e-con-boxed e-con e-child\" data-id=\"20e2b5c0\" data-element_type=\"container\" data-e-type=\"container\">\n\t\t\t\t\t<div class=\"e-con-inner\">\n\t\t\t\t<div class=\"elementor-element elementor-element-316b2f04 elementor-widget elementor-widget-heading\" data-id=\"316b2f04\" data-element_type=\"widget\" data-e-type=\"widget\" data-widget_type=\"heading.default\">\n\t\t\t\t<div class=\"elementor-widget-container\">\n\t\t\t\t\t<h2 class=\"elementor-heading-title elementor-size-default\">upeat tilat<\/h2>\t\t\t\t<\/div>\n\t\t\t\t<\/div>\n\t\t\t\t<div class=\"elementor-element elementor-element-15b2da21 elementor-widget elementor-widget-heading\" data-id=\"15b2da21\" data-element_type=\"widget\" data-e-type=\"widget\" data-widget_type=\"heading.default\">\n\t\t\t\t<div class=\"elementor-widget-container\">\n\t\t\t\t\t<h1 class=\"elementor-heading-title elementor-size-default\">\nKauniit tilat kaikkiin tilaisuuksiin Tukholman keskustassa.<\/h1>\t\t\t\t<\/div>\n\t\t\t\t<\/div>\n\t\t\t\t<div class=\"elementor-element elementor-element-34b7ca67 elementor-widget elementor-widget-text-editor\" data-id=\"34b7ca67\" data-element_type=\"widget\" data-e-type=\"widget\" data-widget_type=\"text-editor.default\">\n\t\t\t\t<div class=\"elementor-widget-container\">\n\t\t\t\t\t\t\t\t\t<p class=\"font_8 wixui-rich-text__text\"><span class=\"wixui-rich-text__text\">Vuokraamme tilojamme kaikkeen TV-tuotannoista gaalajuhliin. Kaikissa tarjoamissamme tiloissa, Eric Ericson -salia lukuun ottamatta, on p\u00e4\u00e4asiassa p\u00e4iv\u00e4toimintaa, joten vuokraamme niit\u00e4 iltaisin. Tilat ovat kaikki erilaisia ja ainutlaatuisia, ja ne sijaitsevat upealla paikalla kaupungin keskustassa.    <\/span><span class=\"wixui-rich-text__text\">Haluat asettaa taideteoksesi n\u00e4ytteille. Kuorosi tarvitsee konserttipaikan. Tarvitset paikan elokuva- tai valokuvausprojektillesi. Aiotko tehd\u00e4 kosinnan?     <\/span><\/p>\n<p class=\"font_8 wixui-rich-text__text\"><span class=\"wixui-rich-text__text\">Valitse tapahtumapaikaksi Skeppsholmen, sill\u00e4 mit\u00e4 ikin\u00e4 juhlit tai j\u00e4rjest\u00e4tkin, meill\u00e4 on siihen sopivat tilat!<\/span><\/p>\n\t\t\t\t\t\t\t\t<\/div>\n\t\t\t\t<\/div>\n\t\t\t\t<div class=\"elementor-element elementor-element-19599fa1 elementor-align-center elementor-invisible elementor-widget elementor-widget-button\" data-id=\"19599fa1\" data-element_type=\"widget\" data-e-type=\"widget\" data-settings=\"{&quot;_animation&quot;:&quot;fadeIn&quot;,&quot;_animation_delay&quot;:400}\" data-widget_type=\"button.default\">\n\t\t\t\t<div class=\"elementor-widget-container\">\n\t\t\t\t\t\t\t\t\t<div class=\"elementor-button-wrapper\">\n\t\t\t\t\t<a class=\"elementor-button elementor-size-sm\" role=\"button\">\n\t\t\t\t\t\t<span class=\"elementor-button-content-wrapper\">\n\t\t\t\t\t\t\t\t\t<span class=\"elementor-button-text\">Tee varauspyynt\u00f6<\/span>\n\t\t\t\t\t<\/span>\n\t\t\t\t\t<\/a>\n\t\t\t\t<\/div>\n\t\t\t\t\t\t\t\t<\/div>\n\t\t\t\t<\/div>\n\t\t\t\t\t<\/div>\n\t\t\t\t<\/div>\n\t\t\t\t\t<\/div>\n\t\t\t\t<\/div>\n\t\t<div class=\"elementor-element elementor-element-2325afa3 e-flex e-con-boxed e-con e-parent\" data-id=\"2325afa3\" data-element_type=\"container\" data-e-type=\"container\" data-settings=\"{&quot;background_background&quot;:&quot;classic&quot;}\">\n\t\t\t\t\t<div class=\"e-con-inner\">\n\t\t\t\t<div class=\"elementor-element elementor-element-340f2a6b elementor-widget__width-inherit elementor-widget elementor-widget-heading\" data-id=\"340f2a6b\" data-element_type=\"widget\" data-e-type=\"widget\" data-widget_type=\"heading.default\">\n\t\t\t\t<div class=\"elementor-widget-container\">\n\t\t\t\t\t<h2 class=\"elementor-heading-title elementor-size-default\">Vuokraukseen soveltuvat tilat<\/h2>\t\t\t\t<\/div>\n\t\t\t\t<\/div>\n\t\t\t\t<div class=\"elementor-element elementor-element-313d63b2 elementor-widget__width-initial elementor-widget elementor-widget-heading\" data-id=\"313d63b2\" data-element_type=\"widget\" data-e-type=\"widget\" data-widget_type=\"heading.default\">\n\t\t\t\t<div class=\"elementor-widget-container\">\n\t\t\t\t\t<h5 class=\"elementor-heading-title elementor-size-default\">Tarjoamme erikokoisia ja -sijainniltaan erilaisia tiloja - jokaisella on ainutlaatuinen historia, vieh\u00e4tysvoima ja tyylikkyys.<\/h5>\t\t\t\t<\/div>\n\t\t\t\t<\/div>\n\t\t\t\t<div class=\"elementor-element elementor-element-2e6d803f elementor-cta--skin-cover elementor-cta--valign-top elementor-widget__width-initial elementor-widget elementor-widget-call-to-action\" data-id=\"2e6d803f\" data-element_type=\"widget\" data-e-type=\"widget\" data-widget_type=\"call-to-action.default\">\n\t\t\t\t<div class=\"elementor-widget-container\">\n\t\t\t\t\t\t\t<div class=\"elementor-cta\">\n\t\t\t\t\t<div class=\"elementor-cta__bg-wrapper\">\n\t\t\t\t<div class=\"elementor-cta__bg elementor-bg lazyload\" style=\"background-image:inherit;\" role=\"img\" aria-label=\"Eric Ericsonhallen entre\" data-bg-image=\"url(https:\/\/www.skeppsholmsgruppen.se\/wp-content\/uploads\/2024\/04\/Eric-Ericsonhallen-entre.jpg)\"><\/div>\n\t\t\t\t<div class=\"elementor-cta__bg-overlay\"><\/div>\n\t\t\t<\/div>\n\t\t\t\t\t\t\t<div class=\"elementor-cta__content\">\n\t\t\t\t\n\t\t\t\t\t\t\t\t\t<span class=\"elementor-cta__title elementor-cta__content-item elementor-content-item\">\n\t\t\t\t\t\t<br>Eric<span style=\"font-weight: normal\">Ericsonhallen<\/span>\t\t\t\t\t<\/span>\n\t\t\t\t\n\t\t\t\t\t\t\t\t\t<div class=\"elementor-cta__description elementor-cta__content-item elementor-content-item\">\n\t\t\t\t\t\t<p>Tukholman n\u00e4ytt\u00e4vin juhla- ja konserttisali, joka sijaitsee keskell\u00e4 kaupunkia, vain 200 metrin p\u00e4\u00e4ss\u00e4 Grand Hotellista. Rakennus sijaitsee kukkulalla linnan ja vanhan kaupungin taustalla. Sen avoin pinta-ala on 600 neli\u00f6metri\u00e4 ja kattokorkeus on valtava. <\/p>\n<p><\/p>\n\t\t\t\t\t<\/div>\n\t\t\t\t\n\t\t\t\t\t\t\t\t\t<div class=\"elementor-cta__button-wrapper elementor-cta__content-item elementor-content-item \">\n\t\t\t\t\t<a class=\"elementor-cta__button elementor-button elementor-size-\" href=\"https:\/\/www.skeppsholmsgruppen.se\/fi\/ainutlaatuiset-tapahtumatilat\/eric-ericson-hall\/\">\n\t\t\t\t\t\tLue lis\u00e4\u00e4\t\t\t\t\t<\/a>\n\t\t\t\t\t<\/div>\n\t\t\t\t\t\t\t<\/div>\n\t\t\t\t\t\t<\/div>\n\t\t\t\t\t\t<\/div>\n\t\t\t\t<\/div>\n\t\t\t\t<div class=\"elementor-element elementor-element-681936a8 elementor-cta--skin-cover elementor-cta--valign-top elementor-widget__width-initial elementor-widget elementor-widget-call-to-action\" data-id=\"681936a8\" data-element_type=\"widget\" data-e-type=\"widget\" data-widget_type=\"call-to-action.default\">\n\t\t\t\t<div class=\"elementor-widget-container\">\n\t\t\t\t\t\t\t<div class=\"elementor-cta\">\n\t\t\t\t\t<div class=\"elementor-cta__bg-wrapper\">\n\t\t\t\t<div class=\"elementor-cta__bg elementor-bg lazyload\" style=\"background-image:inherit;\" role=\"img\" aria-label=\"Moderna Museets Restaurang\" data-bg-image=\"url(https:\/\/www.skeppsholmsgruppen.se\/wp-content\/uploads\/2024\/03\/Moderna-Museets-Restaurang.png)\"><\/div>\n\t\t\t\t<div class=\"elementor-cta__bg-overlay\"><\/div>\n\t\t\t<\/div>\n\t\t\t\t\t\t\t<div class=\"elementor-cta__content\">\n\t\t\t\t\n\t\t\t\t\t\t\t\t\t<span class=\"elementor-cta__title elementor-cta__content-item elementor-content-item\">\n\t\t\t\t\t\t<br>Moderna Museetin<span style=\"font-weight: normal\">ravintola<\/span>\t\t\t\t\t<\/span>\n\t\t\t\t\n\t\t\t\t\t\t\t\t\t<div class=\"elementor-cta__description elementor-cta__content-item elementor-content-item\">\n\t\t\t\t\t\t<p>Juhlasali, josta on Tukholman paras n\u00e4k\u00f6ala, sill\u00e4 sen panoraamaikkunasta avautuu n\u00e4kym\u00e4 Strandv\u00e4genille ja Djurg\u00e5rdenille.<br \/>\nT\u00e4\u00e4ll\u00e4 Malin S\u00f6derstr\u00f6m ja h\u00e4nen fantastinen tiimins\u00e4 luovat unohtumattomia ruokailukokemuksia keskittyen vahvasti kest\u00e4v\u00e4\u00e4n kehitykseen, luovuuteen, innovointiin ja makuun.<\/p>\n\t\t\t\t\t<\/div>\n\t\t\t\t\n\t\t\t\t\t\t\t\t\t<div class=\"elementor-cta__button-wrapper elementor-cta__content-item elementor-content-item \">\n\t\t\t\t\t<a class=\"elementor-cta__button elementor-button elementor-size-\" href=\"https:\/\/www.skeppsholmsgruppen.se\/fi\/ainutlaatuiset-tapahtumatilat\/moderna-museetin-ravintola\/\">\n\t\t\t\t\t\tLue lis\u00e4\u00e4  \t\t\t\t\t<\/a>\n\t\t\t\t\t<\/div>\n\t\t\t\t\t\t\t<\/div>\n\t\t\t\t\t\t<\/div>\n\t\t\t\t\t\t<\/div>\n\t\t\t\t<\/div>\n\t\t\t\t<div class=\"elementor-element elementor-element-5a506b7f elementor-cta--skin-cover elementor-cta--valign-top elementor-widget__width-initial elementor-widget elementor-widget-call-to-action\" data-id=\"5a506b7f\" data-element_type=\"widget\" data-e-type=\"widget\" data-widget_type=\"call-to-action.default\">\n\t\t\t\t<div class=\"elementor-widget-container\">\n\t\t\t\t\t\t\t<div class=\"elementor-cta\">\n\t\t\t\t\t<div class=\"elementor-cta__bg-wrapper\">\n\t\t\t\t<div class=\"elementor-cta__bg elementor-bg lazyload\" style=\"background-image:inherit;\" role=\"img\" aria-label=\"Glasverandan - entr\u00e9\" data-bg-image=\"url(https:\/\/www.skeppsholmsgruppen.se\/wp-content\/uploads\/2024\/04\/Glasverandan-entre.jpg)\"><\/div>\n\t\t\t\t<div class=\"elementor-cta__bg-overlay\"><\/div>\n\t\t\t<\/div>\n\t\t\t\t\t\t\t<div class=\"elementor-cta__content\">\n\t\t\t\t\n\t\t\t\t\t\t\t\t\t<span class=\"elementor-cta__title elementor-cta__content-item elementor-content-item\">\n\t\t\t\t\t\tLasiveranta<br><br>\t\t\t\t\t<\/span>\n\t\t\t\t\n\t\t\t\t\t\t\t\t\t<div class=\"elementor-cta__description elementor-cta__content-item elementor-content-item\">\n\t\t\t\t\t\t<p>Yksi Tukholman kauneimmista juhlasaleista! Se sijaitsee vanhassa Mindepartementetissa Skeppsholmenilla, 5 minuutin k\u00e4velymatkan p\u00e4\u00e4ss\u00e4 Grand Hotellilta. Suurista ikkunoista, joista valo tulvii sis\u00e4\u00e4n, avautuu upea n\u00e4kym\u00e4 vedelle ja Strandv\u00e4genille.    <\/p>\n\t\t\t\t\t<\/div>\n\t\t\t\t\n\t\t\t\t\t\t\t\t\t<div class=\"elementor-cta__button-wrapper elementor-cta__content-item elementor-content-item \">\n\t\t\t\t\t<a class=\"elementor-cta__button elementor-button elementor-size-\" href=\"https:\/\/www.skeppsholmsgruppen.se\/fi\/ainutlaatuiset-tapahtumatilat\/lasiveranta\/\">\n\t\t\t\t\t\tLue lis\u00e4\u00e4\t\t\t\t\t<\/a>\n\t\t\t\t\t<\/div>\n\t\t\t\t\t\t\t<\/div>\n\t\t\t\t\t\t<\/div>\n\t\t\t\t\t\t<\/div>\n\t\t\t\t<\/div>\n\t\t\t\t<div class=\"elementor-element elementor-element-bf191e0 elementor-cta--skin-cover elementor-cta--valign-top elementor-widget__width-initial elementor-widget elementor-widget-call-to-action\" data-id=\"bf191e0\" data-element_type=\"widget\" data-e-type=\"widget\" data-widget_type=\"call-to-action.default\">\n\t\t\t\t<div class=\"elementor-widget-container\">\n\t\t\t\t\t\t\t<div class=\"elementor-cta\">\n\t\t\t\t\t<div class=\"elementor-cta__bg-wrapper\">\n\t\t\t\t<div class=\"elementor-cta__bg elementor-bg lazyload\" style=\"background-image:inherit;\" role=\"img\" aria-label=\"Segelsalen (2)\" data-bg-image=\"url(https:\/\/www.skeppsholmsgruppen.se\/wp-content\/uploads\/2024\/03\/Segelsalen-2.png)\"><\/div>\n\t\t\t\t<div class=\"elementor-cta__bg-overlay\"><\/div>\n\t\t\t<\/div>\n\t\t\t\t\t\t\t<div class=\"elementor-cta__content\">\n\t\t\t\t\n\t\t\t\t\t\t\t\t\t<span class=\"elementor-cta__title elementor-cta__content-item elementor-content-item\">\n\t\t\t\t\t\tPurjehdushallit  <br><br>\t\t\t\t\t<\/span>\n\t\t\t\t\n\t\t\t\t\t\t\t\t\t<div class=\"elementor-cta__description elementor-cta__content-item elementor-content-item\">\n\t\t\t\t\t\t<p>Segelsalen sijaitsee yhdess\u00e4 Tukholman vanhimmista taloista Skeppsholmenilla. Rakennuksen yl\u00e4kerrassa sijaitsevasta juhlasalista avautuu upea n\u00e4k\u00f6ala. Strandv\u00e4gen ja Gr\u00f6na Lund ovat toisella puolella, mutta t\u00e4\u00e4ll\u00e4 on tuntuva rauhallisuus, veneiden ja tervan hajun seassa.  <\/p>\n\t\t\t\t\t<\/div>\n\t\t\t\t\n\t\t\t\t\t\t\t\t\t<div class=\"elementor-cta__button-wrapper elementor-cta__content-item elementor-content-item \">\n\t\t\t\t\t<a class=\"elementor-cta__button elementor-button elementor-size-\" href=\"https:\/\/www.skeppsholmsgruppen.se\/fi\/ainutlaatuiset-tapahtumatilat\/purjehdushallit\/\">\n\t\t\t\t\t\tLue lis\u00e4\u00e4  \t\t\t\t\t<\/a>\n\t\t\t\t\t<\/div>\n\t\t\t\t\t\t\t<\/div>\n\t\t\t\t\t\t<\/div>\n\t\t\t\t\t\t<\/div>\n\t\t\t\t<\/div>\n\t\t\t\t<div class=\"elementor-element elementor-element-464e2d42 elementor-cta--skin-cover elementor-cta--valign-top elementor-widget__width-initial elementor-widget elementor-widget-call-to-action\" data-id=\"464e2d42\" data-element_type=\"widget\" data-e-type=\"widget\" data-widget_type=\"call-to-action.default\">\n\t\t\t\t<div class=\"elementor-widget-container\">\n\t\t\t\t\t\t\t<div class=\"elementor-cta\">\n\t\t\t\t\t<div class=\"elementor-cta__bg-wrapper\">\n\t\t\t\t<div class=\"elementor-cta__bg elementor-bg lazyload\" style=\"background-image:inherit;\" role=\"img\" aria-label=\"Beijing Konferenslokal p\u00e5 \u00d6stasiatiska Museet | Flexibel och Inspirerande i Stockholm\" data-bg-image=\"url(https:\/\/www.skeppsholmsgruppen.se\/wp-content\/uploads\/2024\/04\/Beijing-ostasiatiska-museet.jpg)\"><\/div>\n\t\t\t\t<div class=\"elementor-cta__bg-overlay\"><\/div>\n\t\t\t<\/div>\n\t\t\t\t\t\t\t<div class=\"elementor-cta__content\">\n\t\t\t\t\n\t\t\t\t\t\t\t\t\t<span class=\"elementor-cta__title elementor-cta__content-item elementor-content-item\">\n\t\t\t\t\t\t<br>Pekingin<span style=\"font-weight: normal\">It\u00e4-Aasian museo<\/span>\t\t\t\t\t<\/span>\n\t\t\t\t\n\t\t\t\t\t\t\t\t\t<div class=\"elementor-cta__description elementor-cta__content-item elementor-content-item\">\n\t\t\t\t\t\t<p>Paikka sopii erinomaisesti konferensseihin, vuosikokouksiin, sekoittumiseen ja tapahtumiin, ja se voidaan kalustaa tarpeidesi mukaan. Peking on valoisa, inspiroiva ja tarjoaa tyylikk\u00e4\u00e4n aasialaisen tunnelman. It\u00e4-Aasian museossa yksinoikeus ja mielenrauha on taattu.    <\/p>\n\t\t\t\t\t<\/div>\n\t\t\t\t\n\t\t\t\t\t\t\t\t\t<div class=\"elementor-cta__button-wrapper elementor-cta__content-item elementor-content-item \">\n\t\t\t\t\t<a class=\"elementor-cta__button elementor-button elementor-size-\" href=\"https:\/\/www.skeppsholmsgruppen.se\/unika-eventlokaler-i-stockholm\/beijing-auditorium\/\">\n\t\t\t\t\t\tLue lis\u00e4\u00e4  \t\t\t\t\t<\/a>\n\t\t\t\t\t<\/div>\n\t\t\t\t\t\t\t<\/div>\n\t\t\t\t\t\t<\/div>\n\t\t\t\t\t\t<\/div>\n\t\t\t\t<\/div>\n\t\t\t\t<div class=\"elementor-element elementor-element-62c133f5 elementor-cta--skin-cover elementor-cta--valign-top elementor-widget__width-initial elementor-widget elementor-widget-call-to-action\" data-id=\"62c133f5\" data-element_type=\"widget\" data-e-type=\"widget\" data-widget_type=\"call-to-action.default\">\n\t\t\t\t<div class=\"elementor-widget-container\">\n\t\t\t\t\t\t\t<div class=\"elementor-cta\">\n\t\t\t\t\t<div class=\"elementor-cta__bg-wrapper\">\n\t\t\t\t<div class=\"elementor-cta__bg elementor-bg lazyload\" style=\"background-image:inherit;\" role=\"img\" aria-label=\"Mindepartementet p\u00e5 Skeppsholmen | Vackra Lokaler f\u00f6r Fest och Konferens i Stockholm\" data-bg-image=\"url(https:\/\/www.skeppsholmsgruppen.se\/wp-content\/uploads\/2024\/03\/Mindepartementet.png)\"><\/div>\n\t\t\t\t<div class=\"elementor-cta__bg-overlay\"><\/div>\n\t\t\t<\/div>\n\t\t\t\t\t\t\t<div class=\"elementor-cta__content\">\n\t\t\t\t\n\t\t\t\t\t\t\t\t\t<span class=\"elementor-cta__title elementor-cta__content-item elementor-content-item\">\n\t\t\t\t\t\tKaivosministeri\u00f6  <br><br>\t\t\t\t\t<\/span>\n\t\t\t\t\n\t\t\t\t\t\t\t\t\t<div class=\"elementor-cta__description elementor-cta__content-item elementor-content-item\">\n\t\t\t\t\t\t<p>Mindepartementetilla on kauniit tilat t\u00e4ynn\u00e4 luonnetta. Rakennus on vanha, hiljattain kunnostettu teollisuustila, jonka vanhimmat osat ovat per\u00e4isin 1880-luvulta. K\u00e4yt\u00f6ss\u00e4 on projektori ja \u00e4\u00e4nentoistoj\u00e4rjestelm\u00e4 sek\u00e4 siipi.    <\/p>\n\t\t\t\t\t<\/div>\n\t\t\t\t\n\t\t\t\t\t\t\t\t\t<div class=\"elementor-cta__button-wrapper elementor-cta__content-item elementor-content-item \">\n\t\t\t\t\t<a class=\"elementor-cta__button elementor-button elementor-size-\" href=\"https:\/\/www.skeppsholmsgruppen.se\/fi\/ainutlaatuiset-tapahtumatilat\/kaivosministerio\/\">\n\t\t\t\t\t\tLue lis\u00e4\u00e4\t\t\t\t\t<\/a>\n\t\t\t\t\t<\/div>\n\t\t\t\t\t\t\t<\/div>\n\t\t\t\t\t\t<\/div>\n\t\t\t\t\t\t<\/div>\n\t\t\t\t<\/div>\n\t\t\t\t<div class=\"elementor-element elementor-element-eba1ff6 elementor-cta--skin-cover elementor-cta--valign-top elementor-widget__width-initial elementor-widget elementor-widget-call-to-action\" data-id=\"eba1ff6\" data-element_type=\"widget\" data-e-type=\"widget\" data-widget_type=\"call-to-action.default\">\n\t\t\t\t<div class=\"elementor-widget-container\">\n\t\t\t\t\t\t\t<div class=\"elementor-cta\">\n\t\t\t\t\t<div class=\"elementor-cta__bg-wrapper\">\n\t\t\t\t<div class=\"elementor-cta__bg elementor-bg lazyload\" style=\"background-image:inherit;\" role=\"img\" aria-label=\"Lyssningsrummet - Skeppsholmen\" data-bg-image=\"url(https:\/\/www.skeppsholmsgruppen.se\/wp-content\/uploads\/2024\/11\/Skeppsholmen-Lyssningsrummet.jpg)\"><\/div>\n\t\t\t\t<div class=\"elementor-cta__bg-overlay\"><\/div>\n\t\t\t<\/div>\n\t\t\t\t\t\t\t<div class=\"elementor-cta__content\">\n\t\t\t\t\n\t\t\t\t\t\t\t\t\t<span class=\"elementor-cta__title elementor-cta__content-item elementor-content-item\">\n\t\t\t\t\t\tKuunteluhuone<br><br>\t\t\t\t\t<\/span>\n\t\t\t\t\n\t\t\t\t\t\t\t\t\t<div class=\"elementor-cta__description elementor-cta__content-item elementor-content-item\">\n\t\t\t\t\t\t<p>Tutustu Skeppsholmenin Lyssningsrummetiin - huoneeseen, jossa on fantastinen akustiikka ja ainutlaatuinen valaistus ja joka sopii erinomaisesti konferensseihin, luentoihin ja pienempiin tapahtumiin.  <\/p>\n<p>LUE LIS\u00c4\u00c4<\/p>\n\t\t\t\t\t<\/div>\n\t\t\t\t\n\t\t\t\t\t\t\t\t\t<div class=\"elementor-cta__button-wrapper elementor-cta__content-item elementor-content-item \">\n\t\t\t\t\t<a class=\"elementor-cta__button elementor-button elementor-size-\" href=\"https:\/\/www.skeppsholmsgruppen.se\/fi\/ainutlaatuiset-tapahtumatilat\/kuunteluhuone\/\">\n\t\t\t\t\t\tLue lis\u00e4\u00e4\t\t\t\t\t<\/a>\n\t\t\t\t\t<\/div>\n\t\t\t\t\t\t\t<\/div>\n\t\t\t\t\t\t<\/div>\n\t\t\t\t\t\t<\/div>\n\t\t\t\t<\/div>\n\t\t\t\t<div class=\"elementor-element elementor-element-4b375ef8 elementor-cta--skin-cover elementor-cta--valign-top elementor-widget__width-initial elementor-widget elementor-widget-call-to-action\" data-id=\"4b375ef8\" data-element_type=\"widget\" data-e-type=\"widget\" data-widget_type=\"call-to-action.default\">\n\t\t\t\t<div class=\"elementor-widget-container\">\n\t\t\t\t\t\t\t<div class=\"elementor-cta\">\n\t\t\t\t\t<div class=\"elementor-cta__bg-wrapper\">\n\t\t\t\t<div class=\"elementor-cta__bg elementor-bg lazyload\" style=\"background-image:inherit;\" role=\"img\" aria-label=\"Briggen Tre Kronor Stockholm | Seglingar och Event p\u00e5 Vackert Fartyg\" data-bg-image=\"url(https:\/\/www.skeppsholmsgruppen.se\/wp-content\/uploads\/2024\/03\/Briggen-Tre-Kronor.png)\"><\/div>\n\t\t\t\t<div class=\"elementor-cta__bg-overlay\"><\/div>\n\t\t\t<\/div>\n\t\t\t\t\t\t\t<div class=\"elementor-cta__content\">\n\t\t\t\t\n\t\t\t\t\t\t\t\t\t<span class=\"elementor-cta__title elementor-cta__content-item elementor-content-item\">\n\t\t\t\t\t\t<br>Briggen<span style=\"font-weight: normal\">Tre Kronor<\/span>\t\t\t\t\t<\/span>\n\t\t\t\t\n\t\t\t\t\t\t\t\t\t<div class=\"elementor-cta__description elementor-cta__content-item elementor-content-item\">\n\t\t\t\t\t\t<p> Tre Kronor af Stockholm, aiemmin tunnettu nimell\u00e4 Stockholmsbriggen. Tarjoamme purjehdusmatkoja ja illallisia t\u00e4ll\u00e4 kauniilla laivalla.  <\/p>\n\t\t\t\t\t<\/div>\n\t\t\t\t\n\t\t\t\t\t\t\t\t\t<div class=\"elementor-cta__button-wrapper elementor-cta__content-item elementor-content-item \">\n\t\t\t\t\t<a class=\"elementor-cta__button elementor-button elementor-size-\" href=\"https:\/\/www.skeppsholmsgruppen.se\/fi\/ainutlaatuiset-tapahtumatilat\/priki-tre-kronor\/\">\n\t\t\t\t\t\tLue lis\u00e4\u00e4  \t\t\t\t\t<\/a>\n\t\t\t\t\t<\/div>\n\t\t\t\t\t\t\t<\/div>\n\t\t\t\t\t\t<\/div>\n\t\t\t\t\t\t<\/div>\n\t\t\t\t<\/div>\n\t\t\t\t<div class=\"elementor-element elementor-element-26828868 elementor-cta--skin-cover elementor-cta--valign-top elementor-widget__width-initial elementor-widget elementor-widget-call-to-action\" data-id=\"26828868\" data-element_type=\"widget\" data-e-type=\"widget\" data-widget_type=\"call-to-action.default\">\n\t\t\t\t<div class=\"elementor-widget-container\">\n\t\t\t\t\t\t\t<div class=\"elementor-cta\">\n\t\t\t\t\t<div class=\"elementor-cta__bg-wrapper\">\n\t\t\t\t<div class=\"elementor-cta__bg elementor-bg lazyload\" style=\"background-image:inherit;\" role=\"img\" aria-label=\"Evenemang p\u00e5 \u00c5ngfartyget Motala Express i Stockholm\" data-bg-image=\"url(https:\/\/www.skeppsholmsgruppen.se\/wp-content\/uploads\/2024\/04\/Angbat_Motala_Express_ovre_dack.jpeg)\"><\/div>\n\t\t\t\t<div class=\"elementor-cta__bg-overlay\"><\/div>\n\t\t\t<\/div>\n\t\t\t\t\t\t\t<div class=\"elementor-cta__content\">\n\t\t\t\t\n\t\t\t\t\t\t\t\t\t<span class=\"elementor-cta__title elementor-cta__content-item elementor-content-item\">\n\t\t\t\t\t\t<br>H\u00f6yrylaiva<span style=\"font-weight: normal\">Motala Express<\/span>\t\t\t\t\t<\/span>\n\t\t\t\t\n\t\t\t\t\t\t\t\t\t<div class=\"elementor-cta__description elementor-cta__content-item elementor-content-item\">\n\t\t\t\t\t\t<p>Motala Express tai \"V\u00e4tterns f\u00e5nge\", kuten sit\u00e4 my\u00f6s kutsuttiin, rakennettiin vuonna 1895 J\u00f6nk\u00f6pingin Mekaniska Verkstadissa V\u00e4ttern-j\u00e4rven suurimmaksi, nopeimmaksi ja kauneimmaksi.  <\/p>\n\t\t\t\t\t<\/div>\n\t\t\t\t\n\t\t\t\t\t\t\t\t\t<div class=\"elementor-cta__button-wrapper elementor-cta__content-item elementor-content-item \">\n\t\t\t\t\t<a class=\"elementor-cta__button elementor-button elementor-size-\" href=\"https:\/\/www.skeppsholmsgruppen.se\/fi\/ainutlaatuiset-tapahtumatilat\/hoyrylaiva-motala-express\/\">\n\t\t\t\t\t\tLue lis\u00e4\u00e4\t\t\t\t\t<\/a>\n\t\t\t\t\t<\/div>\n\t\t\t\t\t\t\t<\/div>\n\t\t\t\t\t\t<\/div>\n\t\t\t\t\t\t<\/div>\n\t\t\t\t<\/div>\n\t\t\t\t<div class=\"elementor-element elementor-element-581c3e47 elementor-cta--skin-cover elementor-cta--valign-top elementor-widget__width-initial elementor-widget elementor-widget-call-to-action\" data-id=\"581c3e47\" data-element_type=\"widget\" data-e-type=\"widget\" data-widget_type=\"call-to-action.default\">\n\t\t\t\t<div class=\"elementor-widget-container\">\n\t\t\t\t\t\t\t<div class=\"elementor-cta\">\n\t\t\t\t\t<div class=\"elementor-cta__bg-wrapper\">\n\t\t\t\t<div class=\"elementor-cta__bg elementor-bg lazyload\" style=\"background-image:inherit;\" role=\"img\" aria-label=\"\u00c5ngsluppen Frithiof | Klassisk Stockholmsprofil f\u00f6r Unika Evenemang\" data-bg-image=\"url(https:\/\/www.skeppsholmsgruppen.se\/wp-content\/uploads\/2024\/03\/Angbaten-Frithiof.png)\"><\/div>\n\t\t\t\t<div class=\"elementor-cta__bg-overlay\"><\/div>\n\t\t\t<\/div>\n\t\t\t\t\t\t\t<div class=\"elementor-cta__content\">\n\t\t\t\t\n\t\t\t\t\t\t\t\t\t<span class=\"elementor-cta__title elementor-cta__content-item elementor-content-item\">\n\t\t\t\t\t\t<br>H\u00f6yryveturi<span style=\"font-weight: normal\">Frithiof<\/span>\t\t\t\t\t<\/span>\n\t\t\t\t\n\t\t\t\t\t\t\t\t\t<div class=\"elementor-cta__description elementor-cta__content-item elementor-content-item\">\n\t\t\t\t\t\t<p>T\u00e4m\u00e4 klassinen Tukholman profiili rakennettiin vuonna 1897 Tukholman S\u00f6dra varvetilla matkustajalaivaksi Nybrovikenin ja Djurg\u00e5rdenin v\u00e4liselle reitille.  <\/p>\n\t\t\t\t\t<\/div>\n\t\t\t\t\n\t\t\t\t\t\t\t\t\t<div class=\"elementor-cta__button-wrapper elementor-cta__content-item elementor-content-item \">\n\t\t\t\t\t<a class=\"elementor-cta__button elementor-button elementor-size-\" href=\"https:\/\/www.skeppsholmsgruppen.se\/fi\/ainutlaatuiset-tapahtumatilat\/hoyrylaiva-frithiof\/\">\n\t\t\t\t\t\tLue lis\u00e4\u00e4\t\t\t\t\t<\/a>\n\t\t\t\t\t<\/div>\n\t\t\t\t\t\t\t<\/div>\n\t\t\t\t\t\t<\/div>\n\t\t\t\t\t\t<\/div>\n\t\t\t\t<\/div>\n\t\t\t\t\t<\/div>\n\t\t\t\t<\/div>\n\t\t<div class=\"elementor-element elementor-element-f597f91 e-flex e-con-boxed e-con e-parent\" data-id=\"f597f91\" data-element_type=\"container\" data-e-type=\"container\">\n\t\t\t\t\t<div class=\"e-con-inner\">\n\t\t<div class=\"elementor-element elementor-element-4df852a e-flex e-con-boxed e-con e-child\" data-id=\"4df852a\" data-element_type=\"container\" data-e-type=\"container\">\n\t\t\t\t\t<div class=\"e-con-inner\">\n\t\t\t\t<div class=\"elementor-element elementor-element-57d5d483 elementor-widget elementor-widget-heading\" data-id=\"57d5d483\" data-element_type=\"widget\" data-e-type=\"widget\" data-widget_type=\"heading.default\">\n\t\t\t\t<div class=\"elementor-widget-container\">\n\t\t\t\t\t<h2 class=\"elementor-heading-title elementor-size-default\">inspiraatio  <\/h2>\t\t\t\t<\/div>\n\t\t\t\t<\/div>\n\t\t\t\t<div class=\"elementor-element elementor-element-2df85bac elementor-widget elementor-widget-heading\" data-id=\"2df85bac\" data-element_type=\"widget\" data-e-type=\"widget\" data-widget_type=\"heading.default\">\n\t\t\t\t<div class=\"elementor-widget-container\">\n\t\t\t\t\t<h1 class=\"elementor-heading-title elementor-size-default\">Kuvia tiloistamme<\/h1>\t\t\t\t<\/div>\n\t\t\t\t<\/div>\n\t\t\t\t\t<\/div>\n\t\t\t\t<\/div>\n\t\t\t\t<div class=\"elementor-element elementor-element-5cdbe365 elementor-widget elementor-widget-gallery\" data-id=\"5cdbe365\" data-element_type=\"widget\" data-e-type=\"widget\" data-settings=\"{&quot;gallery_layout&quot;:&quot;justified&quot;,&quot;gap&quot;:{&quot;unit&quot;:&quot;px&quot;,&quot;size&quot;:8,&quot;sizes&quot;:[]},&quot;image_hover_animation&quot;:&quot;grow&quot;,&quot;background_overlay_hover_animation&quot;:&quot;enter-zoom-in&quot;,&quot;ideal_row_height&quot;:{&quot;unit&quot;:&quot;px&quot;,&quot;size&quot;:290,&quot;sizes&quot;:[]},&quot;ideal_row_height_tablet&quot;:{&quot;unit&quot;:&quot;px&quot;,&quot;size&quot;:150,&quot;sizes&quot;:[]},&quot;ideal_row_height_mobile&quot;:{&quot;unit&quot;:&quot;px&quot;,&quot;size&quot;:150,&quot;sizes&quot;:[]},&quot;gap_tablet&quot;:{&quot;unit&quot;:&quot;px&quot;,&quot;size&quot;:10,&quot;sizes&quot;:[]},&quot;gap_mobile&quot;:{&quot;unit&quot;:&quot;px&quot;,&quot;size&quot;:10,&quot;sizes&quot;:[]},&quot;link_to&quot;:&quot;file&quot;,&quot;overlay_background&quot;:&quot;yes&quot;,&quot;content_hover_animation&quot;:&quot;fade-in&quot;}\" data-widget_type=\"gallery.default\">\n\t\t\t\t<div class=\"elementor-widget-container\">\n\t\t\t\t\t\t\t<div class=\"elementor-gallery__container\">\n\t\t\t\t\t\t\t<a class=\"e-gallery-item elementor-gallery-item elementor-animated-content\" href=\"https:\/\/www.skeppsholmsgruppen.se\/wp-content\/uploads\/2024\/04\/Mindfulness.jpg\" data-elementor-open-lightbox=\"yes\" data-elementor-lightbox-slideshow=\"5cdbe365\" data-elementor-lightbox-title=\"Mindfulness\" data-e-action-hash=\"#elementor-action%3Aaction%3Dlightbox%26settings%3DeyJpZCI6MjA2MSwidXJsIjoiaHR0cHM6XC9cL3d3dy5za2VwcHNob2xtc2dydXBwZW4uc2VcL3dwLWNvbnRlbnRcL3VwbG9hZHNcLzIwMjRcLzA0XC9NaW5kZnVsbmVzcy5qcGciLCJzbGlkZXNob3ciOiI1Y2RiZTM2NSJ9\">\n\t\t\t\t\t<div class=\"e-gallery-image elementor-gallery-item__image\" data-thumbnail=\"https:\/\/www.skeppsholmsgruppen.se\/wp-content\/uploads\/2024\/04\/Mindfulness-1024x575.jpg\" data-width=\"800\" data-height=\"449\" aria-label=\"\" role=\"img\" ><\/div>\n\t\t\t\t\t\t\t\t\t\t\t<div class=\"elementor-gallery-item__overlay\"><\/div>\n\t\t\t\t\t\t\t\t\t\t\t\t\t\t<\/a>\n\t\t\t\t\t\t\t<a class=\"e-gallery-item elementor-gallery-item elementor-animated-content\" href=\"https:\/\/www.skeppsholmsgruppen.se\/wp-content\/uploads\/2024\/04\/Candlelight-i-Eric-Ericsonhallen.jpg\" data-elementor-open-lightbox=\"yes\" data-elementor-lightbox-slideshow=\"5cdbe365\" data-e-action-hash=\"#elementor-action%3Aaction%3Dlightbox%26settings%3DeyJpZCI6MTc0NCwidXJsIjoiaHR0cHM6XC9cL3d3dy5za2VwcHNob2xtc2dydXBwZW4uc2VcL3dwLWNvbnRlbnRcL3VwbG9hZHNcLzIwMjRcLzA0XC9DYW5kbGVsaWdodC1pLUVyaWMtRXJpY3NvbmhhbGxlbi5qcGciLCJzbGlkZXNob3ciOiI1Y2RiZTM2NSJ9\">\n\t\t\t\t\t<div class=\"e-gallery-image elementor-gallery-item__image\" data-thumbnail=\"https:\/\/www.skeppsholmsgruppen.se\/wp-content\/uploads\/2024\/04\/Candlelight-i-Eric-Ericsonhallen-1024x576.jpg\" data-width=\"800\" data-height=\"450\" aria-label=\"\" role=\"img\" ><\/div>\n\t\t\t\t\t\t\t\t\t\t\t<div class=\"elementor-gallery-item__overlay\"><\/div>\n\t\t\t\t\t\t\t\t\t\t\t\t\t\t<\/a>\n\t\t\t\t\t\t\t<a class=\"e-gallery-item elementor-gallery-item elementor-animated-content\" href=\"https:\/\/www.skeppsholmsgruppen.se\/wp-content\/uploads\/2024\/04\/Brud-par-i-Eric-Ericsonhallen.jpg\" data-elementor-open-lightbox=\"yes\" data-elementor-lightbox-slideshow=\"5cdbe365\" data-elementor-lightbox-title=\"Brud par i Eric Ericsonhallen\" data-e-action-hash=\"#elementor-action%3Aaction%3Dlightbox%26settings%3DeyJpZCI6MTcyOCwidXJsIjoiaHR0cHM6XC9cL3d3dy5za2VwcHNob2xtc2dydXBwZW4uc2VcL3dwLWNvbnRlbnRcL3VwbG9hZHNcLzIwMjRcLzA0XC9CcnVkLXBhci1pLUVyaWMtRXJpY3NvbmhhbGxlbi5qcGciLCJzbGlkZXNob3ciOiI1Y2RiZTM2NSJ9\">\n\t\t\t\t\t<div class=\"e-gallery-image elementor-gallery-item__image\" data-thumbnail=\"https:\/\/www.skeppsholmsgruppen.se\/wp-content\/uploads\/2024\/04\/Brud-par-i-Eric-Ericsonhallen-1024x683.jpg\" data-width=\"800\" data-height=\"534\" aria-label=\"\" role=\"img\" ><\/div>\n\t\t\t\t\t\t\t\t\t\t\t<div class=\"elementor-gallery-item__overlay\"><\/div>\n\t\t\t\t\t\t\t\t\t\t\t\t\t\t<\/a>\n\t\t\t\t\t\t\t<a class=\"e-gallery-item elementor-gallery-item elementor-animated-content\" href=\"https:\/\/www.skeppsholmsgruppen.se\/wp-content\/uploads\/2024\/04\/Kor-i-Eric-Ericsonhallen.jpg\" data-elementor-open-lightbox=\"yes\" data-elementor-lightbox-slideshow=\"5cdbe365\" data-elementor-lightbox-title=\"Konsert i Eric Ericsonhallen\" data-e-action-hash=\"#elementor-action%3Aaction%3Dlightbox%26settings%3DeyJpZCI6MTczOCwidXJsIjoiaHR0cHM6XC9cL3d3dy5za2VwcHNob2xtc2dydXBwZW4uc2VcL3dwLWNvbnRlbnRcL3VwbG9hZHNcLzIwMjRcLzA0XC9Lb3ItaS1FcmljLUVyaWNzb25oYWxsZW4uanBnIiwic2xpZGVzaG93IjoiNWNkYmUzNjUifQ%3D%3D\">\n\t\t\t\t\t<div class=\"e-gallery-image elementor-gallery-item__image\" data-thumbnail=\"https:\/\/www.skeppsholmsgruppen.se\/wp-content\/uploads\/2024\/04\/Kor-i-Eric-Ericsonhallen-1024x683.jpg\" data-width=\"800\" data-height=\"534\" aria-label=\"idealisk lokal f\u00f6r k\u00f6r, orkester, opera, jazz, pop och folkmusik\" role=\"img\" ><\/div>\n\t\t\t\t\t\t\t\t\t\t\t<div class=\"elementor-gallery-item__overlay\"><\/div>\n\t\t\t\t\t\t\t\t\t\t\t\t\t\t<\/a>\n\t\t\t\t\t\t\t<a class=\"e-gallery-item elementor-gallery-item elementor-animated-content\" href=\"https:\/\/www.skeppsholmsgruppen.se\/wp-content\/uploads\/2024\/04\/Eric-Ericsonhallen-empty.jpg\" data-elementor-open-lightbox=\"yes\" data-elementor-lightbox-slideshow=\"5cdbe365\" data-elementor-lightbox-title=\"Eric Ericsonhallen empty\" data-e-action-hash=\"#elementor-action%3Aaction%3Dlightbox%26settings%3DeyJpZCI6MTcwNSwidXJsIjoiaHR0cHM6XC9cL3d3dy5za2VwcHNob2xtc2dydXBwZW4uc2VcL3dwLWNvbnRlbnRcL3VwbG9hZHNcLzIwMjRcLzA0XC9FcmljLUVyaWNzb25oYWxsZW4tZW1wdHkuanBnIiwic2xpZGVzaG93IjoiNWNkYmUzNjUifQ%3D%3D\">\n\t\t\t\t\t<div class=\"e-gallery-image elementor-gallery-item__image\" data-thumbnail=\"https:\/\/www.skeppsholmsgruppen.se\/wp-content\/uploads\/2024\/04\/Eric-Ericsonhallen-empty-1024x768.jpg\" data-width=\"800\" data-height=\"600\" aria-label=\"\" role=\"img\" ><\/div>\n\t\t\t\t\t\t\t\t\t\t\t<div class=\"elementor-gallery-item__overlay\"><\/div>\n\t\t\t\t\t\t\t\t\t\t\t\t\t\t<\/a>\n\t\t\t\t\t\t\t<a class=\"e-gallery-item elementor-gallery-item elementor-animated-content\" href=\"https:\/\/www.skeppsholmsgruppen.se\/wp-content\/uploads\/2024\/04\/Glasverandan-ballroom.jpg\" data-elementor-open-lightbox=\"yes\" data-elementor-lightbox-slideshow=\"5cdbe365\" data-elementor-lightbox-title=\"Glasverandan - ballroom\" data-e-action-hash=\"#elementor-action%3Aaction%3Dlightbox%26settings%3DeyJpZCI6MTY1OSwidXJsIjoiaHR0cHM6XC9cL3d3dy5za2VwcHNob2xtc2dydXBwZW4uc2VcL3dwLWNvbnRlbnRcL3VwbG9hZHNcLzIwMjRcLzA0XC9HbGFzdmVyYW5kYW4tYmFsbHJvb20uanBnIiwic2xpZGVzaG93IjoiNWNkYmUzNjUifQ%3D%3D\">\n\t\t\t\t\t<div class=\"e-gallery-image elementor-gallery-item__image\" data-thumbnail=\"https:\/\/www.skeppsholmsgruppen.se\/wp-content\/uploads\/2024\/04\/Glasverandan-ballroom-1024x1024.jpg\" data-width=\"800\" data-height=\"800\" aria-label=\"\" role=\"img\" ><\/div>\n\t\t\t\t\t\t\t\t\t\t\t<div class=\"elementor-gallery-item__overlay\"><\/div>\n\t\t\t\t\t\t\t\t\t\t\t\t\t\t<\/a>\n\t\t\t\t\t\t\t<a class=\"e-gallery-item elementor-gallery-item elementor-animated-content\" href=\"https:\/\/www.skeppsholmsgruppen.se\/wp-content\/uploads\/2024\/04\/Glasverandan.jpg\" data-elementor-open-lightbox=\"yes\" data-elementor-lightbox-slideshow=\"5cdbe365\" data-elementor-lightbox-title=\"Screenshot\" data-e-action-hash=\"#elementor-action%3Aaction%3Dlightbox%26settings%3DeyJpZCI6MTY2MCwidXJsIjoiaHR0cHM6XC9cL3d3dy5za2VwcHNob2xtc2dydXBwZW4uc2VcL3dwLWNvbnRlbnRcL3VwbG9hZHNcLzIwMjRcLzA0XC9HbGFzdmVyYW5kYW4uanBnIiwic2xpZGVzaG93IjoiNWNkYmUzNjUifQ%3D%3D\">\n\t\t\t\t\t<div class=\"e-gallery-image elementor-gallery-item__image\" data-thumbnail=\"https:\/\/www.skeppsholmsgruppen.se\/wp-content\/uploads\/2024\/04\/Glasverandan-1024x692.jpg\" data-width=\"800\" data-height=\"541\" aria-label=\"\" role=\"img\" ><\/div>\n\t\t\t\t\t\t\t\t\t\t\t<div class=\"elementor-gallery-item__overlay\"><\/div>\n\t\t\t\t\t\t\t\t\t\t\t\t\t\t<\/a>\n\t\t\t\t\t\t\t<a class=\"e-gallery-item elementor-gallery-item elementor-animated-content\" href=\"https:\/\/www.skeppsholmsgruppen.se\/wp-content\/uploads\/2024\/04\/bride-at-Glasverandan.jpg\" data-elementor-open-lightbox=\"yes\" data-elementor-lightbox-slideshow=\"5cdbe365\" data-elementor-lightbox-title=\"bride at Glasverandan\" data-e-action-hash=\"#elementor-action%3Aaction%3Dlightbox%26settings%3DeyJpZCI6MTY1OCwidXJsIjoiaHR0cHM6XC9cL3d3dy5za2VwcHNob2xtc2dydXBwZW4uc2VcL3dwLWNvbnRlbnRcL3VwbG9hZHNcLzIwMjRcLzA0XC9icmlkZS1hdC1HbGFzdmVyYW5kYW4uanBnIiwic2xpZGVzaG93IjoiNWNkYmUzNjUifQ%3D%3D\">\n\t\t\t\t\t<div class=\"e-gallery-image elementor-gallery-item__image\" data-thumbnail=\"https:\/\/www.skeppsholmsgruppen.se\/wp-content\/uploads\/2024\/04\/bride-at-Glasverandan-682x1024.jpg\" data-width=\"682\" data-height=\"1024\" aria-label=\"\" role=\"img\" ><\/div>\n\t\t\t\t\t\t\t\t\t\t\t<div class=\"elementor-gallery-item__overlay\"><\/div>\n\t\t\t\t\t\t\t\t\t\t\t\t\t\t<\/a>\n\t\t\t\t\t\t\t<a class=\"e-gallery-item elementor-gallery-item elementor-animated-content\" href=\"https:\/\/www.skeppsholmsgruppen.se\/wp-content\/uploads\/2024\/04\/Brollopsfotografering.jpg\" data-elementor-open-lightbox=\"yes\" data-elementor-lightbox-slideshow=\"5cdbe365\" data-elementor-lightbox-title=\"Br\u00f6llopsfotografering\" data-e-action-hash=\"#elementor-action%3Aaction%3Dlightbox%26settings%3DeyJpZCI6MTY0NCwidXJsIjoiaHR0cHM6XC9cL3d3dy5za2VwcHNob2xtc2dydXBwZW4uc2VcL3dwLWNvbnRlbnRcL3VwbG9hZHNcLzIwMjRcLzA0XC9Ccm9sbG9wc2ZvdG9ncmFmZXJpbmcuanBnIiwic2xpZGVzaG93IjoiNWNkYmUzNjUifQ%3D%3D\">\n\t\t\t\t\t<div class=\"e-gallery-image elementor-gallery-item__image\" data-thumbnail=\"https:\/\/www.skeppsholmsgruppen.se\/wp-content\/uploads\/2024\/04\/Brollopsfotografering-768x1024.jpg\" data-width=\"768\" data-height=\"1024\" aria-label=\"\" role=\"img\" ><\/div>\n\t\t\t\t\t\t\t\t\t\t\t<div class=\"elementor-gallery-item__overlay\"><\/div>\n\t\t\t\t\t\t\t\t\t\t\t\t\t\t<\/a>\n\t\t\t\t\t\t\t<a class=\"e-gallery-item elementor-gallery-item elementor-animated-content\" href=\"https:\/\/www.skeppsholmsgruppen.se\/wp-content\/uploads\/2024\/04\/Konsert-Eric-Ericsonhallen.jpg\" data-elementor-open-lightbox=\"yes\" data-elementor-lightbox-slideshow=\"5cdbe365\" data-elementor-lightbox-title=\"Konsert Eric Ericsonhallen\" data-e-action-hash=\"#elementor-action%3Aaction%3Dlightbox%26settings%3DeyJpZCI6MTU5NCwidXJsIjoiaHR0cHM6XC9cL3d3dy5za2VwcHNob2xtc2dydXBwZW4uc2VcL3dwLWNvbnRlbnRcL3VwbG9hZHNcLzIwMjRcLzA0XC9Lb25zZXJ0LUVyaWMtRXJpY3NvbmhhbGxlbi5qcGciLCJzbGlkZXNob3ciOiI1Y2RiZTM2NSJ9\">\n\t\t\t\t\t<div class=\"e-gallery-image elementor-gallery-item__image\" data-thumbnail=\"https:\/\/www.skeppsholmsgruppen.se\/wp-content\/uploads\/2024\/04\/Konsert-Eric-Ericsonhallen-1024x959.jpg\" data-width=\"800\" data-height=\"749\" aria-label=\"\" role=\"img\" ><\/div>\n\t\t\t\t\t\t\t\t\t\t\t<div class=\"elementor-gallery-item__overlay\"><\/div>\n\t\t\t\t\t\t\t\t\t\t\t\t\t\t<\/a>\n\t\t\t\t\t\t\t<a class=\"e-gallery-item elementor-gallery-item elementor-animated-content\" href=\"https:\/\/www.skeppsholmsgruppen.se\/wp-content\/uploads\/2024\/04\/VIP-dukning-i-Eric-Ericsonhallen.jpg\" data-elementor-open-lightbox=\"yes\" data-elementor-lightbox-slideshow=\"5cdbe365\" data-elementor-lightbox-title=\"VIP dukning i Eric Ericsonhallen\" data-e-action-hash=\"#elementor-action%3Aaction%3Dlightbox%26settings%3DeyJpZCI6MTU4NCwidXJsIjoiaHR0cHM6XC9cL3d3dy5za2VwcHNob2xtc2dydXBwZW4uc2VcL3dwLWNvbnRlbnRcL3VwbG9hZHNcLzIwMjRcLzA0XC9WSVAtZHVrbmluZy1pLUVyaWMtRXJpY3NvbmhhbGxlbi5qcGciLCJzbGlkZXNob3ciOiI1Y2RiZTM2NSJ9\">\n\t\t\t\t\t<div class=\"e-gallery-image elementor-gallery-item__image\" data-thumbnail=\"https:\/\/www.skeppsholmsgruppen.se\/wp-content\/uploads\/2024\/04\/VIP-dukning-i-Eric-Ericsonhallen-683x1024.jpg\" data-width=\"683\" data-height=\"1024\" aria-label=\"\" role=\"img\" ><\/div>\n\t\t\t\t\t\t\t\t\t\t\t<div class=\"elementor-gallery-item__overlay\"><\/div>\n\t\t\t\t\t\t\t\t\t\t\t\t\t\t<\/a>\n\t\t\t\t\t\t\t<a class=\"e-gallery-item elementor-gallery-item elementor-animated-content\" href=\"https:\/\/www.skeppsholmsgruppen.se\/wp-content\/uploads\/2024\/03\/inspelning-i-Eric-Ericsonhallen.png\" data-elementor-open-lightbox=\"yes\" data-elementor-lightbox-slideshow=\"5cdbe365\" data-elementor-lightbox-title=\"inspelning i Eric Ericsonhallen\" data-e-action-hash=\"#elementor-action%3Aaction%3Dlightbox%26settings%3DeyJpZCI6MjkwLCJ1cmwiOiJodHRwczpcL1wvd3d3LnNrZXBwc2hvbG1zZ3J1cHBlbi5zZVwvd3AtY29udGVudFwvdXBsb2Fkc1wvMjAyNFwvMDNcL2luc3BlbG5pbmctaS1FcmljLUVyaWNzb25oYWxsZW4ucG5nIiwic2xpZGVzaG93IjoiNWNkYmUzNjUifQ%3D%3D\">\n\t\t\t\t\t<div class=\"e-gallery-image elementor-gallery-item__image\" data-thumbnail=\"https:\/\/www.skeppsholmsgruppen.se\/wp-content\/uploads\/2024\/03\/inspelning-i-Eric-Ericsonhallen.png\" data-width=\"800\" data-height=\"450\" aria-label=\"\" role=\"img\" ><\/div>\n\t\t\t\t\t\t\t\t\t\t\t<div class=\"elementor-gallery-item__overlay\"><\/div>\n\t\t\t\t\t\t\t\t\t\t\t\t\t\t<\/a>\n\t\t\t\t\t<\/div>\n\t\t\t\t\t<\/div>\n\t\t\t\t<\/div>\n\t\t\t\t\t<\/div>\n\t\t\t\t<\/div>\n\t\t\t\t<\/div>\n\t\t","protected":false},"excerpt":{"rendered":"<p>Toimitilat Tukholman syd\u00e4mess\u00e4! upeat tilat Kauniit tilat kaikkiin tilaisuuksiin Tukholman keskustassa. Vuokraamme tilojamme kaikkeen TV-tuotannoista gaalajuhliin. Kaikissa tarjoamissamme tiloissa, Eric Ericson -salia lukuun ottamatta, on p\u00e4\u00e4asiassa p\u00e4iv\u00e4toimintaa, joten vuokraamme niit\u00e4 iltaisin. Tilat ovat kaikki erilaisia ja ainutlaatuisia, ja ne sijaitsevat upealla paikalla kaupungin keskustassa. Haluat asettaa taideteoksesi n\u00e4ytteille. Kuorosi tarvitsee konserttipaikan. Tarvitset paikan elokuva- tai [&hellip;]<\/p>\n","protected":false},"author":247968712,"featured_media":16474,"parent":16493,"menu_order":0,"comment_status":"closed","ping_status":"closed","template":"","meta":{"_acf_changed":false,"footnotes":""},"class_list":["post-16586","page","type-page","status-publish","has-post-thumbnail","hentry"],"acf":[],"yoast_head":"<!-- This site is optimized with the Yoast SEO plugin v27.5 - https:\/\/yoast.com\/product\/yoast-seo-wordpress\/ -->\n<title>Tilojen vuokraus - Skeppsholmsgruppen<\/title>\n<meta name=\"robots\" content=\"index, follow, max-snippet:-1, max-image-preview:large, max-video-preview:-1\" \/>\n<link rel=\"canonical\" href=\"https:\/\/www.skeppsholmsgruppen.se\/fi\/raataloidyt-palvelut\/tilojen-vuokraus\/\" \/>\n<meta property=\"og:locale\" content=\"fi_FI\" \/>\n<meta property=\"og:type\" content=\"article\" \/>\n<meta property=\"og:title\" content=\"Tilojen vuokraus - Skeppsholmsgruppen\" \/>\n<meta property=\"og:description\" content=\"Toimitilat Tukholman syd\u00e4mess\u00e4! upeat tilat Kauniit tilat kaikkiin tilaisuuksiin Tukholman keskustassa. Vuokraamme tilojamme kaikkeen TV-tuotannoista gaalajuhliin. Kaikissa tarjoamissamme tiloissa, Eric Ericson -salia lukuun ottamatta, on p\u00e4\u00e4asiassa p\u00e4iv\u00e4toimintaa, joten vuokraamme niit\u00e4 iltaisin. Tilat ovat kaikki erilaisia ja ainutlaatuisia, ja ne sijaitsevat upealla paikalla kaupungin keskustassa. Haluat asettaa taideteoksesi n\u00e4ytteille. Kuorosi tarvitsee konserttipaikan. Tarvitset paikan elokuva- tai [&hellip;]\" \/>\n<meta property=\"og:url\" content=\"https:\/\/www.skeppsholmsgruppen.se\/fi\/raataloidyt-palvelut\/tilojen-vuokraus\/\" \/>\n<meta property=\"og:site_name\" content=\"Skeppsholmsgruppen\" \/>\n<meta property=\"article:modified_time\" content=\"2025-03-13T12:36:14+00:00\" \/>\n<meta property=\"og:image\" content=\"https:\/\/www.skeppsholmsgruppen.se\/wp-content\/uploads\/2024\/09\/loklauthyrning.png\" \/>\n\t<meta property=\"og:image:width\" content=\"1300\" \/>\n\t<meta property=\"og:image:height\" content=\"1000\" \/>\n\t<meta property=\"og:image:type\" content=\"image\/png\" \/>\n<meta name=\"twitter:card\" content=\"summary_large_image\" \/>\n<meta name=\"twitter:label1\" content=\"Arvioitu lukuaika\" \/>\n\t<meta name=\"twitter:data1\" content=\"2 minuuttia\" \/>\n<script type=\"application\/ld+json\" class=\"yoast-schema-graph\">{\"@context\":\"https:\\\/\\\/schema.org\",\"@graph\":[{\"@type\":\"WebPage\",\"@id\":\"https:\\\/\\\/www.skeppsholmsgruppen.se\\\/fi\\\/raataloidyt-palvelut\\\/tilojen-vuokraus\\\/\",\"url\":\"https:\\\/\\\/www.skeppsholmsgruppen.se\\\/fi\\\/raataloidyt-palvelut\\\/tilojen-vuokraus\\\/\",\"name\":\"Tilojen vuokraus - Skeppsholmsgruppen\",\"isPartOf\":{\"@id\":\"https:\\\/\\\/skeppsholmsgruppen.se\\\/#website\"},\"primaryImageOfPage\":{\"@id\":\"https:\\\/\\\/www.skeppsholmsgruppen.se\\\/fi\\\/raataloidyt-palvelut\\\/tilojen-vuokraus\\\/#primaryimage\"},\"image\":{\"@id\":\"https:\\\/\\\/www.skeppsholmsgruppen.se\\\/fi\\\/raataloidyt-palvelut\\\/tilojen-vuokraus\\\/#primaryimage\"},\"thumbnailUrl\":\"https:\\\/\\\/www.skeppsholmsgruppen.se\\\/wp-content\\\/uploads\\\/2024\\\/09\\\/loklauthyrning.png\",\"datePublished\":\"2024-04-02T07:42:49+00:00\",\"dateModified\":\"2025-03-13T12:36:14+00:00\",\"breadcrumb\":{\"@id\":\"https:\\\/\\\/www.skeppsholmsgruppen.se\\\/fi\\\/raataloidyt-palvelut\\\/tilojen-vuokraus\\\/#breadcrumb\"},\"inLanguage\":\"fi\",\"potentialAction\":[{\"@type\":\"ReadAction\",\"target\":[\"https:\\\/\\\/www.skeppsholmsgruppen.se\\\/fi\\\/raataloidyt-palvelut\\\/tilojen-vuokraus\\\/\"]}]},{\"@type\":\"ImageObject\",\"inLanguage\":\"fi\",\"@id\":\"https:\\\/\\\/www.skeppsholmsgruppen.se\\\/fi\\\/raataloidyt-palvelut\\\/tilojen-vuokraus\\\/#primaryimage\",\"url\":\"https:\\\/\\\/www.skeppsholmsgruppen.se\\\/wp-content\\\/uploads\\\/2024\\\/09\\\/loklauthyrning.png\",\"contentUrl\":\"https:\\\/\\\/www.skeppsholmsgruppen.se\\\/wp-content\\\/uploads\\\/2024\\\/09\\\/loklauthyrning.png\",\"width\":1300,\"height\":1000},{\"@type\":\"BreadcrumbList\",\"@id\":\"https:\\\/\\\/www.skeppsholmsgruppen.se\\\/fi\\\/raataloidyt-palvelut\\\/tilojen-vuokraus\\\/#breadcrumb\",\"itemListElement\":[{\"@type\":\"ListItem\",\"position\":1,\"name\":\"Hem\",\"item\":\"https:\\\/\\\/www.skeppsholmsgruppen.se\\\/fi\\\/\"},{\"@type\":\"ListItem\",\"position\":2,\"name\":\"Tarjotut palvelut\",\"item\":\"https:\\\/\\\/www.skeppsholmsgruppen.se\\\/fi\\\/raataloidyt-palvelut\\\/\"},{\"@type\":\"ListItem\",\"position\":3,\"name\":\"Tilojen vuokraus\"}]},{\"@type\":\"WebSite\",\"@id\":\"https:\\\/\\\/skeppsholmsgruppen.se\\\/#website\",\"url\":\"https:\\\/\\\/skeppsholmsgruppen.se\\\/\",\"name\":\"Skeppsholmsgruppen\",\"description\":\"En historisk p\u00e4rla f\u00f6r konferens, event och fest bel\u00e4gen mitt i hj\u00e4rtat av Stockhom.\",\"potentialAction\":[{\"@type\":\"SearchAction\",\"target\":{\"@type\":\"EntryPoint\",\"urlTemplate\":\"https:\\\/\\\/skeppsholmsgruppen.se\\\/?s={search_term_string}\"},\"query-input\":{\"@type\":\"PropertyValueSpecification\",\"valueRequired\":true,\"valueName\":\"search_term_string\"}}],\"inLanguage\":\"fi\"}]}<\/script>\n<!-- \/ Yoast SEO plugin. -->","yoast_head_json":{"title":"Tilojen vuokraus - Skeppsholmsgruppen","robots":{"index":"index","follow":"follow","max-snippet":"max-snippet:-1","max-image-preview":"max-image-preview:large","max-video-preview":"max-video-preview:-1"},"canonical":"https:\/\/www.skeppsholmsgruppen.se\/fi\/raataloidyt-palvelut\/tilojen-vuokraus\/","og_locale":"fi_FI","og_type":"article","og_title":"Tilojen vuokraus - Skeppsholmsgruppen","og_description":"Toimitilat Tukholman syd\u00e4mess\u00e4! upeat tilat Kauniit tilat kaikkiin tilaisuuksiin Tukholman keskustassa. Vuokraamme tilojamme kaikkeen TV-tuotannoista gaalajuhliin. Kaikissa tarjoamissamme tiloissa, Eric Ericson -salia lukuun ottamatta, on p\u00e4\u00e4asiassa p\u00e4iv\u00e4toimintaa, joten vuokraamme niit\u00e4 iltaisin. Tilat ovat kaikki erilaisia ja ainutlaatuisia, ja ne sijaitsevat upealla paikalla kaupungin keskustassa. Haluat asettaa taideteoksesi n\u00e4ytteille. Kuorosi tarvitsee konserttipaikan. Tarvitset paikan elokuva- tai [&hellip;]","og_url":"https:\/\/www.skeppsholmsgruppen.se\/fi\/raataloidyt-palvelut\/tilojen-vuokraus\/","og_site_name":"Skeppsholmsgruppen","article_modified_time":"2025-03-13T12:36:14+00:00","og_image":[{"width":1300,"height":1000,"url":"https:\/\/www.skeppsholmsgruppen.se\/wp-content\/uploads\/2024\/09\/loklauthyrning.png","type":"image\/png"}],"twitter_card":"summary_large_image","twitter_misc":{"Arvioitu lukuaika":"2 minuuttia"},"schema":{"@context":"https:\/\/schema.org","@graph":[{"@type":"WebPage","@id":"https:\/\/www.skeppsholmsgruppen.se\/fi\/raataloidyt-palvelut\/tilojen-vuokraus\/","url":"https:\/\/www.skeppsholmsgruppen.se\/fi\/raataloidyt-palvelut\/tilojen-vuokraus\/","name":"Tilojen vuokraus - Skeppsholmsgruppen","isPartOf":{"@id":"https:\/\/skeppsholmsgruppen.se\/#website"},"primaryImageOfPage":{"@id":"https:\/\/www.skeppsholmsgruppen.se\/fi\/raataloidyt-palvelut\/tilojen-vuokraus\/#primaryimage"},"image":{"@id":"https:\/\/www.skeppsholmsgruppen.se\/fi\/raataloidyt-palvelut\/tilojen-vuokraus\/#primaryimage"},"thumbnailUrl":"https:\/\/www.skeppsholmsgruppen.se\/wp-content\/uploads\/2024\/09\/loklauthyrning.png","datePublished":"2024-04-02T07:42:49+00:00","dateModified":"2025-03-13T12:36:14+00:00","breadcrumb":{"@id":"https:\/\/www.skeppsholmsgruppen.se\/fi\/raataloidyt-palvelut\/tilojen-vuokraus\/#breadcrumb"},"inLanguage":"fi","potentialAction":[{"@type":"ReadAction","target":["https:\/\/www.skeppsholmsgruppen.se\/fi\/raataloidyt-palvelut\/tilojen-vuokraus\/"]}]},{"@type":"ImageObject","inLanguage":"fi","@id":"https:\/\/www.skeppsholmsgruppen.se\/fi\/raataloidyt-palvelut\/tilojen-vuokraus\/#primaryimage","url":"https:\/\/www.skeppsholmsgruppen.se\/wp-content\/uploads\/2024\/09\/loklauthyrning.png","contentUrl":"https:\/\/www.skeppsholmsgruppen.se\/wp-content\/uploads\/2024\/09\/loklauthyrning.png","width":1300,"height":1000},{"@type":"BreadcrumbList","@id":"https:\/\/www.skeppsholmsgruppen.se\/fi\/raataloidyt-palvelut\/tilojen-vuokraus\/#breadcrumb","itemListElement":[{"@type":"ListItem","position":1,"name":"Hem","item":"https:\/\/www.skeppsholmsgruppen.se\/fi\/"},{"@type":"ListItem","position":2,"name":"Tarjotut palvelut","item":"https:\/\/www.skeppsholmsgruppen.se\/fi\/raataloidyt-palvelut\/"},{"@type":"ListItem","position":3,"name":"Tilojen vuokraus"}]},{"@type":"WebSite","@id":"https:\/\/skeppsholmsgruppen.se\/#website","url":"https:\/\/skeppsholmsgruppen.se\/","name":"Skeppsholmsgruppen","description":"En historisk p\u00e4rla f\u00f6r konferens, event och fest bel\u00e4gen mitt i hj\u00e4rtat av Stockhom.","potentialAction":[{"@type":"SearchAction","target":{"@type":"EntryPoint","urlTemplate":"https:\/\/skeppsholmsgruppen.se\/?s={search_term_string}"},"query-input":{"@type":"PropertyValueSpecification","valueRequired":true,"valueName":"search_term_string"}}],"inLanguage":"fi"}]}},"_links":{"self":[{"href":"https:\/\/www.skeppsholmsgruppen.se\/fi\/wp-json\/wp\/v2\/pages\/16586","targetHints":{"allow":["GET"]}}],"collection":[{"href":"https:\/\/www.skeppsholmsgruppen.se\/fi\/wp-json\/wp\/v2\/pages"}],"about":[{"href":"https:\/\/www.skeppsholmsgruppen.se\/fi\/wp-json\/wp\/v2\/types\/page"}],"author":[{"embeddable":true,"href":"https:\/\/www.skeppsholmsgruppen.se\/fi\/wp-json\/wp\/v2\/users\/247968712"}],"replies":[{"embeddable":true,"href":"https:\/\/www.skeppsholmsgruppen.se\/fi\/wp-json\/wp\/v2\/comments?post=16586"}],"version-history":[{"count":3,"href":"https:\/\/www.skeppsholmsgruppen.se\/fi\/wp-json\/wp\/v2\/pages\/16586\/revisions"}],"predecessor-version":[{"id":17232,"href":"https:\/\/www.skeppsholmsgruppen.se\/fi\/wp-json\/wp\/v2\/pages\/16586\/revisions\/17232"}],"up":[{"embeddable":true,"href":"https:\/\/www.skeppsholmsgruppen.se\/fi\/wp-json\/wp\/v2\/pages\/16493"}],"wp:featuredmedia":[{"embeddable":true,"href":"https:\/\/www.skeppsholmsgruppen.se\/fi\/wp-json\/wp\/v2\/media\/16474"}],"wp:attachment":[{"href":"https:\/\/www.skeppsholmsgruppen.se\/fi\/wp-json\/wp\/v2\/media?parent=16586"}],"curies":[{"name":"wp","href":"https:\/\/api.w.org\/{rel}","templated":true}]}}