{"id":17924,"date":"2024-05-06T13:10:44","date_gmt":"2024-05-06T11:10:44","guid":{"rendered":"https:\/\/www.skeppsholmsgruppen.se\/des-espaces-evenementiels-uniques\/mindepartementet\/ameublement-ministere-des-mines\/"},"modified":"2025-11-28T16:19:00","modified_gmt":"2025-11-28T15:19:00","slug":"ameublement-ministere-des-mines","status":"publish","type":"page","link":"https:\/\/www.skeppsholmsgruppen.se\/fr\/des-espaces-evenementiels-uniques\/mindepartementet\/ameublement-ministere-des-mines\/","title":{"rendered":"Ameublement Minist\u00e8re des mines"},"content":{"rendered":"\t\t<div data-elementor-type=\"wp-page\" data-elementor-id=\"17924\" class=\"elementor elementor-17924 elementor-3476\" data-elementor-post-type=\"page\">\n\t\t\t\t<div class=\"elementor-element elementor-element-2bd02d7 e-flex e-con-boxed e-con e-parent\" data-id=\"2bd02d7\" data-element_type=\"container\" data-e-type=\"container\" data-settings=\"{&quot;background_background&quot;:&quot;classic&quot;}\">\n\t\t\t\t\t<div class=\"e-con-inner\">\n\t\t<div class=\"elementor-element elementor-element-875b9b8 e-con-full e-flex e-con e-child\" data-id=\"875b9b8\" data-element_type=\"container\" data-e-type=\"container\">\n\t\t\t\t<div class=\"elementor-element elementor-element-b51f423 elementor-widget elementor-widget-heading\" data-id=\"b51f423\" data-element_type=\"widget\" data-e-type=\"widget\" data-widget_type=\"heading.default\">\n\t\t\t\t<div class=\"elementor-widget-container\">\n\t\t\t\t\t<h2 class=\"elementor-heading-title elementor-size-default\">M\u00f6bleringsalternativ f\u00f6r <\/h2>\t\t\t\t<\/div>\n\t\t\t\t<\/div>\n\t\t\t\t<div class=\"elementor-element elementor-element-ca95f7f elementor-widget elementor-widget-heading\" data-id=\"ca95f7f\" data-element_type=\"widget\" data-e-type=\"widget\" data-widget_type=\"heading.default\">\n\t\t\t\t<div class=\"elementor-widget-container\">\n\t\t\t\t\t<h1 class=\"elementor-heading-title elementor-size-default\">Mindepartementet<\/h1>\t\t\t\t<\/div>\n\t\t\t\t<\/div>\n\t\t\t\t<div class=\"elementor-element elementor-element-443d6c7 elementor-widget elementor-widget-text-editor\" data-id=\"443d6c7\" data-element_type=\"widget\" data-e-type=\"widget\" data-widget_type=\"text-editor.default\">\n\t\t\t\t<div class=\"elementor-widget-container\">\n\t\t\t\t\t\t\t\t\t<p>V\u00e5ra skr\u00e4ddarsydda f\u00f6rslag f\u00f6r m\u00f6blering skapar en atmosf\u00e4r av elegans och professionalism som passar perfekt f\u00f6r ditt n\u00e4sta evenemang. Oavsett om det \u00e4r en konferens, en br\u00f6llopsmiddag eller en Disputationsmiddag, erbjuder vi flexibla alternativ f\u00f6r att m\u00f6ta dina behov och \u00f6nskem\u00e5l.\u00a0<\/p>\t\t\t\t\t\t\t\t<\/div>\n\t\t\t\t<\/div>\n\t\t\t\t<\/div>\n\t\t\t\t\t<\/div>\n\t\t\t\t<\/div>\n\t\t<div class=\"elementor-element elementor-element-4fc19cbc e-flex e-con-boxed e-con e-parent\" data-id=\"4fc19cbc\" data-element_type=\"container\" data-e-type=\"container\">\n\t\t\t\t\t<div class=\"e-con-inner\">\n\t\t\t\t<div class=\"elementor-element elementor-element-2715e51a elementor-widget elementor-widget-gallery\" data-id=\"2715e51a\" data-element_type=\"widget\" data-e-type=\"widget\" data-settings=\"{&quot;columns&quot;:3,&quot;overlay_description&quot;:&quot;title&quot;,&quot;gallery_layout&quot;:&quot;grid&quot;,&quot;columns_tablet&quot;:2,&quot;columns_mobile&quot;:1,&quot;gap&quot;:{&quot;unit&quot;:&quot;px&quot;,&quot;size&quot;:10,&quot;sizes&quot;:[]},&quot;gap_tablet&quot;:{&quot;unit&quot;:&quot;px&quot;,&quot;size&quot;:10,&quot;sizes&quot;:[]},&quot;gap_mobile&quot;:{&quot;unit&quot;:&quot;px&quot;,&quot;size&quot;:10,&quot;sizes&quot;:[]},&quot;link_to&quot;:&quot;file&quot;,&quot;aspect_ratio&quot;:&quot;3:2&quot;,&quot;overlay_background&quot;:&quot;yes&quot;,&quot;content_hover_animation&quot;:&quot;fade-in&quot;}\" data-widget_type=\"gallery.default\">\n\t\t\t\t<div class=\"elementor-widget-container\">\n\t\t\t\t\t\t\t<div class=\"elementor-gallery__container\">\n\t\t\t\t\t\t\t<a class=\"e-gallery-item elementor-gallery-item elementor-animated-content\" href=\"https:\/\/www.skeppsholmsgruppen.se\/wp-content\/uploads\/2025\/11\/Mindepartementet-80-p-1.jpg\" data-elementor-open-lightbox=\"yes\" data-elementor-lightbox-slideshow=\"2715e51a\" data-elementor-lightbox-title=\"Mindepartementet 80 p\" data-e-action-hash=\"#elementor-action%3Aaction%3Dlightbox%26settings%3DeyJpZCI6MjQyNTgsInVybCI6Imh0dHBzOlwvXC93d3cuc2tlcHBzaG9sbXNncnVwcGVuLnNlXC93cC1jb250ZW50XC91cGxvYWRzXC8yMDI1XC8xMVwvTWluZGVwYXJ0ZW1lbnRldC04MC1wLTEuanBnIiwic2xpZGVzaG93IjoiMjcxNWU1MWEifQ%3D%3D\">\n\t\t\t\t\t<div class=\"e-gallery-image elementor-gallery-item__image\" data-thumbnail=\"https:\/\/www.skeppsholmsgruppen.se\/wp-content\/uploads\/2025\/11\/Mindepartementet-80-p-1.jpg\" data-width=\"1920\" data-height=\"1440\" aria-label=\"\" role=\"img\" ><\/div>\n\t\t\t\t\t\t\t\t\t\t\t<div class=\"elementor-gallery-item__overlay\"><\/div>\n\t\t\t\t\t\t\t\t\t\t\t\t\t\t\t<div class=\"elementor-gallery-item__content\">\n\t\t\t\t\t\t\t\t\t\t\t\t\t\t<div class=\"elementor-gallery-item__description\">\n\t\t\t\t\t\t\t\t\t\t\t\t\t\t\t\t\t\tMindepartementet 80 p\t\t\t\t\t\t\t\t<\/div>\n\t\t\t\t\t\t\t\t\t\t\t\t<\/div>\n\t\t\t\t\t\t\t\t\t<\/a>\n\t\t\t\t\t\t\t<a class=\"e-gallery-item elementor-gallery-item elementor-animated-content\" href=\"https:\/\/www.skeppsholmsgruppen.se\/wp-content\/uploads\/2025\/11\/Mindepartementet-57pers.jpg\" data-elementor-open-lightbox=\"yes\" data-elementor-lightbox-slideshow=\"2715e51a\" data-elementor-lightbox-title=\"Mindepartementet -57pers\" data-e-action-hash=\"#elementor-action%3Aaction%3Dlightbox%26settings%3DeyJpZCI6MjQzOTcsInVybCI6Imh0dHBzOlwvXC93d3cuc2tlcHBzaG9sbXNncnVwcGVuLnNlXC93cC1jb250ZW50XC91cGxvYWRzXC8yMDI1XC8xMVwvTWluZGVwYXJ0ZW1lbnRldC01N3BlcnMuanBnIiwic2xpZGVzaG93IjoiMjcxNWU1MWEifQ%3D%3D\">\n\t\t\t\t\t<div class=\"e-gallery-image elementor-gallery-item__image\" data-thumbnail=\"https:\/\/www.skeppsholmsgruppen.se\/wp-content\/uploads\/2025\/11\/Mindepartementet-57pers.jpg\" data-width=\"1920\" data-height=\"1440\" aria-label=\"\" role=\"img\" ><\/div>\n\t\t\t\t\t\t\t\t\t\t\t<div class=\"elementor-gallery-item__overlay\"><\/div>\n\t\t\t\t\t\t\t\t\t\t\t\t\t\t\t<div class=\"elementor-gallery-item__content\">\n\t\t\t\t\t\t\t\t\t\t\t\t\t\t<div class=\"elementor-gallery-item__description\">\n\t\t\t\t\t\t\t\t\t\t\t\t\t\t\t\t\t\tMindepartementet -57pers\t\t\t\t\t\t\t\t<\/div>\n\t\t\t\t\t\t\t\t\t\t\t\t<\/div>\n\t\t\t\t\t\t\t\t\t<\/a>\n\t\t\t\t\t\t\t<a class=\"e-gallery-item elementor-gallery-item elementor-animated-content\" href=\"https:\/\/www.skeppsholmsgruppen.se\/wp-content\/uploads\/2025\/11\/Mindepartementet-81pers.jpg\" data-elementor-open-lightbox=\"yes\" data-elementor-lightbox-slideshow=\"2715e51a\" data-elementor-lightbox-title=\"Mindepartementet -81pers\" data-e-action-hash=\"#elementor-action%3Aaction%3Dlightbox%26settings%3DeyJpZCI6MjQ0MDksInVybCI6Imh0dHBzOlwvXC93d3cuc2tlcHBzaG9sbXNncnVwcGVuLnNlXC93cC1jb250ZW50XC91cGxvYWRzXC8yMDI1XC8xMVwvTWluZGVwYXJ0ZW1lbnRldC04MXBlcnMuanBnIiwic2xpZGVzaG93IjoiMjcxNWU1MWEifQ%3D%3D\">\n\t\t\t\t\t<div class=\"e-gallery-image elementor-gallery-item__image\" data-thumbnail=\"https:\/\/www.skeppsholmsgruppen.se\/wp-content\/uploads\/2025\/11\/Mindepartementet-81pers.jpg\" data-width=\"1920\" data-height=\"1440\" aria-label=\"\" role=\"img\" ><\/div>\n\t\t\t\t\t\t\t\t\t\t\t<div class=\"elementor-gallery-item__overlay\"><\/div>\n\t\t\t\t\t\t\t\t\t\t\t\t\t\t\t<div class=\"elementor-gallery-item__content\">\n\t\t\t\t\t\t\t\t\t\t\t\t\t\t<div class=\"elementor-gallery-item__description\">\n\t\t\t\t\t\t\t\t\t\t\t\t\t\t\t\t\t\tMindepartementet -81pers\t\t\t\t\t\t\t\t<\/div>\n\t\t\t\t\t\t\t\t\t\t\t\t<\/div>\n\t\t\t\t\t\t\t\t\t<\/a>\n\t\t\t\t\t\t\t<a class=\"e-gallery-item elementor-gallery-item elementor-animated-content\" href=\"https:\/\/www.skeppsholmsgruppen.se\/wp-content\/uploads\/2025\/11\/Mindepartementet-mingel-pa-overvaningen-2.jpg\" data-elementor-open-lightbox=\"yes\" data-elementor-lightbox-slideshow=\"2715e51a\" data-elementor-lightbox-title=\"Mindepartementet-mingel-p\u00e5 \u00f6verv\u00e5ningen 2\" data-e-action-hash=\"#elementor-action%3Aaction%3Dlightbox%26settings%3DeyJpZCI6MjQ0MTUsInVybCI6Imh0dHBzOlwvXC93d3cuc2tlcHBzaG9sbXNncnVwcGVuLnNlXC93cC1jb250ZW50XC91cGxvYWRzXC8yMDI1XC8xMVwvTWluZGVwYXJ0ZW1lbnRldC1taW5nZWwtcGEtb3ZlcnZhbmluZ2VuLTIuanBnIiwic2xpZGVzaG93IjoiMjcxNWU1MWEifQ%3D%3D\">\n\t\t\t\t\t<div class=\"e-gallery-image elementor-gallery-item__image\" data-thumbnail=\"https:\/\/www.skeppsholmsgruppen.se\/wp-content\/uploads\/2025\/11\/Mindepartementet-mingel-pa-overvaningen-2.jpg\" data-width=\"1920\" data-height=\"1440\" aria-label=\"\" role=\"img\" ><\/div>\n\t\t\t\t\t\t\t\t\t\t\t<div class=\"elementor-gallery-item__overlay\"><\/div>\n\t\t\t\t\t\t\t\t\t\t\t\t\t\t\t<div class=\"elementor-gallery-item__content\">\n\t\t\t\t\t\t\t\t\t\t\t\t\t\t<div class=\"elementor-gallery-item__description\">\n\t\t\t\t\t\t\t\t\t\t\t\t\t\t\t\t\t\tMindepartementet-mingel-p\u00e5 \u00f6verv\u00e5ningen 2\t\t\t\t\t\t\t\t<\/div>\n\t\t\t\t\t\t\t\t\t\t\t\t<\/div>\n\t\t\t\t\t\t\t\t\t<\/a>\n\t\t\t\t\t\t\t<a class=\"e-gallery-item elementor-gallery-item elementor-animated-content\" href=\"https:\/\/www.skeppsholmsgruppen.se\/wp-content\/uploads\/2025\/11\/Mindepartementet-mingel-pa-overvaningen.jpg\" data-elementor-open-lightbox=\"yes\" data-elementor-lightbox-slideshow=\"2715e51a\" data-elementor-lightbox-title=\"Mindepartementet-mingel-p\u00e5 \u00f6verv\u00e5ningen\" data-e-action-hash=\"#elementor-action%3Aaction%3Dlightbox%26settings%3DeyJpZCI6MjQ0MjEsInVybCI6Imh0dHBzOlwvXC93d3cuc2tlcHBzaG9sbXNncnVwcGVuLnNlXC93cC1jb250ZW50XC91cGxvYWRzXC8yMDI1XC8xMVwvTWluZGVwYXJ0ZW1lbnRldC1taW5nZWwtcGEtb3ZlcnZhbmluZ2VuLmpwZyIsInNsaWRlc2hvdyI6IjI3MTVlNTFhIn0%3D\">\n\t\t\t\t\t<div class=\"e-gallery-image elementor-gallery-item__image\" data-thumbnail=\"https:\/\/www.skeppsholmsgruppen.se\/wp-content\/uploads\/2025\/11\/Mindepartementet-mingel-pa-overvaningen.jpg\" data-width=\"1920\" data-height=\"1440\" aria-label=\"\" role=\"img\" ><\/div>\n\t\t\t\t\t\t\t\t\t\t\t<div class=\"elementor-gallery-item__overlay\"><\/div>\n\t\t\t\t\t\t\t\t\t\t\t\t\t\t\t<div class=\"elementor-gallery-item__content\">\n\t\t\t\t\t\t\t\t\t\t\t\t\t\t<div class=\"elementor-gallery-item__description\">\n\t\t\t\t\t\t\t\t\t\t\t\t\t\t\t\t\t\tMindepartementet-mingel-p\u00e5 \u00f6verv\u00e5ningen\t\t\t\t\t\t\t\t<\/div>\n\t\t\t\t\t\t\t\t\t\t\t\t<\/div>\n\t\t\t\t\t\t\t\t\t<\/a>\n\t\t\t\t\t\t\t<a class=\"e-gallery-item elementor-gallery-item elementor-animated-content\" href=\"https:\/\/www.skeppsholmsgruppen.se\/wp-content\/uploads\/2025\/11\/Mindepartementet-rundabord-64pers.jpg\" data-elementor-open-lightbox=\"yes\" data-elementor-lightbox-slideshow=\"2715e51a\" data-elementor-lightbox-title=\"Mindepartementet-rundabord-64pers\" data-e-action-hash=\"#elementor-action%3Aaction%3Dlightbox%26settings%3DeyJpZCI6MjQ0MjcsInVybCI6Imh0dHBzOlwvXC93d3cuc2tlcHBzaG9sbXNncnVwcGVuLnNlXC93cC1jb250ZW50XC91cGxvYWRzXC8yMDI1XC8xMVwvTWluZGVwYXJ0ZW1lbnRldC1ydW5kYWJvcmQtNjRwZXJzLmpwZyIsInNsaWRlc2hvdyI6IjI3MTVlNTFhIn0%3D\">\n\t\t\t\t\t<div class=\"e-gallery-image elementor-gallery-item__image\" data-thumbnail=\"https:\/\/www.skeppsholmsgruppen.se\/wp-content\/uploads\/2025\/11\/Mindepartementet-rundabord-64pers.jpg\" data-width=\"1920\" data-height=\"1440\" aria-label=\"\" role=\"img\" ><\/div>\n\t\t\t\t\t\t\t\t\t\t\t<div class=\"elementor-gallery-item__overlay\"><\/div>\n\t\t\t\t\t\t\t\t\t\t\t\t\t\t\t<div class=\"elementor-gallery-item__content\">\n\t\t\t\t\t\t\t\t\t\t\t\t\t\t<div class=\"elementor-gallery-item__description\">\n\t\t\t\t\t\t\t\t\t\t\t\t\t\t\t\t\t\tMindepartementet-rundabord-64pers\t\t\t\t\t\t\t\t<\/div>\n\t\t\t\t\t\t\t\t\t\t\t\t<\/div>\n\t\t\t\t\t\t\t\t\t<\/a>\n\t\t\t\t\t<\/div>\n\t\t\t\t\t<\/div>\n\t\t\t\t<\/div>\n\t\t\t\t\t<\/div>\n\t\t\t\t<\/div>\n\t\t\t\t<\/div>\n\t\t","protected":false},"excerpt":{"rendered":"<p>M\u00f6bleringsalternativ f\u00f6r Mindepartementet V\u00e5ra skr\u00e4ddarsydda f\u00f6rslag f\u00f6r m\u00f6blering skapar en atmosf\u00e4r av elegans och professionalism som passar perfekt f\u00f6r ditt n\u00e4sta evenemang. Oavsett om det \u00e4r en konferens, en br\u00f6llopsmiddag eller en Disputationsmiddag, erbjuder vi flexibla alternativ f\u00f6r att m\u00f6ta dina behov och \u00f6nskem\u00e5l.\u00a0 Mindepartementet 80 p Mindepartementet -57pers Mindepartementet -81pers Mindepartementet-mingel-p\u00e5 \u00f6verv\u00e5ningen 2 Mindepartementet-mingel-p\u00e5 [&hellip;]<\/p>\n","protected":false},"author":247968712,"featured_media":6627,"parent":7161,"menu_order":0,"comment_status":"closed","ping_status":"closed","template":"","meta":{"_acf_changed":false,"footnotes":""},"class_list":["post-17924","page","type-page","status-publish","has-post-thumbnail","hentry"],"acf":[],"yoast_head":"<!-- This site is optimized with the Yoast SEO plugin v27.5 - https:\/\/yoast.com\/product\/yoast-seo-wordpress\/ -->\n<title>Mobilier du minist\u00e8re des Mines pour les conf\u00e9rences et les f\u00eates | Skeppsholmsgruppen<\/title>\n<meta name=\"description\" content=\"D\u00e9couvrez les possibilit\u00e9s d&#039;am\u00e9nagement du Mindepartementet pour les conf\u00e9rences et les f\u00eates \u00e0 Stockholm. En savoir plus sur nos lieux de f\u00eate uniques sur Skeppsholmen.\" \/>\n<meta name=\"robots\" content=\"index, follow, max-snippet:-1, max-image-preview:large, max-video-preview:-1\" \/>\n<link rel=\"canonical\" href=\"https:\/\/www.skeppsholmsgruppen.se\/fr\/des-espaces-evenementiels-uniques\/mindepartementet\/ameublement-ministere-des-mines\/\" \/>\n<meta property=\"og:locale\" content=\"fr_FR\" \/>\n<meta property=\"og:type\" content=\"article\" \/>\n<meta property=\"og:title\" content=\"Mobilier du minist\u00e8re des Mines pour les conf\u00e9rences et les f\u00eates | Skeppsholmsgruppen\" \/>\n<meta property=\"og:description\" content=\"D\u00e9couvrez les possibilit\u00e9s d&#039;am\u00e9nagement du Mindepartementet pour les conf\u00e9rences et les f\u00eates \u00e0 Stockholm. En savoir plus sur nos salles de f\u00eates uniques sur Skeppsholmen.\" \/>\n<meta property=\"og:url\" content=\"https:\/\/www.skeppsholmsgruppen.se\/fr\/des-espaces-evenementiels-uniques\/mindepartementet\/ameublement-ministere-des-mines\/\" \/>\n<meta property=\"og:site_name\" content=\"Skeppsholmsgruppen\" \/>\n<meta property=\"article:modified_time\" content=\"2025-11-28T15:19:00+00:00\" \/>\n<meta property=\"og:image\" content=\"https:\/\/www.skeppsholmsgruppen.se\/wp-content\/uploads\/2024\/05\/Mindepartementet-photo-by-Anna-Jarlhall_brollopsfotograf.jpg\" \/>\n\t<meta property=\"og:image:width\" content=\"2048\" \/>\n\t<meta property=\"og:image:height\" content=\"1365\" \/>\n\t<meta property=\"og:image:type\" content=\"image\/jpeg\" \/>\n<meta name=\"twitter:card\" content=\"summary_large_image\" \/>\n<script type=\"application\/ld+json\" class=\"yoast-schema-graph\">{\"@context\":\"https:\\\/\\\/schema.org\",\"@graph\":[{\"@type\":\"WebPage\",\"@id\":\"https:\\\/\\\/www.skeppsholmsgruppen.se\\\/fr\\\/des-espaces-evenementiels-uniques\\\/mindepartementet\\\/ameublement-ministere-des-mines\\\/\",\"url\":\"https:\\\/\\\/www.skeppsholmsgruppen.se\\\/fr\\\/des-espaces-evenementiels-uniques\\\/mindepartementet\\\/ameublement-ministere-des-mines\\\/\",\"name\":\"Mobilier du minist\u00e8re des Mines pour les conf\u00e9rences et les f\u00eates | Skeppsholmsgruppen\",\"isPartOf\":{\"@id\":\"https:\\\/\\\/skeppsholmsgruppen.se\\\/#website\"},\"primaryImageOfPage\":{\"@id\":\"https:\\\/\\\/www.skeppsholmsgruppen.se\\\/fr\\\/des-espaces-evenementiels-uniques\\\/mindepartementet\\\/ameublement-ministere-des-mines\\\/#primaryimage\"},\"image\":{\"@id\":\"https:\\\/\\\/www.skeppsholmsgruppen.se\\\/fr\\\/des-espaces-evenementiels-uniques\\\/mindepartementet\\\/ameublement-ministere-des-mines\\\/#primaryimage\"},\"thumbnailUrl\":\"https:\\\/\\\/www.skeppsholmsgruppen.se\\\/wp-content\\\/uploads\\\/2024\\\/05\\\/Mindepartementet-photo-by-Anna-Jarlhall_brollopsfotograf.jpg\",\"datePublished\":\"2024-05-06T11:10:44+00:00\",\"dateModified\":\"2025-11-28T15:19:00+00:00\",\"description\":\"D\u00e9couvrez les possibilit\u00e9s d'am\u00e9nagement du Mindepartementet pour les conf\u00e9rences et les f\u00eates \u00e0 Stockholm. En savoir plus sur nos lieux de f\u00eate uniques sur Skeppsholmen.\",\"breadcrumb\":{\"@id\":\"https:\\\/\\\/www.skeppsholmsgruppen.se\\\/fr\\\/des-espaces-evenementiels-uniques\\\/mindepartementet\\\/ameublement-ministere-des-mines\\\/#breadcrumb\"},\"inLanguage\":\"fr-FR\",\"potentialAction\":[{\"@type\":\"ReadAction\",\"target\":[\"https:\\\/\\\/www.skeppsholmsgruppen.se\\\/fr\\\/des-espaces-evenementiels-uniques\\\/mindepartementet\\\/ameublement-ministere-des-mines\\\/\"]}]},{\"@type\":\"ImageObject\",\"inLanguage\":\"fr-FR\",\"@id\":\"https:\\\/\\\/www.skeppsholmsgruppen.se\\\/fr\\\/des-espaces-evenementiels-uniques\\\/mindepartementet\\\/ameublement-ministere-des-mines\\\/#primaryimage\",\"url\":\"https:\\\/\\\/www.skeppsholmsgruppen.se\\\/wp-content\\\/uploads\\\/2024\\\/05\\\/Mindepartementet-photo-by-Anna-Jarlhall_brollopsfotograf.jpg\",\"contentUrl\":\"https:\\\/\\\/www.skeppsholmsgruppen.se\\\/wp-content\\\/uploads\\\/2024\\\/05\\\/Mindepartementet-photo-by-Anna-Jarlhall_brollopsfotograf.jpg\",\"width\":2048,\"height\":1365},{\"@type\":\"BreadcrumbList\",\"@id\":\"https:\\\/\\\/www.skeppsholmsgruppen.se\\\/fr\\\/des-espaces-evenementiels-uniques\\\/mindepartementet\\\/ameublement-ministere-des-mines\\\/#breadcrumb\",\"itemListElement\":[{\"@type\":\"ListItem\",\"position\":1,\"name\":\"Hem\",\"item\":\"https:\\\/\\\/www.skeppsholmsgruppen.se\\\/fr\\\/\"},{\"@type\":\"ListItem\",\"position\":2,\"name\":\"Des espaces \u00e9v\u00e9nementiels uniques\",\"item\":\"https:\\\/\\\/www.skeppsholmsgruppen.se\\\/fr\\\/des-espaces-evenementiels-uniques\\\/\"},{\"@type\":\"ListItem\",\"position\":3,\"name\":\"Minist\u00e8re des mines\",\"item\":\"https:\\\/\\\/www.skeppsholmsgruppen.se\\\/fr\\\/des-espaces-evenementiels-uniques\\\/mindepartementet\\\/\"},{\"@type\":\"ListItem\",\"position\":4,\"name\":\"Ameublement Minist\u00e8re des mines\"}]},{\"@type\":\"WebSite\",\"@id\":\"https:\\\/\\\/skeppsholmsgruppen.se\\\/#website\",\"url\":\"https:\\\/\\\/skeppsholmsgruppen.se\\\/\",\"name\":\"Skeppsholmsgruppen\",\"description\":\"En historisk p\u00e4rla f\u00f6r konferens, event och fest bel\u00e4gen mitt i hj\u00e4rtat av Stockhom.\",\"publisher\":{\"@id\":\"https:\\\/\\\/skeppsholmsgruppen.se\\\/#organization\"},\"potentialAction\":[{\"@type\":\"SearchAction\",\"target\":{\"@type\":\"EntryPoint\",\"urlTemplate\":\"https:\\\/\\\/skeppsholmsgruppen.se\\\/?s={search_term_string}\"},\"query-input\":{\"@type\":\"PropertyValueSpecification\",\"valueRequired\":true,\"valueName\":\"search_term_string\"}}],\"inLanguage\":\"fr-FR\"},{\"@type\":\"Organization\",\"@id\":\"https:\\\/\\\/skeppsholmsgruppen.se\\\/#organization\",\"name\":\"Skeppsholmsgruppen\",\"url\":\"https:\\\/\\\/skeppsholmsgruppen.se\\\/\",\"logo\":{\"@type\":\"ImageObject\",\"inLanguage\":\"fr-FR\",\"@id\":\"https:\\\/\\\/skeppsholmsgruppen.se\\\/#\\\/schema\\\/logo\\\/image\\\/\",\"url\":\"https:\\\/\\\/www.skeppsholmsgruppen.se\\\/wp-content\\\/uploads\\\/2024\\\/03\\\/SHG-icon-white-130.png\",\"contentUrl\":\"https:\\\/\\\/www.skeppsholmsgruppen.se\\\/wp-content\\\/uploads\\\/2024\\\/03\\\/SHG-icon-white-130.png\",\"width\":130,\"height\":130,\"caption\":\"Skeppsholmsgruppen\"},\"image\":{\"@id\":\"https:\\\/\\\/skeppsholmsgruppen.se\\\/#\\\/schema\\\/logo\\\/image\\\/\"}}]}<\/script>\n<!-- \/ Yoast SEO plugin. -->","yoast_head_json":{"title":"Mobilier du minist\u00e8re des Mines pour les conf\u00e9rences et les f\u00eates | Skeppsholmsgruppen","description":"D\u00e9couvrez les possibilit\u00e9s d'am\u00e9nagement du Mindepartementet pour les conf\u00e9rences et les f\u00eates \u00e0 Stockholm. En savoir plus sur nos lieux de f\u00eate uniques sur Skeppsholmen.","robots":{"index":"index","follow":"follow","max-snippet":"max-snippet:-1","max-image-preview":"max-image-preview:large","max-video-preview":"max-video-preview:-1"},"canonical":"https:\/\/www.skeppsholmsgruppen.se\/fr\/des-espaces-evenementiels-uniques\/mindepartementet\/ameublement-ministere-des-mines\/","og_locale":"fr_FR","og_type":"article","og_title":"Mobilier du minist\u00e8re des Mines pour les conf\u00e9rences et les f\u00eates | Skeppsholmsgruppen","og_description":"D\u00e9couvrez les possibilit\u00e9s d'am\u00e9nagement du Mindepartementet pour les conf\u00e9rences et les f\u00eates \u00e0 Stockholm. En savoir plus sur nos salles de f\u00eates uniques sur Skeppsholmen.","og_url":"https:\/\/www.skeppsholmsgruppen.se\/fr\/des-espaces-evenementiels-uniques\/mindepartementet\/ameublement-ministere-des-mines\/","og_site_name":"Skeppsholmsgruppen","article_modified_time":"2025-11-28T15:19:00+00:00","og_image":[{"width":2048,"height":1365,"url":"https:\/\/www.skeppsholmsgruppen.se\/wp-content\/uploads\/2024\/05\/Mindepartementet-photo-by-Anna-Jarlhall_brollopsfotograf.jpg","type":"image\/jpeg"}],"twitter_card":"summary_large_image","schema":{"@context":"https:\/\/schema.org","@graph":[{"@type":"WebPage","@id":"https:\/\/www.skeppsholmsgruppen.se\/fr\/des-espaces-evenementiels-uniques\/mindepartementet\/ameublement-ministere-des-mines\/","url":"https:\/\/www.skeppsholmsgruppen.se\/fr\/des-espaces-evenementiels-uniques\/mindepartementet\/ameublement-ministere-des-mines\/","name":"Mobilier du minist\u00e8re des Mines pour les conf\u00e9rences et les f\u00eates | Skeppsholmsgruppen","isPartOf":{"@id":"https:\/\/skeppsholmsgruppen.se\/#website"},"primaryImageOfPage":{"@id":"https:\/\/www.skeppsholmsgruppen.se\/fr\/des-espaces-evenementiels-uniques\/mindepartementet\/ameublement-ministere-des-mines\/#primaryimage"},"image":{"@id":"https:\/\/www.skeppsholmsgruppen.se\/fr\/des-espaces-evenementiels-uniques\/mindepartementet\/ameublement-ministere-des-mines\/#primaryimage"},"thumbnailUrl":"https:\/\/www.skeppsholmsgruppen.se\/wp-content\/uploads\/2024\/05\/Mindepartementet-photo-by-Anna-Jarlhall_brollopsfotograf.jpg","datePublished":"2024-05-06T11:10:44+00:00","dateModified":"2025-11-28T15:19:00+00:00","description":"D\u00e9couvrez les possibilit\u00e9s d'am\u00e9nagement du Mindepartementet pour les conf\u00e9rences et les f\u00eates \u00e0 Stockholm. En savoir plus sur nos lieux de f\u00eate uniques sur Skeppsholmen.","breadcrumb":{"@id":"https:\/\/www.skeppsholmsgruppen.se\/fr\/des-espaces-evenementiels-uniques\/mindepartementet\/ameublement-ministere-des-mines\/#breadcrumb"},"inLanguage":"fr-FR","potentialAction":[{"@type":"ReadAction","target":["https:\/\/www.skeppsholmsgruppen.se\/fr\/des-espaces-evenementiels-uniques\/mindepartementet\/ameublement-ministere-des-mines\/"]}]},{"@type":"ImageObject","inLanguage":"fr-FR","@id":"https:\/\/www.skeppsholmsgruppen.se\/fr\/des-espaces-evenementiels-uniques\/mindepartementet\/ameublement-ministere-des-mines\/#primaryimage","url":"https:\/\/www.skeppsholmsgruppen.se\/wp-content\/uploads\/2024\/05\/Mindepartementet-photo-by-Anna-Jarlhall_brollopsfotograf.jpg","contentUrl":"https:\/\/www.skeppsholmsgruppen.se\/wp-content\/uploads\/2024\/05\/Mindepartementet-photo-by-Anna-Jarlhall_brollopsfotograf.jpg","width":2048,"height":1365},{"@type":"BreadcrumbList","@id":"https:\/\/www.skeppsholmsgruppen.se\/fr\/des-espaces-evenementiels-uniques\/mindepartementet\/ameublement-ministere-des-mines\/#breadcrumb","itemListElement":[{"@type":"ListItem","position":1,"name":"Hem","item":"https:\/\/www.skeppsholmsgruppen.se\/fr\/"},{"@type":"ListItem","position":2,"name":"Des espaces \u00e9v\u00e9nementiels uniques","item":"https:\/\/www.skeppsholmsgruppen.se\/fr\/des-espaces-evenementiels-uniques\/"},{"@type":"ListItem","position":3,"name":"Minist\u00e8re des mines","item":"https:\/\/www.skeppsholmsgruppen.se\/fr\/des-espaces-evenementiels-uniques\/mindepartementet\/"},{"@type":"ListItem","position":4,"name":"Ameublement Minist\u00e8re des mines"}]},{"@type":"WebSite","@id":"https:\/\/skeppsholmsgruppen.se\/#website","url":"https:\/\/skeppsholmsgruppen.se\/","name":"Skeppsholmsgruppen","description":"En historisk p\u00e4rla f\u00f6r konferens, event och fest bel\u00e4gen mitt i hj\u00e4rtat av Stockhom.","publisher":{"@id":"https:\/\/skeppsholmsgruppen.se\/#organization"},"potentialAction":[{"@type":"SearchAction","target":{"@type":"EntryPoint","urlTemplate":"https:\/\/skeppsholmsgruppen.se\/?s={search_term_string}"},"query-input":{"@type":"PropertyValueSpecification","valueRequired":true,"valueName":"search_term_string"}}],"inLanguage":"fr-FR"},{"@type":"Organization","@id":"https:\/\/skeppsholmsgruppen.se\/#organization","name":"Skeppsholmsgruppen","url":"https:\/\/skeppsholmsgruppen.se\/","logo":{"@type":"ImageObject","inLanguage":"fr-FR","@id":"https:\/\/skeppsholmsgruppen.se\/#\/schema\/logo\/image\/","url":"https:\/\/www.skeppsholmsgruppen.se\/wp-content\/uploads\/2024\/03\/SHG-icon-white-130.png","contentUrl":"https:\/\/www.skeppsholmsgruppen.se\/wp-content\/uploads\/2024\/03\/SHG-icon-white-130.png","width":130,"height":130,"caption":"Skeppsholmsgruppen"},"image":{"@id":"https:\/\/skeppsholmsgruppen.se\/#\/schema\/logo\/image\/"}}]}},"_links":{"self":[{"href":"https:\/\/www.skeppsholmsgruppen.se\/fr\/wp-json\/wp\/v2\/pages\/17924","targetHints":{"allow":["GET"]}}],"collection":[{"href":"https:\/\/www.skeppsholmsgruppen.se\/fr\/wp-json\/wp\/v2\/pages"}],"about":[{"href":"https:\/\/www.skeppsholmsgruppen.se\/fr\/wp-json\/wp\/v2\/types\/page"}],"author":[{"embeddable":true,"href":"https:\/\/www.skeppsholmsgruppen.se\/fr\/wp-json\/wp\/v2\/users\/247968712"}],"replies":[{"embeddable":true,"href":"https:\/\/www.skeppsholmsgruppen.se\/fr\/wp-json\/wp\/v2\/comments?post=17924"}],"version-history":[{"count":4,"href":"https:\/\/www.skeppsholmsgruppen.se\/fr\/wp-json\/wp\/v2\/pages\/17924\/revisions"}],"predecessor-version":[{"id":24437,"href":"https:\/\/www.skeppsholmsgruppen.se\/fr\/wp-json\/wp\/v2\/pages\/17924\/revisions\/24437"}],"up":[{"embeddable":true,"href":"https:\/\/www.skeppsholmsgruppen.se\/fr\/wp-json\/wp\/v2\/pages\/7161"}],"wp:featuredmedia":[{"embeddable":true,"href":"https:\/\/www.skeppsholmsgruppen.se\/fr\/wp-json\/wp\/v2\/media\/6627"}],"wp:attachment":[{"href":"https:\/\/www.skeppsholmsgruppen.se\/fr\/wp-json\/wp\/v2\/media?parent=17924"}],"curies":[{"name":"wp","href":"https:\/\/api.w.org\/{rel}","templated":true}]}}