{"id":7342,"date":"2024-04-02T09:50:26","date_gmt":"2024-04-02T07:50:26","guid":{"rendered":"https:\/\/www.skeppsholmsgruppen.se\/services-personnalises\/concerts\/"},"modified":"2025-04-08T09:40:53","modified_gmt":"2025-04-08T07:40:53","slug":"concerts","status":"publish","type":"page","link":"https:\/\/www.skeppsholmsgruppen.se\/fr\/services-personnalises\/concerts\/","title":{"rendered":"Concerts"},"content":{"rendered":"\t\t<div data-elementor-type=\"wp-page\" data-elementor-id=\"7342\" class=\"elementor elementor-7342 elementor-1127\" data-elementor-post-type=\"page\">\n\t\t\t\t<div class=\"elementor-element elementor-element-7be8eeff e-flex e-con-boxed e-con e-parent\" data-id=\"7be8eeff\" data-element_type=\"container\" data-e-type=\"container\" data-settings=\"{&quot;background_background&quot;:&quot;video&quot;,&quot;background_video_link&quot;:&quot;https:\\\/\\\/youtu.be\\\/VU8XGHxEP5Y&quot;,&quot;background_video_start&quot;:0,&quot;background_play_on_mobile&quot;:&quot;yes&quot;}\">\n\t\t\t\t\t<div class=\"e-con-inner\">\n\t\t<div class=\"elementor-background-video-container\">\n\t\t\t\t\t\t\t<div class=\"elementor-background-video-embed\" role=\"presentation\"><\/div>\n\t\t\t\t\t\t<\/div>\t\t<div class=\"elementor-element elementor-element-485f3c9e elementor-widget elementor-widget-heading\" data-id=\"485f3c9e\" data-element_type=\"widget\" data-e-type=\"widget\" data-widget_type=\"heading.default\">\n\t\t\t\t<div class=\"elementor-widget-container\">\n\t\t\t\t\t<h2 class=\"elementor-heading-title elementor-size-default\">Organiser un concert sur Skeppsholmen<\/h2>\t\t\t\t<\/div>\n\t\t\t\t<\/div>\n\t\t\t\t\t<\/div>\n\t\t\t\t<\/div>\n\t\t<div class=\"elementor-element elementor-element-9998675 e-flex e-con-boxed e-con e-parent\" data-id=\"9998675\" data-element_type=\"container\" data-e-type=\"container\" data-settings=\"{&quot;background_background&quot;:&quot;classic&quot;}\">\n\t\t\t\t\t<div class=\"e-con-inner\">\n\t\t<div class=\"elementor-element elementor-element-826c282 e-flex e-con-boxed e-con e-child\" data-id=\"826c282\" data-element_type=\"container\" data-e-type=\"container\">\n\t\t\t\t\t<div class=\"e-con-inner\">\n\t\t\t\t<div class=\"elementor-element elementor-element-4c7dda64 elementor-widget elementor-widget-heading\" data-id=\"4c7dda64\" data-element_type=\"widget\" data-e-type=\"widget\" data-widget_type=\"heading.default\">\n\t\t\t\t<div class=\"elementor-widget-container\">\n\t\t\t\t\t<h2 class=\"elementor-heading-title elementor-size-default\">Culture, art et musique<\/h2>\t\t\t\t<\/div>\n\t\t\t\t<\/div>\n\t\t\t\t<div class=\"elementor-element elementor-element-3e5cbb57 elementor-widget elementor-widget-heading\" data-id=\"3e5cbb57\" data-element_type=\"widget\" data-e-type=\"widget\" data-widget_type=\"heading.default\">\n\t\t\t\t<div class=\"elementor-widget-container\">\n\t\t\t\t\t<h1 class=\"elementor-heading-title elementor-size-default\">Organisation de concerts et d'\u00e9v\u00e9nements publics<\/h1>\t\t\t\t<\/div>\n\t\t\t\t<\/div>\n\t\t\t\t<div class=\"elementor-element elementor-element-902abcf elementor-widget elementor-widget-text-editor\" data-id=\"902abcf\" data-element_type=\"widget\" data-e-type=\"widget\" data-widget_type=\"text-editor.default\">\n\t\t\t\t<div class=\"elementor-widget-container\">\n\t\t\t\t\t\t\t\t\t<div>\n<div>\n<div>\n<div>\n<div>\n<div>\n<p>Eric Ericsonhallen est une salle de concert fantastique au c\u0153ur de Stockholm.<\/p>\n<\/div>\n<\/div>\n<\/div>\n<\/div>\n<\/div>\n<\/div>\n<div>\n<div>\n<div>\n<div>\n<div>\n<div>\n<div>\n<div>\n<div>\n<div>\n<div>\n<div>\n<div>\n<p>L&rsquo;acoustique moderne et modulable convient \u00e0 la plupart des genres : ch\u0153ur et orchestre, op\u00e9ra, jazz, musique pop et folk. Gr\u00e2ce \u00e0 notre lustre acoustique et aux rideaux absorbants r\u00e9glables autour des murs, la r\u00e9verb\u00e9ration peut \u00eatre r\u00e9gl\u00e9e entre 2,5 et 5 secondes. Avec un public, la r\u00e9verb\u00e9ration est encore plus r\u00e9duite.  <\/p>\n<\/div>\n<\/div>\n<\/div>\n<\/div>\n<\/div>\n<\/div>\n<\/div>\n<\/div>\n<\/div>\n<\/div>\n<\/div>\n<\/div>\n<\/div>\n\t\t\t\t\t\t\t\t<\/div>\n\t\t\t\t<\/div>\n\t\t\t\t<div class=\"elementor-element elementor-element-29ddb84c elementor-align-center elementor-invisible elementor-widget elementor-widget-button\" data-id=\"29ddb84c\" data-element_type=\"widget\" data-e-type=\"widget\" data-settings=\"{&quot;_animation&quot;:&quot;fadeIn&quot;,&quot;_animation_delay&quot;:400}\" data-widget_type=\"button.default\">\n\t\t\t\t<div class=\"elementor-widget-container\">\n\t\t\t\t\t\t\t\t\t<div class=\"elementor-button-wrapper\">\n\t\t\t\t\t<a class=\"elementor-button elementor-button-link elementor-size-sm\" href=\"https:\/\/www.skeppsholmsgruppen.se\/fr\/reservez-un-evenement-public\/\">\n\t\t\t\t\t\t<span class=\"elementor-button-content-wrapper\">\n\t\t\t\t\t\t\t\t\t<span class=\"elementor-button-text\">R\u00e9servez un \u00e9v\u00e9nement public<\/span>\n\t\t\t\t\t<\/span>\n\t\t\t\t\t<\/a>\n\t\t\t\t<\/div>\n\t\t\t\t\t\t\t\t<\/div>\n\t\t\t\t<\/div>\n\t\t\t\t<div class=\"elementor-element elementor-element-6420aa19 elementor-widget elementor-widget-text-editor\" data-id=\"6420aa19\" data-element_type=\"widget\" data-e-type=\"widget\" data-widget_type=\"text-editor.default\">\n\t\t\t\t<div class=\"elementor-widget-container\">\n\t\t\t\t\t\t\t\t\t<div>\n<div>\n<div>\n<div>\n<div>\n<div> <\/div>\n<\/div>\n<\/div>\n<\/div>\n<\/div>\n<\/div>\n<div>\n<div>\n<div>\n<div>\n<div>\n<div>\n<div>\n<div>\n<div>\n<div>\n<div>\n<div>\n<div>\n<p>La capacit\u00e9 de la salle est de 550 personnes et nous avons des places assises pour 420 personnes.<\/p>\n<p>Il y a une loge pour environ 40 personnes, sinon nous nous r\u00e9f\u00e9rons aux deux tribunes lat\u00e9rales.<\/p>\n<p>La salle Eric Ericson est \u00e9quip\u00e9e d&rsquo;un piano \u00e0 queue Steinway D de grande qualit\u00e9.<\/p>\n<p class=\"p1\">Nous avons r\u00e9serv\u00e9 le <b>dimanche<\/b>, le <b>lundi<\/b> et le <b>mardi<\/b> pour des r\u00e9servations culturelles d&rsquo;une demi-journ\u00e9e ou d&rsquo;une journ\u00e9e.<\/p>\n<p class=\"p1\">Les <b>r\u00e9servations culturelles du mercredi, du jeudi, du vendredi et du samedi<\/b> ne sont lou\u00e9es que pour <b>des journ\u00e9es enti\u00e8res<\/b>.<\/p>\n<p>La salle dispose d&rsquo;un nombre limit\u00e9 de microphones de qualit\u00e9 pour la parole, le chant et les instruments. Consultez les <a href=\"https:\/\/ericericsonhallen.se\/boka\/konsert\/#1498076016432-fb3d83ea-41c1\" target=\"_blank\" rel=\"noopener\">sp\u00e9cifications techniques et de plus amples informations<\/a> sur l&rsquo;organisation de concerts dans la salle Eric Ericson. <\/p>\n<p>Si vous souhaitez un lieu plus petit, nous avons \u00e9galement des options pour cela &#8211; contactez-nous et nous vous aiderons.<\/p>\n<\/div>\n<\/div>\n<\/div>\n<\/div>\n<\/div>\n<\/div>\n<\/div>\n<\/div>\n<\/div>\n<\/div>\n<\/div>\n<\/div>\n<\/div>\n\t\t\t\t\t\t\t\t<\/div>\n\t\t\t\t<\/div>\n\t\t\t\t<div class=\"elementor-element elementor-element-8959258 elementor-align-center elementor-invisible elementor-widget elementor-widget-button\" data-id=\"8959258\" data-element_type=\"widget\" data-e-type=\"widget\" data-settings=\"{&quot;_animation&quot;:&quot;fadeIn&quot;,&quot;_animation_delay&quot;:400}\" data-widget_type=\"button.default\">\n\t\t\t\t<div class=\"elementor-widget-container\">\n\t\t\t\t\t\t\t\t\t<div class=\"elementor-button-wrapper\">\n\t\t\t\t\t<a class=\"elementor-button elementor-button-link elementor-size-sm\" href=\"https:\/\/www.skeppsholmsgruppen.se\/fr\/pour-les-organisateurs\/\">\n\t\t\t\t\t\t<span class=\"elementor-button-content-wrapper\">\n\t\t\t\t\t\t\t\t\t<span class=\"elementor-button-text\">Page pour les organisateurs<\/span>\n\t\t\t\t\t<\/span>\n\t\t\t\t\t<\/a>\n\t\t\t\t<\/div>\n\t\t\t\t\t\t\t\t<\/div>\n\t\t\t\t<\/div>\n\t\t\t\t\t<\/div>\n\t\t\t\t<\/div>\n\t\t\t\t\t<\/div>\n\t\t\t\t<\/div>\n\t\t<div class=\"elementor-element elementor-element-39560f76 e-flex e-con-boxed e-con e-parent\" data-id=\"39560f76\" data-element_type=\"container\" data-e-type=\"container\" data-settings=\"{&quot;background_background&quot;:&quot;classic&quot;}\">\n\t\t\t\t\t<div class=\"e-con-inner\">\n\t\t\t\t<div class=\"elementor-element elementor-element-2021c699 elementor-widget__width-inherit elementor-widget elementor-widget-heading\" data-id=\"2021c699\" data-element_type=\"widget\" data-e-type=\"widget\" data-widget_type=\"heading.default\">\n\t\t\t\t<div class=\"elementor-widget-container\">\n\t\t\t\t\t<h2 class=\"elementor-heading-title elementor-size-default\">Des lieux adapt\u00e9s aux concerts  <\/h2>\t\t\t\t<\/div>\n\t\t\t\t<\/div>\n\t\t\t\t<div class=\"elementor-element elementor-element-67f5d736 elementor-widget__width-inherit elementor-widget elementor-widget-heading\" data-id=\"67f5d736\" data-element_type=\"widget\" data-e-type=\"widget\" data-widget_type=\"heading.default\">\n\t\t\t\t<div class=\"elementor-widget-container\">\n\t\t\t\t\t<h5 class=\"elementor-heading-title elementor-size-default\">Contactez-nous d\u00e8s aujourd'hui pour obtenir des informations d\u00e9taill\u00e9es.<\/h5>\t\t\t\t<\/div>\n\t\t\t\t<\/div>\n\t\t\t\t<div class=\"elementor-element elementor-element-4a580167 elementor-cta--skin-cover elementor-cta--valign-top elementor-widget__width-initial elementor-widget elementor-widget-call-to-action\" data-id=\"4a580167\" data-element_type=\"widget\" data-e-type=\"widget\" data-widget_type=\"call-to-action.default\">\n\t\t\t\t<div class=\"elementor-widget-container\">\n\t\t\t\t\t\t\t<div class=\"elementor-cta\">\n\t\t\t\t\t<div class=\"elementor-cta__bg-wrapper\">\n\t\t\t\t<div class=\"elementor-cta__bg elementor-bg lazyload\" style=\"background-image:inherit;\" role=\"img\" aria-label=\"idealisk lokal f\u00f6r k\u00f6r, orkester, opera, jazz, pop och folkmusik\" data-bg-image=\"url(https:\/\/www.skeppsholmsgruppen.se\/wp-content\/uploads\/2024\/04\/Kor-i-Eric-Ericsonhallen.jpg)\"><\/div>\n\t\t\t\t<div class=\"elementor-cta__bg-overlay\"><\/div>\n\t\t\t<\/div>\n\t\t\t\t\t\t\t<div class=\"elementor-cta__content\">\n\t\t\t\t\n\t\t\t\t\t\t\t\t\t<span class=\"elementor-cta__title elementor-cta__content-item elementor-content-item\">\n\t\t\t\t\t\t<br>Eric<span style=\"font-weight: normal\">Ericsonhallen<\/span>\t\t\t\t\t<\/span>\n\t\t\t\t\n\t\t\t\t\t\t\t\t\t<div class=\"elementor-cta__description elementor-cta__content-item elementor-content-item\">\n\t\t\t\t\t\t<p>L'espace \u00e9v\u00e9nementiel le plus spectaculaire de Stockholm, situ\u00e9 au c\u0153ur de la ville, \u00e0 seulement 200 m\u00e8tres du Grand Hotel. Le majestueux b\u00e2timent de 1833 est situ\u00e9 sur une colline avec le palais royal et la vieille ville en toile de fond. L'espace dispose d'une surface ouverte de 600 m\u00b2 et d'un immense d\u00f4me, avec une hauteur de plafond \u00e9poustouflante de plus de 30 m\u00e8tres.  <\/p>\n\t\t\t\t\t<\/div>\n\t\t\t\t\n\t\t\t\t\t\t\t\t\t<div class=\"elementor-cta__button-wrapper elementor-cta__content-item elementor-content-item \">\n\t\t\t\t\t<a class=\"elementor-cta__button elementor-button elementor-size-\" href=\"https:\/\/www.skeppsholmsgruppen.se\/fr\/des-espaces-evenementiels-uniques\/eric-ericsonhallen\/\">\n\t\t\t\t\t\tEn savoir plus\t\t\t\t\t<\/a>\n\t\t\t\t\t<\/div>\n\t\t\t\t\t\t\t<\/div>\n\t\t\t\t\t\t<\/div>\n\t\t\t\t\t\t<\/div>\n\t\t\t\t<\/div>\n\t\t\t\t<div class=\"elementor-element elementor-element-2ccc9b89 elementor-cta--skin-cover elementor-cta--valign-top elementor-widget__width-initial elementor-widget elementor-widget-call-to-action\" data-id=\"2ccc9b89\" data-element_type=\"widget\" data-e-type=\"widget\" data-widget_type=\"call-to-action.default\">\n\t\t\t\t<div class=\"elementor-widget-container\">\n\t\t\t\t\t\t\t<div class=\"elementor-cta\">\n\t\t\t\t\t<div class=\"elementor-cta__bg-wrapper\">\n\t\t\t\t<div class=\"elementor-cta__bg elementor-bg lazyload\" style=\"background-image:inherit;\" role=\"img\" aria-label=\"Glasverandan - l\u00e4ktare\" data-bg-image=\"url(https:\/\/www.skeppsholmsgruppen.se\/wp-content\/uploads\/2024\/04\/Glasverandan-laktare.jpg)\"><\/div>\n\t\t\t\t<div class=\"elementor-cta__bg-overlay\"><\/div>\n\t\t\t<\/div>\n\t\t\t\t\t\t\t<div class=\"elementor-cta__content\">\n\t\t\t\t\n\t\t\t\t\t\t\t\t\t<span class=\"elementor-cta__title elementor-cta__content-item elementor-content-item\">\n\t\t\t\t\t\tV\u00e9randa en verre<br><br>\t\t\t\t\t<\/span>\n\t\t\t\t\n\t\t\t\t\t\t\t\t\t<div class=\"elementor-cta__description elementor-cta__content-item elementor-content-item\">\n\t\t\t\t\t\t<p>L'une des plus belles salles de banquet de Stockholm ! L'\u00e9tablissement est situ\u00e9 dans l'ancien minist\u00e8re des Mines, \u00e0 5 minutes de marche du Grand H\u00f4tel. La vue sur l'eau et Strandv\u00e4gen est magnifique et les grandes fen\u00eatres laissent entrer la lumi\u00e8re pendant la journ\u00e9e et le soir, vous pouvez admirer Strandv\u00e4gen de nuit.  <\/p>\n\t\t\t\t\t<\/div>\n\t\t\t\t\n\t\t\t\t\t\t\t\t\t<div class=\"elementor-cta__button-wrapper elementor-cta__content-item elementor-content-item \">\n\t\t\t\t\t<a class=\"elementor-cta__button elementor-button elementor-size-\" href=\"https:\/\/www.skeppsholmsgruppen.se\/fr\/des-espaces-evenementiels-uniques\/glasverandan\/\">\n\t\t\t\t\t\tEn savoir plus\t\t\t\t\t<\/a>\n\t\t\t\t\t<\/div>\n\t\t\t\t\t\t\t<\/div>\n\t\t\t\t\t\t<\/div>\n\t\t\t\t\t\t<\/div>\n\t\t\t\t<\/div>\n\t\t\t\t\t<\/div>\n\t\t\t\t<\/div>\n\t\t<div class=\"elementor-element elementor-element-3ea1c08 e-flex e-con-boxed e-con e-parent\" data-id=\"3ea1c08\" data-element_type=\"container\" data-e-type=\"container\">\n\t\t\t\t\t<div class=\"e-con-inner\">\n\t\t\t\t<div class=\"elementor-element elementor-element-b6bab75 elementor-widget elementor-widget-spacer\" data-id=\"b6bab75\" data-element_type=\"widget\" data-e-type=\"widget\" data-widget_type=\"spacer.default\">\n\t\t\t\t<div class=\"elementor-widget-container\">\n\t\t\t\t\t\t\t<div class=\"elementor-spacer\">\n\t\t\t<div class=\"elementor-spacer-inner\"><\/div>\n\t\t<\/div>\n\t\t\t\t\t\t<\/div>\n\t\t\t\t<\/div>\n\t\t\t\t\t<\/div>\n\t\t\t\t<\/div>\n\t\t<div class=\"elementor-element elementor-element-12e7a2ed e-flex e-con-boxed e-con e-parent\" data-id=\"12e7a2ed\" data-element_type=\"container\" data-e-type=\"container\">\n\t\t\t\t\t<div class=\"e-con-inner\">\n\t\t\t\t<div class=\"elementor-element elementor-element-1b41f9cf elementor-widget elementor-widget-html\" data-id=\"1b41f9cf\" data-element_type=\"widget\" data-e-type=\"widget\" data-widget_type=\"html.default\">\n\t\t\t\t<div class=\"elementor-widget-container\">\n\t\t\t\t\t<script src=\"https:\/\/img.upsales.com\/CWw2RUS+6eV2rOMWqHH4bQ==\/visit\/v.js\"><\/script>\t\t\t\t<\/div>\n\t\t\t\t<\/div>\n\t\t\t\t\t<\/div>\n\t\t\t\t<\/div>\n\t\t\t\t<\/div>\n\t\t","protected":false},"excerpt":{"rendered":"<p>Organiser un concert sur Skeppsholmen Culture, art et musique Organisation de concerts et d&rsquo;\u00e9v\u00e9nements publics Eric Ericsonhallen est une salle de concert fantastique au c\u0153ur de Stockholm. L&rsquo;acoustique moderne et modulable convient \u00e0 la plupart des genres : ch\u0153ur et orchestre, op\u00e9ra, jazz, musique pop et folk. Gr\u00e2ce \u00e0 notre lustre acoustique et aux rideaux [&hellip;]<\/p>\n","protected":false},"author":247968712,"featured_media":6207,"parent":7044,"menu_order":0,"comment_status":"closed","ping_status":"closed","template":"","meta":{"_acf_changed":false,"footnotes":""},"class_list":["post-7342","page","type-page","status-publish","has-post-thumbnail","hentry"],"acf":[],"yoast_head":"<!-- This site is optimized with the Yoast SEO plugin v27.5 - https:\/\/yoast.com\/product\/yoast-seo-wordpress\/ -->\n<title>Eric Ericsonhallen : une salle de concert polyvalente au c\u0153ur de Stockholm<\/title>\n<meta name=\"description\" content=\"Organisez des concerts dans la salle Eric Ericsonhallen, au c\u0153ur de Stockholm. Avec une acoustique moderne et modulable adapt\u00e9e \u00e0 tous les genres de musique, c&#039;est un lieu id\u00e9al pour les chorales, les orchestres, l&#039;op\u00e9ra, le jazz, la pop et la musique folklorique. Contactez-nous pour plus d&#039;informations.\" \/>\n<meta name=\"robots\" content=\"index, follow, max-snippet:-1, max-image-preview:large, max-video-preview:-1\" \/>\n<link rel=\"canonical\" href=\"https:\/\/www.skeppsholmsgruppen.se\/fr\/services-personnalises\/concerts\/\" \/>\n<meta property=\"og:locale\" content=\"fr_FR\" \/>\n<meta property=\"og:type\" content=\"article\" \/>\n<meta property=\"og:title\" content=\"Eric Ericsonhallen : une salle de concert polyvalente au c\u0153ur de Stockholm\" \/>\n<meta property=\"og:description\" content=\"Organisez des concerts dans la salle Eric Ericsonhallen, au c\u0153ur de Stockholm. Avec une acoustique moderne et modulable adapt\u00e9e \u00e0 tous les genres de musique, c&#039;est un lieu id\u00e9al pour les chorales, les orchestres, l&#039;op\u00e9ra, le jazz, la pop et la musique folklorique. Contactez-nous pour plus d&#039;informations.\" \/>\n<meta property=\"og:url\" content=\"https:\/\/www.skeppsholmsgruppen.se\/fr\/services-personnalises\/concerts\/\" \/>\n<meta property=\"og:site_name\" content=\"Skeppsholmsgruppen\" \/>\n<meta property=\"article:modified_time\" content=\"2025-04-08T07:40:53+00:00\" \/>\n<meta property=\"og:image\" content=\"https:\/\/www.skeppsholmsgruppen.se\/wp-content\/uploads\/2024\/04\/Kor-i-Eric-Ericsonhallen.jpg\" \/>\n\t<meta property=\"og:image:width\" content=\"1620\" \/>\n\t<meta property=\"og:image:height\" content=\"1080\" \/>\n\t<meta property=\"og:image:type\" content=\"image\/jpeg\" \/>\n<meta name=\"twitter:card\" content=\"summary_large_image\" \/>\n<meta name=\"twitter:label1\" content=\"Dur\u00e9e de lecture estim\u00e9e\" \/>\n\t<meta name=\"twitter:data1\" content=\"2 minutes\" \/>\n<script type=\"application\/ld+json\" class=\"yoast-schema-graph\">{\"@context\":\"https:\\\/\\\/schema.org\",\"@graph\":[{\"@type\":\"WebPage\",\"@id\":\"https:\\\/\\\/www.skeppsholmsgruppen.se\\\/fr\\\/services-personnalises\\\/concerts\\\/\",\"url\":\"https:\\\/\\\/www.skeppsholmsgruppen.se\\\/fr\\\/services-personnalises\\\/concerts\\\/\",\"name\":\"Eric Ericsonhallen : une salle de concert polyvalente au c\u0153ur de Stockholm\",\"isPartOf\":{\"@id\":\"https:\\\/\\\/skeppsholmsgruppen.se\\\/#website\"},\"primaryImageOfPage\":{\"@id\":\"https:\\\/\\\/www.skeppsholmsgruppen.se\\\/fr\\\/services-personnalises\\\/concerts\\\/#primaryimage\"},\"image\":{\"@id\":\"https:\\\/\\\/www.skeppsholmsgruppen.se\\\/fr\\\/services-personnalises\\\/concerts\\\/#primaryimage\"},\"thumbnailUrl\":\"https:\\\/\\\/www.skeppsholmsgruppen.se\\\/wp-content\\\/uploads\\\/2024\\\/04\\\/Kor-i-Eric-Ericsonhallen.jpg\",\"datePublished\":\"2024-04-02T07:50:26+00:00\",\"dateModified\":\"2025-04-08T07:40:53+00:00\",\"description\":\"Organisez des concerts dans la salle Eric Ericsonhallen, au c\u0153ur de Stockholm. Avec une acoustique moderne et modulable adapt\u00e9e \u00e0 tous les genres de musique, c'est un lieu id\u00e9al pour les chorales, les orchestres, l'op\u00e9ra, le jazz, la pop et la musique folklorique. Contactez-nous pour plus d'informations.\",\"breadcrumb\":{\"@id\":\"https:\\\/\\\/www.skeppsholmsgruppen.se\\\/fr\\\/services-personnalises\\\/concerts\\\/#breadcrumb\"},\"inLanguage\":\"fr-FR\",\"potentialAction\":[{\"@type\":\"ReadAction\",\"target\":[\"https:\\\/\\\/www.skeppsholmsgruppen.se\\\/fr\\\/services-personnalises\\\/concerts\\\/\"]}]},{\"@type\":\"ImageObject\",\"inLanguage\":\"fr-FR\",\"@id\":\"https:\\\/\\\/www.skeppsholmsgruppen.se\\\/fr\\\/services-personnalises\\\/concerts\\\/#primaryimage\",\"url\":\"https:\\\/\\\/www.skeppsholmsgruppen.se\\\/wp-content\\\/uploads\\\/2024\\\/04\\\/Kor-i-Eric-Ericsonhallen.jpg\",\"contentUrl\":\"https:\\\/\\\/www.skeppsholmsgruppen.se\\\/wp-content\\\/uploads\\\/2024\\\/04\\\/Kor-i-Eric-Ericsonhallen.jpg\",\"width\":1620,\"height\":1080,\"caption\":\"idealisk lokal f\u00f6r k\u00f6r, orkester, opera, jazz, pop och folkmusik\"},{\"@type\":\"BreadcrumbList\",\"@id\":\"https:\\\/\\\/www.skeppsholmsgruppen.se\\\/fr\\\/services-personnalises\\\/concerts\\\/#breadcrumb\",\"itemListElement\":[{\"@type\":\"ListItem\",\"position\":1,\"name\":\"Hem\",\"item\":\"https:\\\/\\\/www.skeppsholmsgruppen.se\\\/fr\\\/\"},{\"@type\":\"ListItem\",\"position\":2,\"name\":\"Services fournis\",\"item\":\"https:\\\/\\\/www.skeppsholmsgruppen.se\\\/fr\\\/services-personnalises\\\/\"},{\"@type\":\"ListItem\",\"position\":3,\"name\":\"Concerts\"}]},{\"@type\":\"WebSite\",\"@id\":\"https:\\\/\\\/skeppsholmsgruppen.se\\\/#website\",\"url\":\"https:\\\/\\\/skeppsholmsgruppen.se\\\/\",\"name\":\"Skeppsholmsgruppen\",\"description\":\"En historisk p\u00e4rla f\u00f6r konferens, event och fest bel\u00e4gen mitt i hj\u00e4rtat av Stockhom.\",\"publisher\":{\"@id\":\"https:\\\/\\\/skeppsholmsgruppen.se\\\/#organization\"},\"potentialAction\":[{\"@type\":\"SearchAction\",\"target\":{\"@type\":\"EntryPoint\",\"urlTemplate\":\"https:\\\/\\\/skeppsholmsgruppen.se\\\/?s={search_term_string}\"},\"query-input\":{\"@type\":\"PropertyValueSpecification\",\"valueRequired\":true,\"valueName\":\"search_term_string\"}}],\"inLanguage\":\"fr-FR\"},{\"@type\":\"Organization\",\"@id\":\"https:\\\/\\\/skeppsholmsgruppen.se\\\/#organization\",\"name\":\"Skeppsholmsgruppen\",\"url\":\"https:\\\/\\\/skeppsholmsgruppen.se\\\/\",\"logo\":{\"@type\":\"ImageObject\",\"inLanguage\":\"fr-FR\",\"@id\":\"https:\\\/\\\/skeppsholmsgruppen.se\\\/#\\\/schema\\\/logo\\\/image\\\/\",\"url\":\"https:\\\/\\\/www.skeppsholmsgruppen.se\\\/wp-content\\\/uploads\\\/2024\\\/03\\\/SHG-icon-white-130.png\",\"contentUrl\":\"https:\\\/\\\/www.skeppsholmsgruppen.se\\\/wp-content\\\/uploads\\\/2024\\\/03\\\/SHG-icon-white-130.png\",\"width\":130,\"height\":130,\"caption\":\"Skeppsholmsgruppen\"},\"image\":{\"@id\":\"https:\\\/\\\/skeppsholmsgruppen.se\\\/#\\\/schema\\\/logo\\\/image\\\/\"}}]}<\/script>\n<!-- \/ Yoast SEO plugin. -->","yoast_head_json":{"title":"Eric Ericsonhallen : une salle de concert polyvalente au c\u0153ur de Stockholm","description":"Organisez des concerts dans la salle Eric Ericsonhallen, au c\u0153ur de Stockholm. Avec une acoustique moderne et modulable adapt\u00e9e \u00e0 tous les genres de musique, c'est un lieu id\u00e9al pour les chorales, les orchestres, l'op\u00e9ra, le jazz, la pop et la musique folklorique. Contactez-nous pour plus d'informations.","robots":{"index":"index","follow":"follow","max-snippet":"max-snippet:-1","max-image-preview":"max-image-preview:large","max-video-preview":"max-video-preview:-1"},"canonical":"https:\/\/www.skeppsholmsgruppen.se\/fr\/services-personnalises\/concerts\/","og_locale":"fr_FR","og_type":"article","og_title":"Eric Ericsonhallen : une salle de concert polyvalente au c\u0153ur de Stockholm","og_description":"Organisez des concerts dans la salle Eric Ericsonhallen, au c\u0153ur de Stockholm. Avec une acoustique moderne et modulable adapt\u00e9e \u00e0 tous les genres de musique, c'est un lieu id\u00e9al pour les chorales, les orchestres, l'op\u00e9ra, le jazz, la pop et la musique folklorique. Contactez-nous pour plus d'informations.","og_url":"https:\/\/www.skeppsholmsgruppen.se\/fr\/services-personnalises\/concerts\/","og_site_name":"Skeppsholmsgruppen","article_modified_time":"2025-04-08T07:40:53+00:00","og_image":[{"width":1620,"height":1080,"url":"https:\/\/www.skeppsholmsgruppen.se\/wp-content\/uploads\/2024\/04\/Kor-i-Eric-Ericsonhallen.jpg","type":"image\/jpeg"}],"twitter_card":"summary_large_image","twitter_misc":{"Dur\u00e9e de lecture estim\u00e9e":"2 minutes"},"schema":{"@context":"https:\/\/schema.org","@graph":[{"@type":"WebPage","@id":"https:\/\/www.skeppsholmsgruppen.se\/fr\/services-personnalises\/concerts\/","url":"https:\/\/www.skeppsholmsgruppen.se\/fr\/services-personnalises\/concerts\/","name":"Eric Ericsonhallen : une salle de concert polyvalente au c\u0153ur de Stockholm","isPartOf":{"@id":"https:\/\/skeppsholmsgruppen.se\/#website"},"primaryImageOfPage":{"@id":"https:\/\/www.skeppsholmsgruppen.se\/fr\/services-personnalises\/concerts\/#primaryimage"},"image":{"@id":"https:\/\/www.skeppsholmsgruppen.se\/fr\/services-personnalises\/concerts\/#primaryimage"},"thumbnailUrl":"https:\/\/www.skeppsholmsgruppen.se\/wp-content\/uploads\/2024\/04\/Kor-i-Eric-Ericsonhallen.jpg","datePublished":"2024-04-02T07:50:26+00:00","dateModified":"2025-04-08T07:40:53+00:00","description":"Organisez des concerts dans la salle Eric Ericsonhallen, au c\u0153ur de Stockholm. Avec une acoustique moderne et modulable adapt\u00e9e \u00e0 tous les genres de musique, c'est un lieu id\u00e9al pour les chorales, les orchestres, l'op\u00e9ra, le jazz, la pop et la musique folklorique. Contactez-nous pour plus d'informations.","breadcrumb":{"@id":"https:\/\/www.skeppsholmsgruppen.se\/fr\/services-personnalises\/concerts\/#breadcrumb"},"inLanguage":"fr-FR","potentialAction":[{"@type":"ReadAction","target":["https:\/\/www.skeppsholmsgruppen.se\/fr\/services-personnalises\/concerts\/"]}]},{"@type":"ImageObject","inLanguage":"fr-FR","@id":"https:\/\/www.skeppsholmsgruppen.se\/fr\/services-personnalises\/concerts\/#primaryimage","url":"https:\/\/www.skeppsholmsgruppen.se\/wp-content\/uploads\/2024\/04\/Kor-i-Eric-Ericsonhallen.jpg","contentUrl":"https:\/\/www.skeppsholmsgruppen.se\/wp-content\/uploads\/2024\/04\/Kor-i-Eric-Ericsonhallen.jpg","width":1620,"height":1080,"caption":"idealisk lokal f\u00f6r k\u00f6r, orkester, opera, jazz, pop och folkmusik"},{"@type":"BreadcrumbList","@id":"https:\/\/www.skeppsholmsgruppen.se\/fr\/services-personnalises\/concerts\/#breadcrumb","itemListElement":[{"@type":"ListItem","position":1,"name":"Hem","item":"https:\/\/www.skeppsholmsgruppen.se\/fr\/"},{"@type":"ListItem","position":2,"name":"Services fournis","item":"https:\/\/www.skeppsholmsgruppen.se\/fr\/services-personnalises\/"},{"@type":"ListItem","position":3,"name":"Concerts"}]},{"@type":"WebSite","@id":"https:\/\/skeppsholmsgruppen.se\/#website","url":"https:\/\/skeppsholmsgruppen.se\/","name":"Skeppsholmsgruppen","description":"En historisk p\u00e4rla f\u00f6r konferens, event och fest bel\u00e4gen mitt i hj\u00e4rtat av Stockhom.","publisher":{"@id":"https:\/\/skeppsholmsgruppen.se\/#organization"},"potentialAction":[{"@type":"SearchAction","target":{"@type":"EntryPoint","urlTemplate":"https:\/\/skeppsholmsgruppen.se\/?s={search_term_string}"},"query-input":{"@type":"PropertyValueSpecification","valueRequired":true,"valueName":"search_term_string"}}],"inLanguage":"fr-FR"},{"@type":"Organization","@id":"https:\/\/skeppsholmsgruppen.se\/#organization","name":"Skeppsholmsgruppen","url":"https:\/\/skeppsholmsgruppen.se\/","logo":{"@type":"ImageObject","inLanguage":"fr-FR","@id":"https:\/\/skeppsholmsgruppen.se\/#\/schema\/logo\/image\/","url":"https:\/\/www.skeppsholmsgruppen.se\/wp-content\/uploads\/2024\/03\/SHG-icon-white-130.png","contentUrl":"https:\/\/www.skeppsholmsgruppen.se\/wp-content\/uploads\/2024\/03\/SHG-icon-white-130.png","width":130,"height":130,"caption":"Skeppsholmsgruppen"},"image":{"@id":"https:\/\/skeppsholmsgruppen.se\/#\/schema\/logo\/image\/"}}]}},"_links":{"self":[{"href":"https:\/\/www.skeppsholmsgruppen.se\/fr\/wp-json\/wp\/v2\/pages\/7342","targetHints":{"allow":["GET"]}}],"collection":[{"href":"https:\/\/www.skeppsholmsgruppen.se\/fr\/wp-json\/wp\/v2\/pages"}],"about":[{"href":"https:\/\/www.skeppsholmsgruppen.se\/fr\/wp-json\/wp\/v2\/types\/page"}],"author":[{"embeddable":true,"href":"https:\/\/www.skeppsholmsgruppen.se\/fr\/wp-json\/wp\/v2\/users\/247968712"}],"replies":[{"embeddable":true,"href":"https:\/\/www.skeppsholmsgruppen.se\/fr\/wp-json\/wp\/v2\/comments?post=7342"}],"version-history":[{"count":9,"href":"https:\/\/www.skeppsholmsgruppen.se\/fr\/wp-json\/wp\/v2\/pages\/7342\/revisions"}],"predecessor-version":[{"id":19501,"href":"https:\/\/www.skeppsholmsgruppen.se\/fr\/wp-json\/wp\/v2\/pages\/7342\/revisions\/19501"}],"up":[{"embeddable":true,"href":"https:\/\/www.skeppsholmsgruppen.se\/fr\/wp-json\/wp\/v2\/pages\/7044"}],"wp:featuredmedia":[{"embeddable":true,"href":"https:\/\/www.skeppsholmsgruppen.se\/fr\/wp-json\/wp\/v2\/media\/6207"}],"wp:attachment":[{"href":"https:\/\/www.skeppsholmsgruppen.se\/fr\/wp-json\/wp\/v2\/media?parent=7342"}],"curies":[{"name":"wp","href":"https:\/\/api.w.org\/{rel}","templated":true}]}}